{"id":6254,"date":"2025-01-07T14:54:24","date_gmt":"2025-01-07T13:54:24","guid":{"rendered":"https:\/\/lesnocesdeflorent.fr\/photo\/"},"modified":"2025-02-05T22:13:49","modified_gmt":"2025-02-05T21:13:49","slug":"photo","status":"publish","type":"page","link":"https:\/\/lesnocesdeflorent.fr\/en\/photo\/","title":{"rendered":"Photo"},"content":{"rendered":"\t\t<div data-elementor-type=\"wp-page\" data-elementor-id=\"6254\" class=\"elementor elementor-6254 elementor-454\" data-elementor-post-type=\"page\">\n\t\t\t\t<div class=\"elementor-element elementor-element-36b4aa6 e-con-full e-flex e-con e-parent\" data-id=\"36b4aa6\" data-element_type=\"container\" data-settings=\"{&quot;background_background&quot;:&quot;classic&quot;}\">\n\t\t<div class=\"elementor-element elementor-element-a42015a e-con-full e-flex e-con e-child\" data-id=\"a42015a\" data-element_type=\"container\">\n\t\t\t\t<div class=\"elementor-element elementor-element-b77dfc7 elementor-widget elementor-widget-text-editor\" data-id=\"b77dfc7\" data-element_type=\"widget\" data-widget_type=\"text-editor.default\">\n\t\t\t\t<div class=\"elementor-widget-container\">\n\t\t\t\t\t\t\t\t\t<p>photo gallery: capture your fondest memories<\/p>\n\t\t\t\t\t\t\t\t<\/div>\n\t\t\t\t<\/div>\n\t\t<div class=\"elementor-element elementor-element-3f8ab75 e-con-full e-flex e-con e-child\" data-id=\"3f8ab75\" data-element_type=\"container\" data-settings=\"{&quot;background_background&quot;:&quot;classic&quot;}\">\n\t\t\t\t<\/div>\n\t\t\t\t<\/div>\n\t\t\t\t<\/div>\n\t\t<div class=\"elementor-element elementor-element-7de9d7db e-con-full e-flex e-con e-parent\" data-id=\"7de9d7db\" data-element_type=\"container\">\n\t\t\t\t<div class=\"elementor-element elementor-element-58144170 elementor-widget elementor-widget-text-editor\" data-id=\"58144170\" data-element_type=\"widget\" data-widget_type=\"text-editor.default\">\n\t\t\t\t<div class=\"elementor-widget-container\">\n\t\t\t\t\t\t\t\t\t<p><a href=\"https:\/\/www.mariages.net\/photo-mariage\/les-noces-de-florent--e267803\"> As a wedding photographer working between Poitiers and La Rochelle,<\/a> I make a point of meeting future brides and grooms, either face-to-face or by video, to get a clear idea of their expectations and make sure the feeling is right on both sides, before committing to a shoot. Indeed, I believe that a wedding is above all a <a href=\"https:\/\/lesnocesdeflorent.fr\/en\/about-us\/\">human adventure between the photographer <\/a>and the bride and groom, a story of men and women who recognize each other through mutual affinity, benevolence and trust. <\/p><\/p>\n\t\t\t\t\t\t\t\t<\/div>\n\t\t\t\t<\/div>\n\t\t\t\t<\/div>\n\t\t<div class=\"elementor-element elementor-element-9936137 e-con-full e-flex e-con e-parent\" data-id=\"9936137\" data-element_type=\"container\">\n\t\t\t\t<div class=\"elementor-element elementor-element-e4ffee5 elementor-widget elementor-widget-text-editor\" data-id=\"e4ffee5\" data-element_type=\"widget\" data-widget_type=\"text-editor.default\">\n\t\t\t\t<div class=\"elementor-widget-container\">\n\t\t\t\t\t\t\t\t\t<p>Wedding photo gallery<\/p>\n\t\t\t\t\t\t\t\t<\/div>\n\t\t\t\t<\/div>\n\t\t\t\t<\/div>\n\t\t<div class=\"elementor-element elementor-element-68e4d38 e-con-full e-flex e-con e-parent\" data-id=\"68e4d38\" data-element_type=\"container\">\n\t\t\t\t<div class=\"elementor-element elementor-element-d765851 elementor-widget elementor-widget-image\" data-id=\"d765851\" data-element_type=\"widget\" data-widget_type=\"image.default\">\n\t\t\t\t<div class=\"elementor-widget-container\">\n\t\t\t\t\t\t\t\t\t\t\t\t\t\t\t<img fetchpriority=\"high\" decoding=\"async\" width=\"1100\" height=\"734\" src=\"https:\/\/lesnocesdeflorent.fr\/wp-content\/uploads\/2024\/08\/Karen-Maurits-wedding-520.jpg\" class=\"attachment-full size-full wp-image-3524\" alt=\"\" srcset=\"https:\/\/lesnocesdeflorent.fr\/wp-content\/uploads\/2024\/08\/Karen-Maurits-wedding-520.jpg 1100w, https:\/\/lesnocesdeflorent.fr\/wp-content\/uploads\/2024\/08\/Karen-Maurits-wedding-520-300x200.jpg 300w, https:\/\/lesnocesdeflorent.fr\/wp-content\/uploads\/2024\/08\/Karen-Maurits-wedding-520-1024x683.jpg 1024w, https:\/\/lesnocesdeflorent.fr\/wp-content\/uploads\/2024\/08\/Karen-Maurits-wedding-520-768x512.jpg 768w\" sizes=\"(max-width: 1100px) 100vw, 1100px\" \/>\t\t\t\t\t\t\t\t\t\t\t\t\t\t\t<\/div>\n\t\t\t\t<\/div>\n\t\t\t\t<\/div>\n\t\t<div class=\"elementor-element elementor-element-90368a2 e-con-full e-flex e-con e-parent\" data-id=\"90368a2\" data-element_type=\"container\">\n\t\t\t\t<div class=\"elementor-element elementor-element-b9f86ec elementor-widget__width-initial elementor-widget elementor-widget-gallery\" data-id=\"b9f86ec\" data-element_type=\"widget\" data-settings=\"{&quot;gallery_layout&quot;:&quot;masonry&quot;,&quot;columns&quot;:3,&quot;gap&quot;:{&quot;unit&quot;:&quot;px&quot;,&quot;size&quot;:15,&quot;sizes&quot;:[]},&quot;columns_tablet&quot;:2,&quot;columns_mobile&quot;:1,&quot;gap_tablet&quot;:{&quot;unit&quot;:&quot;px&quot;,&quot;size&quot;:10,&quot;sizes&quot;:[]},&quot;gap_mobile&quot;:{&quot;unit&quot;:&quot;px&quot;,&quot;size&quot;:10,&quot;sizes&quot;:[]},&quot;link_to&quot;:&quot;file&quot;,&quot;overlay_background&quot;:&quot;yes&quot;}\" data-widget_type=\"gallery.default\">\n\t\t\t\t<div class=\"elementor-widget-container\">\n\t\t\t\t\t\t\t<div class=\"elementor-gallery__container\">\n\t\t\t\t\t\t\t<a class=\"e-gallery-item elementor-gallery-item\" href=\"https:\/\/lesnocesdeflorent.fr\/wp-content\/uploads\/2023\/04\/Photographe_mariage_poitiers_37-jpg.webp\" data-elementor-open-lightbox=\"yes\" data-elementor-lightbox-slideshow=\"b9f86ec\" data-elementor-lightbox-title=\"Voiture_mariage_La Rochelle\" data-elementor-lightbox-description=\"Voiture_mariage_La Rochelle\" data-e-action-hash=\"#elementor-action%3Aaction%3Dlightbox%26settings%3DeyJpZCI6MzE0MSwidXJsIjoiaHR0cHM6XC9cL2xlc25vY2VzZGVmbG9yZW50LmZyXC93cC1jb250ZW50XC91cGxvYWRzXC8yMDIzXC8wNFwvUGhvdG9ncmFwaGVfbWFyaWFnZV9wb2l0aWVyc18zNy1qcGcud2VicCIsInNsaWRlc2hvdyI6ImI5Zjg2ZWMifQ%3D%3D\">\n\t\t\t\t\t<div class=\"e-gallery-image elementor-gallery-item__image\" data-thumbnail=\"https:\/\/lesnocesdeflorent.fr\/wp-content\/uploads\/2023\/04\/Photographe_mariage_poitiers_37-jpg.webp\" data-width=\"1067\" data-height=\"1600\" aria-label=\"\" role=\"img\" ><\/div>\n\t\t\t\t\t\t\t\t\t\t\t<div class=\"elementor-gallery-item__overlay\"><\/div>\n\t\t\t\t\t\t\t\t\t\t\t\t\t\t<\/a>\n\t\t\t\t\t\t\t<a class=\"e-gallery-item elementor-gallery-item\" href=\"https:\/\/lesnocesdeflorent.fr\/wp-content\/uploads\/2023\/09\/Mariage-Audrey-Olivier-382-jpg.webp\" data-elementor-open-lightbox=\"yes\" data-elementor-lightbox-slideshow=\"b9f86ec\" data-elementor-lightbox-title=\"Mariage Audrey &amp; Olivier-382\" data-elementor-lightbox-description=\"Mariage Ch\u00e2teau de la Barbelini\u00e8re\" data-e-action-hash=\"#elementor-action%3Aaction%3Dlightbox%26settings%3DeyJpZCI6MzI4OSwidXJsIjoiaHR0cHM6XC9cL2xlc25vY2VzZGVmbG9yZW50LmZyXC93cC1jb250ZW50XC91cGxvYWRzXC8yMDIzXC8wOVwvTWFyaWFnZS1BdWRyZXktT2xpdmllci0zODItanBnLndlYnAiLCJzbGlkZXNob3ciOiJiOWY4NmVjIn0%3D\">\n\t\t\t\t\t<div class=\"e-gallery-image elementor-gallery-item__image\" data-thumbnail=\"https:\/\/lesnocesdeflorent.fr\/wp-content\/uploads\/2023\/09\/Mariage-Audrey-Olivier-382-jpg.webp\" data-width=\"1366\" data-height=\"2048\" aria-label=\"\" role=\"img\" ><\/div>\n\t\t\t\t\t\t\t\t\t\t\t<div class=\"elementor-gallery-item__overlay\"><\/div>\n\t\t\t\t\t\t\t\t\t\t\t\t\t\t<\/a>\n\t\t\t\t\t\t\t<a class=\"e-gallery-item elementor-gallery-item\" href=\"https:\/\/lesnocesdeflorent.fr\/wp-content\/uploads\/2023\/04\/Mariage-Camille-et-Nathan-34.jpg\" data-elementor-open-lightbox=\"yes\" data-elementor-lightbox-slideshow=\"b9f86ec\" data-elementor-lightbox-title=\"Photographe mariage Poitiers La Rochelle\" data-elementor-lightbox-description=\"Photographe mariage Poitiers La Rochelle\" data-e-action-hash=\"#elementor-action%3Aaction%3Dlightbox%26settings%3DeyJpZCI6MzExMSwidXJsIjoiaHR0cHM6XC9cL2xlc25vY2VzZGVmbG9yZW50LmZyXC93cC1jb250ZW50XC91cGxvYWRzXC8yMDIzXC8wNFwvTWFyaWFnZS1DYW1pbGxlLWV0LU5hdGhhbi0zNC5qcGciLCJzbGlkZXNob3ciOiJiOWY4NmVjIn0%3D\">\n\t\t\t\t\t<div class=\"e-gallery-image elementor-gallery-item__image\" data-thumbnail=\"https:\/\/lesnocesdeflorent.fr\/wp-content\/uploads\/2023\/04\/Mariage-Camille-et-Nathan-34.jpg\" data-width=\"2048\" data-height=\"1365\" aria-label=\"\" role=\"img\" ><\/div>\n\t\t\t\t\t\t\t\t\t\t\t<div class=\"elementor-gallery-item__overlay\"><\/div>\n\t\t\t\t\t\t\t\t\t\t\t\t\t\t<\/a>\n\t\t\t\t\t\t\t<a class=\"e-gallery-item elementor-gallery-item\" href=\"https:\/\/lesnocesdeflorent.fr\/wp-content\/uploads\/2024\/09\/Mariage-Justine-Giovanni-268.jpg\" data-elementor-open-lightbox=\"yes\" data-elementor-lightbox-slideshow=\"b9f86ec\" data-elementor-lightbox-title=\"Mariage Justine &amp; Giovanni-268\" data-elementor-lightbox-description=\"Photographe mariage La Rochelle\" data-e-action-hash=\"#elementor-action%3Aaction%3Dlightbox%26settings%3DeyJpZCI6MzU1MywidXJsIjoiaHR0cHM6XC9cL2xlc25vY2VzZGVmbG9yZW50LmZyXC93cC1jb250ZW50XC91cGxvYWRzXC8yMDI0XC8wOVwvTWFyaWFnZS1KdXN0aW5lLUdpb3Zhbm5pLTI2OC5qcGciLCJzbGlkZXNob3ciOiJiOWY4NmVjIn0%3D\">\n\t\t\t\t\t<div class=\"e-gallery-image elementor-gallery-item__image\" data-thumbnail=\"https:\/\/lesnocesdeflorent.fr\/wp-content\/uploads\/2024\/09\/Mariage-Justine-Giovanni-268.jpg\" data-width=\"1467\" data-height=\"2200\" aria-label=\"\" role=\"img\" ><\/div>\n\t\t\t\t\t\t\t\t\t\t\t<div class=\"elementor-gallery-item__overlay\"><\/div>\n\t\t\t\t\t\t\t\t\t\t\t\t\t\t<\/a>\n\t\t\t\t\t\t\t<a class=\"e-gallery-item elementor-gallery-item\" href=\"https:\/\/lesnocesdeflorent.fr\/wp-content\/uploads\/2024\/07\/Mariage-Adele-Flavien-712-scaled.jpg\" data-elementor-open-lightbox=\"yes\" data-elementor-lightbox-slideshow=\"b9f86ec\" data-elementor-lightbox-title=\"Mariage Ad\u00e8le &amp; Flavien-712\" data-elementor-lightbox-description=\"Meilleur photographe mariage France\" data-e-action-hash=\"#elementor-action%3Aaction%3Dlightbox%26settings%3DeyJpZCI6MzQ2MSwidXJsIjoiaHR0cHM6XC9cL2xlc25vY2VzZGVmbG9yZW50LmZyXC93cC1jb250ZW50XC91cGxvYWRzXC8yMDI0XC8wN1wvTWFyaWFnZS1BZGVsZS1GbGF2aWVuLTcxMi1zY2FsZWQuanBnIiwic2xpZGVzaG93IjoiYjlmODZlYyJ9\">\n\t\t\t\t\t<div class=\"e-gallery-image elementor-gallery-item__image\" data-thumbnail=\"https:\/\/lesnocesdeflorent.fr\/wp-content\/uploads\/2024\/07\/Mariage-Adele-Flavien-712-scaled.jpg\" data-width=\"2560\" data-height=\"1708\" aria-label=\"\" role=\"img\" ><\/div>\n\t\t\t\t\t\t\t\t\t\t\t<div class=\"elementor-gallery-item__overlay\"><\/div>\n\t\t\t\t\t\t\t\t\t\t\t\t\t\t<\/a>\n\t\t\t\t\t\t\t<a class=\"e-gallery-item elementor-gallery-item\" href=\"https:\/\/lesnocesdeflorent.fr\/wp-content\/uploads\/2024\/12\/Mariage-Helene-Paul-257-scaled.jpg\" data-elementor-open-lightbox=\"yes\" data-elementor-lightbox-slideshow=\"b9f86ec\" data-elementor-lightbox-title=\"Mariage He\u0301le\u0300ne &amp; Paul-257\" data-elementor-lightbox-description=\"Photographe mariage Poitiers\" data-e-action-hash=\"#elementor-action%3Aaction%3Dlightbox%26settings%3DeyJpZCI6Mzc0MywidXJsIjoiaHR0cHM6XC9cL2xlc25vY2VzZGVmbG9yZW50LmZyXC93cC1jb250ZW50XC91cGxvYWRzXC8yMDI0XC8xMlwvTWFyaWFnZS1IZWxlbmUtUGF1bC0yNTctc2NhbGVkLmpwZyIsInNsaWRlc2hvdyI6ImI5Zjg2ZWMifQ%3D%3D\">\n\t\t\t\t\t<div class=\"e-gallery-image elementor-gallery-item__image\" data-thumbnail=\"https:\/\/lesnocesdeflorent.fr\/wp-content\/uploads\/2024\/12\/Mariage-Helene-Paul-257-scaled.jpg\" data-width=\"1707\" data-height=\"2560\" aria-label=\"Photographe mariage Poitiers\" role=\"img\" ><\/div>\n\t\t\t\t\t\t\t\t\t\t\t<div class=\"elementor-gallery-item__overlay\"><\/div>\n\t\t\t\t\t\t\t\t\t\t\t\t\t\t<\/a>\n\t\t\t\t\t\t\t<a class=\"e-gallery-item elementor-gallery-item\" href=\"https:\/\/lesnocesdeflorent.fr\/wp-content\/uploads\/2023\/09\/Mariage-Audrey-Olivier-408-jpg.webp\" data-elementor-open-lightbox=\"yes\" data-elementor-lightbox-slideshow=\"b9f86ec\" data-elementor-lightbox-title=\"Mariage Audrey &amp; Olivier-408\" data-elementor-lightbox-description=\"Photographe mariage Poitiers\" data-e-action-hash=\"#elementor-action%3Aaction%3Dlightbox%26settings%3DeyJpZCI6MjI5OSwidXJsIjoiaHR0cHM6XC9cL2xlc25vY2VzZGVmbG9yZW50LmZyXC93cC1jb250ZW50XC91cGxvYWRzXC8yMDIzXC8wOVwvTWFyaWFnZS1BdWRyZXktT2xpdmllci00MDgtanBnLndlYnAiLCJzbGlkZXNob3ciOiJiOWY4NmVjIn0%3D\">\n\t\t\t\t\t<div class=\"e-gallery-image elementor-gallery-item__image\" data-thumbnail=\"https:\/\/lesnocesdeflorent.fr\/wp-content\/uploads\/2023\/09\/Mariage-Audrey-Olivier-408-jpg.webp\" data-width=\"2048\" data-height=\"1365\" aria-label=\"Photographe mariage Poitiers\" role=\"img\" ><\/div>\n\t\t\t\t\t\t\t\t\t\t\t<div class=\"elementor-gallery-item__overlay\"><\/div>\n\t\t\t\t\t\t\t\t\t\t\t\t\t\t<\/a>\n\t\t\t\t\t\t\t<a class=\"e-gallery-item elementor-gallery-item\" href=\"https:\/\/lesnocesdeflorent.fr\/wp-content\/uploads\/2024\/09\/Mariage-Justine-Giovanni-892.jpg\" data-elementor-open-lightbox=\"yes\" data-elementor-lightbox-slideshow=\"b9f86ec\" data-elementor-lightbox-title=\"Mariage Justine &amp; Giovanni-892\" data-e-action-hash=\"#elementor-action%3Aaction%3Dlightbox%26settings%3DeyJpZCI6MzU2NSwidXJsIjoiaHR0cHM6XC9cL2xlc25vY2VzZGVmbG9yZW50LmZyXC93cC1jb250ZW50XC91cGxvYWRzXC8yMDI0XC8wOVwvTWFyaWFnZS1KdXN0aW5lLUdpb3Zhbm5pLTg5Mi5qcGciLCJzbGlkZXNob3ciOiJiOWY4NmVjIn0%3D\">\n\t\t\t\t\t<div class=\"e-gallery-image elementor-gallery-item__image\" data-thumbnail=\"https:\/\/lesnocesdeflorent.fr\/wp-content\/uploads\/2024\/09\/Mariage-Justine-Giovanni-892.jpg\" data-width=\"1467\" data-height=\"2200\" aria-label=\"\" role=\"img\" ><\/div>\n\t\t\t\t\t\t\t\t\t\t\t<div class=\"elementor-gallery-item__overlay\"><\/div>\n\t\t\t\t\t\t\t\t\t\t\t\t\t\t<\/a>\n\t\t\t\t\t\t\t<a class=\"e-gallery-item elementor-gallery-item\" href=\"https:\/\/lesnocesdeflorent.fr\/wp-content\/uploads\/2023\/07\/Mariage-Matt-Emilie-4-jpg.webp\" data-elementor-open-lightbox=\"yes\" data-elementor-lightbox-slideshow=\"b9f86ec\" data-elementor-lightbox-title=\"Mariage Matt &amp; Emilie-4\" data-elementor-lightbox-description=\"Photographe mariage Poitiers\" data-e-action-hash=\"#elementor-action%3Aaction%3Dlightbox%26settings%3DeyJpZCI6MjIyMSwidXJsIjoiaHR0cHM6XC9cL2xlc25vY2VzZGVmbG9yZW50LmZyXC93cC1jb250ZW50XC91cGxvYWRzXC8yMDIzXC8wN1wvTWFyaWFnZS1NYXR0LUVtaWxpZS00LWpwZy53ZWJwIiwic2xpZGVzaG93IjoiYjlmODZlYyJ9\">\n\t\t\t\t\t<div class=\"e-gallery-image elementor-gallery-item__image\" data-thumbnail=\"https:\/\/lesnocesdeflorent.fr\/wp-content\/uploads\/2023\/07\/Mariage-Matt-Emilie-4-jpg.webp\" data-width=\"1200\" data-height=\"674\" aria-label=\"Photographe mariage Poitiers\" role=\"img\" ><\/div>\n\t\t\t\t\t\t\t\t\t\t\t<div class=\"elementor-gallery-item__overlay\"><\/div>\n\t\t\t\t\t\t\t\t\t\t\t\t\t\t<\/a>\n\t\t\t\t\t\t\t<a class=\"e-gallery-item elementor-gallery-item\" href=\"https:\/\/lesnocesdeflorent.fr\/wp-content\/uploads\/2023\/09\/Mariage-Eva-Karim-153-jpg.webp\" data-elementor-open-lightbox=\"yes\" data-elementor-lightbox-slideshow=\"b9f86ec\" data-elementor-lightbox-title=\"Mariage Eva &amp; Karim-153\" data-elementor-lightbox-description=\"Photographe mariage Poitiers\" data-e-action-hash=\"#elementor-action%3Aaction%3Dlightbox%26settings%3DeyJpZCI6MzM0MywidXJsIjoiaHR0cHM6XC9cL2xlc25vY2VzZGVmbG9yZW50LmZyXC93cC1jb250ZW50XC91cGxvYWRzXC8yMDIzXC8wOVwvTWFyaWFnZS1FdmEtS2FyaW0tMTUzLWpwZy53ZWJwIiwic2xpZGVzaG93IjoiYjlmODZlYyJ9\">\n\t\t\t\t\t<div class=\"e-gallery-image elementor-gallery-item__image\" data-thumbnail=\"https:\/\/lesnocesdeflorent.fr\/wp-content\/uploads\/2023\/09\/Mariage-Eva-Karim-153-jpg.webp\" data-width=\"1365\" data-height=\"2048\" aria-label=\"\" role=\"img\" ><\/div>\n\t\t\t\t\t\t\t\t\t\t\t<div class=\"elementor-gallery-item__overlay\"><\/div>\n\t\t\t\t\t\t\t\t\t\t\t\t\t\t<\/a>\n\t\t\t\t\t\t\t<a class=\"e-gallery-item elementor-gallery-item\" href=\"https:\/\/lesnocesdeflorent.fr\/wp-content\/uploads\/2023\/04\/Mariage-Camille-et-Nathan-29.jpg\" data-elementor-open-lightbox=\"yes\" data-elementor-lightbox-slideshow=\"b9f86ec\" data-elementor-lightbox-title=\"Photographe mariage entre Poitiers et La Rochelle.\" data-elementor-lightbox-description=\"Photographe mariage entre Poitiers et La Rochelle.\" data-e-action-hash=\"#elementor-action%3Aaction%3Dlightbox%26settings%3DeyJpZCI6MzExMCwidXJsIjoiaHR0cHM6XC9cL2xlc25vY2VzZGVmbG9yZW50LmZyXC93cC1jb250ZW50XC91cGxvYWRzXC8yMDIzXC8wNFwvTWFyaWFnZS1DYW1pbGxlLWV0LU5hdGhhbi0yOS5qcGciLCJzbGlkZXNob3ciOiJiOWY4NmVjIn0%3D\">\n\t\t\t\t\t<div class=\"e-gallery-image elementor-gallery-item__image\" data-thumbnail=\"https:\/\/lesnocesdeflorent.fr\/wp-content\/uploads\/2023\/04\/Mariage-Camille-et-Nathan-29.jpg\" data-width=\"2048\" data-height=\"1365\" aria-label=\"\" role=\"img\" ><\/div>\n\t\t\t\t\t\t\t\t\t\t\t<div class=\"elementor-gallery-item__overlay\"><\/div>\n\t\t\t\t\t\t\t\t\t\t\t\t\t\t<\/a>\n\t\t\t\t\t\t\t<a class=\"e-gallery-item elementor-gallery-item\" href=\"https:\/\/lesnocesdeflorent.fr\/wp-content\/uploads\/2024\/09\/Mariage-Justine-Giovanni-14.jpg\" data-elementor-open-lightbox=\"yes\" data-elementor-lightbox-slideshow=\"b9f86ec\" data-elementor-lightbox-title=\"Mariage Justine &amp; Giovanni-14\" data-elementor-lightbox-description=\"Photographe mariage La Rochelle\" data-e-action-hash=\"#elementor-action%3Aaction%3Dlightbox%26settings%3DeyJpZCI6MjkyOSwidXJsIjoiaHR0cHM6XC9cL2xlc25vY2VzZGVmbG9yZW50LmZyXC93cC1jb250ZW50XC91cGxvYWRzXC8yMDI0XC8wOVwvTWFyaWFnZS1KdXN0aW5lLUdpb3Zhbm5pLTE0LmpwZyIsInNsaWRlc2hvdyI6ImI5Zjg2ZWMifQ%3D%3D\">\n\t\t\t\t\t<div class=\"e-gallery-image elementor-gallery-item__image\" data-thumbnail=\"https:\/\/lesnocesdeflorent.fr\/wp-content\/uploads\/2024\/09\/Mariage-Justine-Giovanni-14.jpg\" data-width=\"2200\" data-height=\"1236\" aria-label=\"Photographe mariage La Rochelle\" role=\"img\" ><\/div>\n\t\t\t\t\t\t\t\t\t\t\t<div class=\"elementor-gallery-item__overlay\"><\/div>\n\t\t\t\t\t\t\t\t\t\t\t\t\t\t<\/a>\n\t\t\t\t\t\t\t<a class=\"e-gallery-item elementor-gallery-item\" href=\"https:\/\/lesnocesdeflorent.fr\/wp-content\/uploads\/2024\/10\/Mariage-Celine-et-Didier-594.jpg\" data-elementor-open-lightbox=\"yes\" data-elementor-lightbox-slideshow=\"b9f86ec\" data-elementor-lightbox-title=\"Mariage Ce\u0301line et Didier-594\" data-e-action-hash=\"#elementor-action%3Aaction%3Dlightbox%26settings%3DeyJpZCI6MzY1NywidXJsIjoiaHR0cHM6XC9cL2xlc25vY2VzZGVmbG9yZW50LmZyXC93cC1jb250ZW50XC91cGxvYWRzXC8yMDI0XC8xMFwvTWFyaWFnZS1DZWxpbmUtZXQtRGlkaWVyLTU5NC5qcGciLCJzbGlkZXNob3ciOiJiOWY4NmVjIn0%3D\">\n\t\t\t\t\t<div class=\"e-gallery-image elementor-gallery-item__image\" data-thumbnail=\"https:\/\/lesnocesdeflorent.fr\/wp-content\/uploads\/2024\/10\/Mariage-Celine-et-Didier-594.jpg\" data-width=\"1467\" data-height=\"2200\" aria-label=\"Photographe mariage La Rochelle\" role=\"img\" ><\/div>\n\t\t\t\t\t\t\t\t\t\t\t<div class=\"elementor-gallery-item__overlay\"><\/div>\n\t\t\t\t\t\t\t\t\t\t\t\t\t\t<\/a>\n\t\t\t\t\t\t\t<a class=\"e-gallery-item elementor-gallery-item\" href=\"https:\/\/lesnocesdeflorent.fr\/wp-content\/uploads\/2024\/10\/Mariage-Celine-et-Didier-638.jpg\" data-elementor-open-lightbox=\"yes\" data-elementor-lightbox-slideshow=\"b9f86ec\" data-elementor-lightbox-title=\"Mariage Ce\u0301line et Didier-638\" data-elementor-lightbox-description=\"Photographe mariage La Rochelle\" data-e-action-hash=\"#elementor-action%3Aaction%3Dlightbox%26settings%3DeyJpZCI6MzY1OSwidXJsIjoiaHR0cHM6XC9cL2xlc25vY2VzZGVmbG9yZW50LmZyXC93cC1jb250ZW50XC91cGxvYWRzXC8yMDI0XC8xMFwvTWFyaWFnZS1DZWxpbmUtZXQtRGlkaWVyLTYzOC5qcGciLCJzbGlkZXNob3ciOiJiOWY4NmVjIn0%3D\">\n\t\t\t\t\t<div class=\"e-gallery-image elementor-gallery-item__image\" data-thumbnail=\"https:\/\/lesnocesdeflorent.fr\/wp-content\/uploads\/2024\/10\/Mariage-Celine-et-Didier-638.jpg\" data-width=\"1467\" data-height=\"2200\" aria-label=\"Photographe mariage La Rochelle\" role=\"img\" ><\/div>\n\t\t\t\t\t\t\t\t\t\t\t<div class=\"elementor-gallery-item__overlay\"><\/div>\n\t\t\t\t\t\t\t\t\t\t\t\t\t\t<\/a>\n\t\t\t\t\t\t\t<a class=\"e-gallery-item elementor-gallery-item\" href=\"https:\/\/lesnocesdeflorent.fr\/wp-content\/uploads\/2023\/10\/Mariage-Suwan-Quentin-580-jpg.webp\" data-elementor-open-lightbox=\"yes\" data-elementor-lightbox-slideshow=\"b9f86ec\" data-elementor-lightbox-title=\"Mariage Suwan &amp; Quentin-580\" data-elementor-lightbox-description=\"Photographe mariage Poitiers\" data-e-action-hash=\"#elementor-action%3Aaction%3Dlightbox%26settings%3DeyJpZCI6MzM4NiwidXJsIjoiaHR0cHM6XC9cL2xlc25vY2VzZGVmbG9yZW50LmZyXC93cC1jb250ZW50XC91cGxvYWRzXC8yMDIzXC8xMFwvTWFyaWFnZS1TdXdhbi1RdWVudGluLTU4MC1qcGcud2VicCIsInNsaWRlc2hvdyI6ImI5Zjg2ZWMifQ%3D%3D\">\n\t\t\t\t\t<div class=\"e-gallery-image elementor-gallery-item__image\" data-thumbnail=\"https:\/\/lesnocesdeflorent.fr\/wp-content\/uploads\/2023\/10\/Mariage-Suwan-Quentin-580-jpg.webp\" data-width=\"1366\" data-height=\"2048\" aria-label=\"\" role=\"img\" ><\/div>\n\t\t\t\t\t\t\t\t\t\t\t<div class=\"elementor-gallery-item__overlay\"><\/div>\n\t\t\t\t\t\t\t\t\t\t\t\t\t\t<\/a>\n\t\t\t\t\t\t\t<a class=\"e-gallery-item elementor-gallery-item\" href=\"https:\/\/lesnocesdeflorent.fr\/wp-content\/uploads\/2024\/09\/Mariage-Justine-Giovanni-319.jpg\" data-elementor-open-lightbox=\"yes\" data-elementor-lightbox-slideshow=\"b9f86ec\" data-elementor-lightbox-title=\"Mariage Justine &amp; Giovanni-319\" data-elementor-lightbox-description=\"Photographe mariage La Rochelle\" data-e-action-hash=\"#elementor-action%3Aaction%3Dlightbox%26settings%3DeyJpZCI6MzU1NiwidXJsIjoiaHR0cHM6XC9cL2xlc25vY2VzZGVmbG9yZW50LmZyXC93cC1jb250ZW50XC91cGxvYWRzXC8yMDI0XC8wOVwvTWFyaWFnZS1KdXN0aW5lLUdpb3Zhbm5pLTMxOS5qcGciLCJzbGlkZXNob3ciOiJiOWY4NmVjIn0%3D\">\n\t\t\t\t\t<div class=\"e-gallery-image elementor-gallery-item__image\" data-thumbnail=\"https:\/\/lesnocesdeflorent.fr\/wp-content\/uploads\/2024\/09\/Mariage-Justine-Giovanni-319.jpg\" data-width=\"1467\" data-height=\"2200\" aria-label=\"\" role=\"img\" ><\/div>\n\t\t\t\t\t\t\t\t\t\t\t<div class=\"elementor-gallery-item__overlay\"><\/div>\n\t\t\t\t\t\t\t\t\t\t\t\t\t\t<\/a>\n\t\t\t\t\t\t\t<a class=\"e-gallery-item elementor-gallery-item\" href=\"https:\/\/lesnocesdeflorent.fr\/wp-content\/uploads\/2024\/08\/Karen-Maurits-wedding-677.jpg\" data-elementor-open-lightbox=\"yes\" data-elementor-lightbox-slideshow=\"b9f86ec\" data-elementor-lightbox-title=\"Karen &amp; Maurits wedding-677\" data-elementor-lightbox-description=\"Meilleur photographe de mariage \" data-e-action-hash=\"#elementor-action%3Aaction%3Dlightbox%26settings%3DeyJpZCI6MjkwMCwidXJsIjoiaHR0cHM6XC9cL2xlc25vY2VzZGVmbG9yZW50LmZyXC93cC1jb250ZW50XC91cGxvYWRzXC8yMDI0XC8wOFwvS2FyZW4tTWF1cml0cy13ZWRkaW5nLTY3Ny5qcGciLCJzbGlkZXNob3ciOiJiOWY4NmVjIn0%3D\">\n\t\t\t\t\t<div class=\"e-gallery-image elementor-gallery-item__image\" data-thumbnail=\"https:\/\/lesnocesdeflorent.fr\/wp-content\/uploads\/2024\/08\/Karen-Maurits-wedding-677.jpg\" data-width=\"734\" data-height=\"1100\" aria-label=\"Meilleur photographe de mariage\" role=\"img\" ><\/div>\n\t\t\t\t\t\t\t\t\t\t\t<div class=\"elementor-gallery-item__overlay\"><\/div>\n\t\t\t\t\t\t\t\t\t\t\t\t\t\t<\/a>\n\t\t\t\t\t\t\t<a class=\"e-gallery-item elementor-gallery-item\" href=\"https:\/\/lesnocesdeflorent.fr\/wp-content\/uploads\/2024\/07\/Mariage-Adele-Flavien-750-scaled.jpg\" data-elementor-open-lightbox=\"yes\" data-elementor-lightbox-slideshow=\"b9f86ec\" data-elementor-lightbox-title=\"Mariage Ad\u00e8le &amp; Flavien-750\" data-elementor-lightbox-description=\"Meilleur photographe mariage France\" data-e-action-hash=\"#elementor-action%3Aaction%3Dlightbox%26settings%3DeyJpZCI6MjgyMSwidXJsIjoiaHR0cHM6XC9cL2xlc25vY2VzZGVmbG9yZW50LmZyXC93cC1jb250ZW50XC91cGxvYWRzXC8yMDI0XC8wN1wvTWFyaWFnZS1BZGVsZS1GbGF2aWVuLTc1MC1zY2FsZWQuanBnIiwic2xpZGVzaG93IjoiYjlmODZlYyJ9\">\n\t\t\t\t\t<div class=\"e-gallery-image elementor-gallery-item__image\" data-thumbnail=\"https:\/\/lesnocesdeflorent.fr\/wp-content\/uploads\/2024\/07\/Mariage-Adele-Flavien-750-scaled.jpg\" data-width=\"2560\" data-height=\"1707\" aria-label=\"Meilleur photographe mariage France\" role=\"img\" ><\/div>\n\t\t\t\t\t\t\t\t\t\t\t<div class=\"elementor-gallery-item__overlay\"><\/div>\n\t\t\t\t\t\t\t\t\t\t\t\t\t\t<\/a>\n\t\t\t\t\t\t\t<a class=\"e-gallery-item elementor-gallery-item\" href=\"https:\/\/lesnocesdeflorent.fr\/wp-content\/uploads\/2023\/10\/Mylene-_-Johan-464-jpg.webp\" data-elementor-open-lightbox=\"yes\" data-elementor-lightbox-slideshow=\"b9f86ec\" data-elementor-lightbox-title=\"Myl\u00e8ne _ Johan-464\" data-elementor-lightbox-description=\"Photographe mariage Poitiers\" data-e-action-hash=\"#elementor-action%3Aaction%3Dlightbox%26settings%3DeyJpZCI6MjQzNCwidXJsIjoiaHR0cHM6XC9cL2xlc25vY2VzZGVmbG9yZW50LmZyXC93cC1jb250ZW50XC91cGxvYWRzXC8yMDIzXC8xMFwvTXlsZW5lLV8tSm9oYW4tNDY0LWpwZy53ZWJwIiwic2xpZGVzaG93IjoiYjlmODZlYyJ9\">\n\t\t\t\t\t<div class=\"e-gallery-image elementor-gallery-item__image\" data-thumbnail=\"https:\/\/lesnocesdeflorent.fr\/wp-content\/uploads\/2023\/10\/Mylene-_-Johan-464-jpg.webp\" data-width=\"2048\" data-height=\"1366\" aria-label=\"Photographe mariage Poitiers\" role=\"img\" ><\/div>\n\t\t\t\t\t\t\t\t\t\t\t<div class=\"elementor-gallery-item__overlay\"><\/div>\n\t\t\t\t\t\t\t\t\t\t\t\t\t\t<\/a>\n\t\t\t\t\t\t\t<a class=\"e-gallery-item elementor-gallery-item\" href=\"https:\/\/lesnocesdeflorent.fr\/wp-content\/uploads\/2024\/12\/Mariage-Helene-Paul-122-scaled.jpg\" data-elementor-open-lightbox=\"yes\" data-elementor-lightbox-slideshow=\"b9f86ec\" data-elementor-lightbox-title=\"Mariage He\u0301le\u0300ne &amp; Paul-122\" data-elementor-lightbox-description=\"Photographe mariage Poitiers\" data-e-action-hash=\"#elementor-action%3Aaction%3Dlightbox%26settings%3DeyJpZCI6Mzc0MCwidXJsIjoiaHR0cHM6XC9cL2xlc25vY2VzZGVmbG9yZW50LmZyXC93cC1jb250ZW50XC91cGxvYWRzXC8yMDI0XC8xMlwvTWFyaWFnZS1IZWxlbmUtUGF1bC0xMjItc2NhbGVkLmpwZyIsInNsaWRlc2hvdyI6ImI5Zjg2ZWMifQ%3D%3D\">\n\t\t\t\t\t<div class=\"e-gallery-image elementor-gallery-item__image\" data-thumbnail=\"https:\/\/lesnocesdeflorent.fr\/wp-content\/uploads\/2024\/12\/Mariage-Helene-Paul-122-scaled.jpg\" data-width=\"1708\" data-height=\"2560\" aria-label=\"Photographe mariage Poitiers\" role=\"img\" ><\/div>\n\t\t\t\t\t\t\t\t\t\t\t<div class=\"elementor-gallery-item__overlay\"><\/div>\n\t\t\t\t\t\t\t\t\t\t\t\t\t\t<\/a>\n\t\t\t\t\t\t\t<a class=\"e-gallery-item elementor-gallery-item\" href=\"https:\/\/lesnocesdeflorent.fr\/wp-content\/uploads\/2024\/08\/Karen-Maurits-wedding-514.jpg\" data-elementor-open-lightbox=\"yes\" data-elementor-lightbox-slideshow=\"b9f86ec\" data-elementor-lightbox-title=\"Karen &amp; Maurits wedding-514\" data-elementor-lightbox-description=\"Meilleur photographe de mariage \" data-e-action-hash=\"#elementor-action%3Aaction%3Dlightbox%26settings%3DeyJpZCI6Mjg5NSwidXJsIjoiaHR0cHM6XC9cL2xlc25vY2VzZGVmbG9yZW50LmZyXC93cC1jb250ZW50XC91cGxvYWRzXC8yMDI0XC8wOFwvS2FyZW4tTWF1cml0cy13ZWRkaW5nLTUxNC5qcGciLCJzbGlkZXNob3ciOiJiOWY4NmVjIn0%3D\">\n\t\t\t\t\t<div class=\"e-gallery-image elementor-gallery-item__image\" data-thumbnail=\"https:\/\/lesnocesdeflorent.fr\/wp-content\/uploads\/2024\/08\/Karen-Maurits-wedding-514.jpg\" data-width=\"734\" data-height=\"1100\" aria-label=\"Meilleur photographe de mariage\" role=\"img\" ><\/div>\n\t\t\t\t\t\t\t\t\t\t\t<div class=\"elementor-gallery-item__overlay\"><\/div>\n\t\t\t\t\t\t\t\t\t\t\t\t\t\t<\/a>\n\t\t\t\t\t\t\t<a class=\"e-gallery-item elementor-gallery-item\" href=\"https:\/\/lesnocesdeflorent.fr\/wp-content\/uploads\/2024\/12\/Mariage-Helene-Paul-84-scaled.jpg\" data-elementor-open-lightbox=\"yes\" data-elementor-lightbox-slideshow=\"b9f86ec\" data-elementor-lightbox-title=\"Mariage He\u0301le\u0300ne &amp; Paul-84\" data-elementor-lightbox-description=\"Photographe mariage Poitiers\" data-e-action-hash=\"#elementor-action%3Aaction%3Dlightbox%26settings%3DeyJpZCI6MzczNywidXJsIjoiaHR0cHM6XC9cL2xlc25vY2VzZGVmbG9yZW50LmZyXC93cC1jb250ZW50XC91cGxvYWRzXC8yMDI0XC8xMlwvTWFyaWFnZS1IZWxlbmUtUGF1bC04NC1zY2FsZWQuanBnIiwic2xpZGVzaG93IjoiYjlmODZlYyJ9\">\n\t\t\t\t\t<div class=\"e-gallery-image elementor-gallery-item__image\" data-thumbnail=\"https:\/\/lesnocesdeflorent.fr\/wp-content\/uploads\/2024\/12\/Mariage-Helene-Paul-84-scaled.jpg\" data-width=\"2560\" data-height=\"1708\" aria-label=\"Photographe mariage Poitiers\" role=\"img\" ><\/div>\n\t\t\t\t\t\t\t\t\t\t\t<div class=\"elementor-gallery-item__overlay\"><\/div>\n\t\t\t\t\t\t\t\t\t\t\t\t\t\t<\/a>\n\t\t\t\t\t\t\t<a class=\"e-gallery-item elementor-gallery-item\" href=\"https:\/\/lesnocesdeflorent.fr\/wp-content\/uploads\/2024\/12\/Mariage-Helene-Paul-1346-scaled.jpg\" data-elementor-open-lightbox=\"yes\" data-elementor-lightbox-slideshow=\"b9f86ec\" data-elementor-lightbox-title=\"Mariage He\u0301le\u0300ne &amp; Paul-1346\" data-elementor-lightbox-description=\"Photographe mariage Poitiers\" data-e-action-hash=\"#elementor-action%3Aaction%3Dlightbox%26settings%3DeyJpZCI6Mzc2NCwidXJsIjoiaHR0cHM6XC9cL2xlc25vY2VzZGVmbG9yZW50LmZyXC93cC1jb250ZW50XC91cGxvYWRzXC8yMDI0XC8xMlwvTWFyaWFnZS1IZWxlbmUtUGF1bC0xMzQ2LXNjYWxlZC5qcGciLCJzbGlkZXNob3ciOiJiOWY4NmVjIn0%3D\">\n\t\t\t\t\t<div class=\"e-gallery-image elementor-gallery-item__image\" data-thumbnail=\"https:\/\/lesnocesdeflorent.fr\/wp-content\/uploads\/2024\/12\/Mariage-Helene-Paul-1346-scaled.jpg\" data-width=\"2560\" data-height=\"1708\" aria-label=\"Photographe mariage Poitiers\" role=\"img\" ><\/div>\n\t\t\t\t\t\t\t\t\t\t\t<div class=\"elementor-gallery-item__overlay\"><\/div>\n\t\t\t\t\t\t\t\t\t\t\t\t\t\t<\/a>\n\t\t\t\t\t\t\t<a class=\"e-gallery-item elementor-gallery-item\" href=\"https:\/\/lesnocesdeflorent.fr\/wp-content\/uploads\/2023\/09\/Mariage-Audrey-Olivier-370-jpg.webp\" data-elementor-open-lightbox=\"yes\" data-elementor-lightbox-slideshow=\"b9f86ec\" data-elementor-lightbox-title=\"Mariage Audrey &amp; Olivier-370\" data-elementor-lightbox-description=\"Photographe mariage Poitiers\" data-e-action-hash=\"#elementor-action%3Aaction%3Dlightbox%26settings%3DeyJpZCI6MzI4NSwidXJsIjoiaHR0cHM6XC9cL2xlc25vY2VzZGVmbG9yZW50LmZyXC93cC1jb250ZW50XC91cGxvYWRzXC8yMDIzXC8wOVwvTWFyaWFnZS1BdWRyZXktT2xpdmllci0zNzAtanBnLndlYnAiLCJzbGlkZXNob3ciOiJiOWY4NmVjIn0%3D\">\n\t\t\t\t\t<div class=\"e-gallery-image elementor-gallery-item__image\" data-thumbnail=\"https:\/\/lesnocesdeflorent.fr\/wp-content\/uploads\/2023\/09\/Mariage-Audrey-Olivier-370-jpg.webp\" data-width=\"2048\" data-height=\"1365\" aria-label=\"\" role=\"img\" ><\/div>\n\t\t\t\t\t\t\t\t\t\t\t<div class=\"elementor-gallery-item__overlay\"><\/div>\n\t\t\t\t\t\t\t\t\t\t\t\t\t\t<\/a>\n\t\t\t\t\t\t\t<a class=\"e-gallery-item elementor-gallery-item\" href=\"https:\/\/lesnocesdeflorent.fr\/wp-content\/uploads\/2023\/09\/4675ChloeBenoit-jpg.webp\" data-elementor-open-lightbox=\"yes\" data-elementor-lightbox-slideshow=\"b9f86ec\" data-elementor-lightbox-title=\"4675Chloe+Benoit\" data-elementor-lightbox-description=\"Photographe mariage Poitiers\" data-e-action-hash=\"#elementor-action%3Aaction%3Dlightbox%26settings%3DeyJpZCI6MjM2NCwidXJsIjoiaHR0cHM6XC9cL2xlc25vY2VzZGVmbG9yZW50LmZyXC93cC1jb250ZW50XC91cGxvYWRzXC8yMDIzXC8wOVwvNDY3NUNobG9lQmVub2l0LWpwZy53ZWJwIiwic2xpZGVzaG93IjoiYjlmODZlYyJ9\">\n\t\t\t\t\t<div class=\"e-gallery-image elementor-gallery-item__image\" data-thumbnail=\"https:\/\/lesnocesdeflorent.fr\/wp-content\/uploads\/2023\/09\/4675ChloeBenoit-jpg.webp\" data-width=\"1365\" data-height=\"2048\" aria-label=\"Photographe mariage Poitiers\" role=\"img\" ><\/div>\n\t\t\t\t\t\t\t\t\t\t\t<div class=\"elementor-gallery-item__overlay\"><\/div>\n\t\t\t\t\t\t\t\t\t\t\t\t\t\t<\/a>\n\t\t\t\t\t\t\t<a class=\"e-gallery-item elementor-gallery-item\" href=\"https:\/\/lesnocesdeflorent.fr\/wp-content\/uploads\/2024\/06\/Mariage-Constance-Antoine-174-scaled.jpg\" data-elementor-open-lightbox=\"yes\" data-elementor-lightbox-slideshow=\"b9f86ec\" data-elementor-lightbox-title=\"Mariage Constance &amp; Antoine-174\" data-elementor-lightbox-description=\"Photographe mariage Vend\u00e9e\" data-e-action-hash=\"#elementor-action%3Aaction%3Dlightbox%26settings%3DeyJpZCI6MzQzNiwidXJsIjoiaHR0cHM6XC9cL2xlc25vY2VzZGVmbG9yZW50LmZyXC93cC1jb250ZW50XC91cGxvYWRzXC8yMDI0XC8wNlwvTWFyaWFnZS1Db25zdGFuY2UtQW50b2luZS0xNzQtc2NhbGVkLmpwZyIsInNsaWRlc2hvdyI6ImI5Zjg2ZWMifQ%3D%3D\">\n\t\t\t\t\t<div class=\"e-gallery-image elementor-gallery-item__image\" data-thumbnail=\"https:\/\/lesnocesdeflorent.fr\/wp-content\/uploads\/2024\/06\/Mariage-Constance-Antoine-174-scaled.jpg\" data-width=\"2560\" data-height=\"1708\" aria-label=\"\" role=\"img\" ><\/div>\n\t\t\t\t\t\t\t\t\t\t\t<div class=\"elementor-gallery-item__overlay\"><\/div>\n\t\t\t\t\t\t\t\t\t\t\t\t\t\t<\/a>\n\t\t\t\t\t\t\t<a class=\"e-gallery-item elementor-gallery-item\" href=\"https:\/\/lesnocesdeflorent.fr\/wp-content\/uploads\/2023\/10\/Mariage-Suwan-Quentin-421-jpg.webp\" data-elementor-open-lightbox=\"yes\" data-elementor-lightbox-slideshow=\"b9f86ec\" data-elementor-lightbox-title=\"Mariage Suwan &amp; Quentin-421\" data-elementor-lightbox-description=\"Photographe mariage Poitiers\" data-e-action-hash=\"#elementor-action%3Aaction%3Dlightbox%26settings%3DeyJpZCI6MjQxOCwidXJsIjoiaHR0cHM6XC9cL2xlc25vY2VzZGVmbG9yZW50LmZyXC93cC1jb250ZW50XC91cGxvYWRzXC8yMDIzXC8xMFwvTWFyaWFnZS1TdXdhbi1RdWVudGluLTQyMS1qcGcud2VicCIsInNsaWRlc2hvdyI6ImI5Zjg2ZWMifQ%3D%3D\">\n\t\t\t\t\t<div class=\"e-gallery-image elementor-gallery-item__image\" data-thumbnail=\"https:\/\/lesnocesdeflorent.fr\/wp-content\/uploads\/2023\/10\/Mariage-Suwan-Quentin-421-jpg.webp\" data-width=\"2048\" data-height=\"1365\" aria-label=\"Photographe mariage Poitiers\" role=\"img\" ><\/div>\n\t\t\t\t\t\t\t\t\t\t\t<div class=\"elementor-gallery-item__overlay\"><\/div>\n\t\t\t\t\t\t\t\t\t\t\t\t\t\t<\/a>\n\t\t\t\t\t\t\t<a class=\"e-gallery-item elementor-gallery-item\" href=\"https:\/\/lesnocesdeflorent.fr\/wp-content\/uploads\/2024\/08\/Karen-Maurits-wedding-520.jpg\" data-elementor-open-lightbox=\"yes\" data-elementor-lightbox-slideshow=\"b9f86ec\" data-elementor-lightbox-title=\"Karen &amp; Maurits wedding-520\" data-elementor-lightbox-description=\"Meilleur photographe de mariage \" data-e-action-hash=\"#elementor-action%3Aaction%3Dlightbox%26settings%3DeyJpZCI6Mjg5NiwidXJsIjoiaHR0cHM6XC9cL2xlc25vY2VzZGVmbG9yZW50LmZyXC93cC1jb250ZW50XC91cGxvYWRzXC8yMDI0XC8wOFwvS2FyZW4tTWF1cml0cy13ZWRkaW5nLTUyMC5qcGciLCJzbGlkZXNob3ciOiJiOWY4NmVjIn0%3D\">\n\t\t\t\t\t<div class=\"e-gallery-image elementor-gallery-item__image\" data-thumbnail=\"https:\/\/lesnocesdeflorent.fr\/wp-content\/uploads\/2024\/08\/Karen-Maurits-wedding-520.jpg\" data-width=\"1100\" data-height=\"734\" aria-label=\"Meilleur photographe de mariage\" role=\"img\" ><\/div>\n\t\t\t\t\t\t\t\t\t\t\t<div class=\"elementor-gallery-item__overlay\"><\/div>\n\t\t\t\t\t\t\t\t\t\t\t\t\t\t<\/a>\n\t\t\t\t\t\t\t<a class=\"e-gallery-item elementor-gallery-item\" href=\"https:\/\/lesnocesdeflorent.fr\/wp-content\/uploads\/2024\/12\/Mariage-Helene-Paul-1101-scaled.jpg\" data-elementor-open-lightbox=\"yes\" data-elementor-lightbox-slideshow=\"b9f86ec\" data-elementor-lightbox-title=\"Mariage He\u0301le\u0300ne &amp; Paul-1101\" data-elementor-lightbox-description=\"Photographe mariage Poitiers\" data-e-action-hash=\"#elementor-action%3Aaction%3Dlightbox%26settings%3DeyJpZCI6Mzc0OCwidXJsIjoiaHR0cHM6XC9cL2xlc25vY2VzZGVmbG9yZW50LmZyXC93cC1jb250ZW50XC91cGxvYWRzXC8yMDI0XC8xMlwvTWFyaWFnZS1IZWxlbmUtUGF1bC0xMTAxLXNjYWxlZC5qcGciLCJzbGlkZXNob3ciOiJiOWY4NmVjIn0%3D\">\n\t\t\t\t\t<div class=\"e-gallery-image elementor-gallery-item__image\" data-thumbnail=\"https:\/\/lesnocesdeflorent.fr\/wp-content\/uploads\/2024\/12\/Mariage-Helene-Paul-1101-scaled.jpg\" data-width=\"1708\" data-height=\"2560\" aria-label=\"Photographe mariage Poitiers\" role=\"img\" ><\/div>\n\t\t\t\t\t\t\t\t\t\t\t<div class=\"elementor-gallery-item__overlay\"><\/div>\n\t\t\t\t\t\t\t\t\t\t\t\t\t\t<\/a>\n\t\t\t\t\t\t\t<a class=\"e-gallery-item elementor-gallery-item\" href=\"https:\/\/lesnocesdeflorent.fr\/wp-content\/uploads\/2024\/07\/Mariage-Adele-Flavien-300-scaled.jpg\" data-elementor-open-lightbox=\"yes\" data-elementor-lightbox-slideshow=\"b9f86ec\" data-elementor-lightbox-title=\"Mariage Ad\u00e8le &amp; Flavien-300\" data-elementor-lightbox-description=\"Meilleur photographe mariage France\" data-e-action-hash=\"#elementor-action%3Aaction%3Dlightbox%26settings%3DeyJpZCI6MjgxMSwidXJsIjoiaHR0cHM6XC9cL2xlc25vY2VzZGVmbG9yZW50LmZyXC93cC1jb250ZW50XC91cGxvYWRzXC8yMDI0XC8wN1wvTWFyaWFnZS1BZGVsZS1GbGF2aWVuLTMwMC1zY2FsZWQuanBnIiwic2xpZGVzaG93IjoiYjlmODZlYyJ9\">\n\t\t\t\t\t<div class=\"e-gallery-image elementor-gallery-item__image\" data-thumbnail=\"https:\/\/lesnocesdeflorent.fr\/wp-content\/uploads\/2024\/07\/Mariage-Adele-Flavien-300-scaled.jpg\" data-width=\"2560\" data-height=\"1708\" aria-label=\"Meilleur photographe mariage France\" role=\"img\" ><\/div>\n\t\t\t\t\t\t\t\t\t\t\t<div class=\"elementor-gallery-item__overlay\"><\/div>\n\t\t\t\t\t\t\t\t\t\t\t\t\t\t<\/a>\n\t\t\t\t\t\t\t<a class=\"e-gallery-item elementor-gallery-item\" href=\"https:\/\/lesnocesdeflorent.fr\/wp-content\/uploads\/2024\/12\/Mariage-Helene-Paul-1233-scaled.jpg\" data-elementor-open-lightbox=\"yes\" data-elementor-lightbox-slideshow=\"b9f86ec\" data-elementor-lightbox-title=\"Mariage He\u0301le\u0300ne &amp; Paul-1233\" data-elementor-lightbox-description=\"Photographe mariage Poitiers\" data-e-action-hash=\"#elementor-action%3Aaction%3Dlightbox%26settings%3DeyJpZCI6Mzc1NCwidXJsIjoiaHR0cHM6XC9cL2xlc25vY2VzZGVmbG9yZW50LmZyXC93cC1jb250ZW50XC91cGxvYWRzXC8yMDI0XC8xMlwvTWFyaWFnZS1IZWxlbmUtUGF1bC0xMjMzLXNjYWxlZC5qcGciLCJzbGlkZXNob3ciOiJiOWY4NmVjIn0%3D\">\n\t\t\t\t\t<div class=\"e-gallery-image elementor-gallery-item__image\" data-thumbnail=\"https:\/\/lesnocesdeflorent.fr\/wp-content\/uploads\/2024\/12\/Mariage-Helene-Paul-1233-scaled.jpg\" data-width=\"2560\" data-height=\"1708\" aria-label=\"Photographe mariage Poitiers\" role=\"img\" ><\/div>\n\t\t\t\t\t\t\t\t\t\t\t<div class=\"elementor-gallery-item__overlay\"><\/div>\n\t\t\t\t\t\t\t\t\t\t\t\t\t\t<\/a>\n\t\t\t\t\t\t\t<a class=\"e-gallery-item elementor-gallery-item\" href=\"https:\/\/lesnocesdeflorent.fr\/wp-content\/uploads\/2023\/10\/Mariage-Berenice-Tupac-394-scaled.webp\" data-elementor-open-lightbox=\"yes\" data-elementor-lightbox-slideshow=\"b9f86ec\" data-elementor-lightbox-title=\"Mariage B\u00e9r\u00e9nice &amp; Tupac-394\" data-elementor-lightbox-description=\"Photographe mariage Poitiers\" data-e-action-hash=\"#elementor-action%3Aaction%3Dlightbox%26settings%3DeyJpZCI6MjM4NywidXJsIjoiaHR0cHM6XC9cL2xlc25vY2VzZGVmbG9yZW50LmZyXC93cC1jb250ZW50XC91cGxvYWRzXC8yMDIzXC8xMFwvTWFyaWFnZS1CZXJlbmljZS1UdXBhYy0zOTQtc2NhbGVkLndlYnAiLCJzbGlkZXNob3ciOiJiOWY4NmVjIn0%3D\">\n\t\t\t\t\t<div class=\"e-gallery-image elementor-gallery-item__image\" data-thumbnail=\"https:\/\/lesnocesdeflorent.fr\/wp-content\/uploads\/2023\/10\/Mariage-Berenice-Tupac-394-scaled.webp\" data-width=\"2560\" data-height=\"1707\" aria-label=\"Photographe mariage Poitiers\" role=\"img\" ><\/div>\n\t\t\t\t\t\t\t\t\t\t\t<div class=\"elementor-gallery-item__overlay\"><\/div>\n\t\t\t\t\t\t\t\t\t\t\t\t\t\t<\/a>\n\t\t\t\t\t\t\t<a class=\"e-gallery-item elementor-gallery-item\" href=\"https:\/\/lesnocesdeflorent.fr\/wp-content\/uploads\/2024\/01\/Mariage-Audrey-Olivier-505-jpg.webp\" data-elementor-open-lightbox=\"yes\" data-elementor-lightbox-slideshow=\"b9f86ec\" data-elementor-lightbox-title=\"Mariage-Audrey-Olivier-505\" data-e-action-hash=\"#elementor-action%3Aaction%3Dlightbox%26settings%3DeyJpZCI6MzQxOCwidXJsIjoiaHR0cHM6XC9cL2xlc25vY2VzZGVmbG9yZW50LmZyXC93cC1jb250ZW50XC91cGxvYWRzXC8yMDI0XC8wMVwvTWFyaWFnZS1BdWRyZXktT2xpdmllci01MDUtanBnLndlYnAiLCJzbGlkZXNob3ciOiJiOWY4NmVjIn0%3D\">\n\t\t\t\t\t<div class=\"e-gallery-image elementor-gallery-item__image\" data-thumbnail=\"https:\/\/lesnocesdeflorent.fr\/wp-content\/uploads\/2024\/01\/Mariage-Audrey-Olivier-505-jpg.webp\" data-width=\"2048\" data-height=\"1365\" aria-label=\"\" role=\"img\" ><\/div>\n\t\t\t\t\t\t\t\t\t\t\t<div class=\"elementor-gallery-item__overlay\"><\/div>\n\t\t\t\t\t\t\t\t\t\t\t\t\t\t<\/a>\n\t\t\t\t\t\t\t<a class=\"e-gallery-item elementor-gallery-item\" href=\"https:\/\/lesnocesdeflorent.fr\/wp-content\/uploads\/2024\/10\/Mariage-Celine-et-Didier-155.jpg\" data-elementor-open-lightbox=\"yes\" data-elementor-lightbox-slideshow=\"b9f86ec\" data-elementor-lightbox-title=\"Mariage Ce\u0301line et Didier-155\" data-elementor-lightbox-description=\"Photographe mariage La Rochelle\" data-e-action-hash=\"#elementor-action%3Aaction%3Dlightbox%26settings%3DeyJpZCI6MzY0NSwidXJsIjoiaHR0cHM6XC9cL2xlc25vY2VzZGVmbG9yZW50LmZyXC93cC1jb250ZW50XC91cGxvYWRzXC8yMDI0XC8xMFwvTWFyaWFnZS1DZWxpbmUtZXQtRGlkaWVyLTE1NS5qcGciLCJzbGlkZXNob3ciOiJiOWY4NmVjIn0%3D\">\n\t\t\t\t\t<div class=\"e-gallery-image elementor-gallery-item__image\" data-thumbnail=\"https:\/\/lesnocesdeflorent.fr\/wp-content\/uploads\/2024\/10\/Mariage-Celine-et-Didier-155.jpg\" data-width=\"2200\" data-height=\"1467\" aria-label=\"Photographe mariage La Rochelle\" role=\"img\" ><\/div>\n\t\t\t\t\t\t\t\t\t\t\t<div class=\"elementor-gallery-item__overlay\"><\/div>\n\t\t\t\t\t\t\t\t\t\t\t\t\t\t<\/a>\n\t\t\t\t\t\t\t<a class=\"e-gallery-item elementor-gallery-item\" href=\"https:\/\/lesnocesdeflorent.fr\/wp-content\/uploads\/2023\/10\/Mariage-Suwan-Quentin-139-jpg.webp\" data-elementor-open-lightbox=\"yes\" data-elementor-lightbox-slideshow=\"b9f86ec\" data-elementor-lightbox-title=\"Mariage Suwan &amp; Quentin-139\" data-elementor-lightbox-description=\"Photographe mariage Poitiers\" data-e-action-hash=\"#elementor-action%3Aaction%3Dlightbox%26settings%3DeyJpZCI6MzM3MSwidXJsIjoiaHR0cHM6XC9cL2xlc25vY2VzZGVmbG9yZW50LmZyXC93cC1jb250ZW50XC91cGxvYWRzXC8yMDIzXC8xMFwvTWFyaWFnZS1TdXdhbi1RdWVudGluLTEzOS1qcGcud2VicCIsInNsaWRlc2hvdyI6ImI5Zjg2ZWMifQ%3D%3D\">\n\t\t\t\t\t<div class=\"e-gallery-image elementor-gallery-item__image\" data-thumbnail=\"https:\/\/lesnocesdeflorent.fr\/wp-content\/uploads\/2023\/10\/Mariage-Suwan-Quentin-139-jpg.webp\" data-width=\"1365\" data-height=\"2048\" aria-label=\"\" role=\"img\" ><\/div>\n\t\t\t\t\t\t\t\t\t\t\t<div class=\"elementor-gallery-item__overlay\"><\/div>\n\t\t\t\t\t\t\t\t\t\t\t\t\t\t<\/a>\n\t\t\t\t\t\t\t<a class=\"e-gallery-item elementor-gallery-item\" href=\"https:\/\/lesnocesdeflorent.fr\/wp-content\/uploads\/2023\/09\/Mariage-Eva-Karim-156-jpg.webp\" data-elementor-open-lightbox=\"yes\" data-elementor-lightbox-slideshow=\"b9f86ec\" data-elementor-lightbox-title=\"Mariage Eva &amp; Karim-156\" data-elementor-lightbox-description=\"Photographe mariage Poitiers\" data-e-action-hash=\"#elementor-action%3Aaction%3Dlightbox%26settings%3DeyJpZCI6MjM1MiwidXJsIjoiaHR0cHM6XC9cL2xlc25vY2VzZGVmbG9yZW50LmZyXC93cC1jb250ZW50XC91cGxvYWRzXC8yMDIzXC8wOVwvTWFyaWFnZS1FdmEtS2FyaW0tMTU2LWpwZy53ZWJwIiwic2xpZGVzaG93IjoiYjlmODZlYyJ9\">\n\t\t\t\t\t<div class=\"e-gallery-image elementor-gallery-item__image\" data-thumbnail=\"https:\/\/lesnocesdeflorent.fr\/wp-content\/uploads\/2023\/09\/Mariage-Eva-Karim-156-jpg.webp\" data-width=\"2048\" data-height=\"1365\" aria-label=\"Photographe mariage Poitiers\" role=\"img\" ><\/div>\n\t\t\t\t\t\t\t\t\t\t\t<div class=\"elementor-gallery-item__overlay\"><\/div>\n\t\t\t\t\t\t\t\t\t\t\t\t\t\t<\/a>\n\t\t\t\t\t\t\t<a class=\"e-gallery-item elementor-gallery-item\" href=\"https:\/\/lesnocesdeflorent.fr\/wp-content\/uploads\/2022\/09\/Mariage-Camille-et-Nathan-79-2.jpg\" data-elementor-open-lightbox=\"yes\" data-elementor-lightbox-slideshow=\"b9f86ec\" data-elementor-lightbox-title=\"Photo de mariage Poitiers\" data-elementor-lightbox-description=\"Photo de mariage Poitiers\" data-e-action-hash=\"#elementor-action%3Aaction%3Dlightbox%26settings%3DeyJpZCI6NDA1LCJ1cmwiOiJodHRwczpcL1wvbGVzbm9jZXNkZWZsb3JlbnQuZnJcL3dwLWNvbnRlbnRcL3VwbG9hZHNcLzIwMjJcLzA5XC9NYXJpYWdlLUNhbWlsbGUtZXQtTmF0aGFuLTc5LTIuanBnIiwic2xpZGVzaG93IjoiYjlmODZlYyJ9\">\n\t\t\t\t\t<div class=\"e-gallery-image elementor-gallery-item__image\" data-thumbnail=\"https:\/\/lesnocesdeflorent.fr\/wp-content\/uploads\/2022\/09\/Mariage-Camille-et-Nathan-79-2.jpg\" data-width=\"2048\" data-height=\"1415\" aria-label=\"Photo de mariage Poitiers\" role=\"img\" ><\/div>\n\t\t\t\t\t\t\t\t\t\t\t<div class=\"elementor-gallery-item__overlay\"><\/div>\n\t\t\t\t\t\t\t\t\t\t\t\t\t\t<\/a>\n\t\t\t\t\t\t\t<a class=\"e-gallery-item elementor-gallery-item\" href=\"https:\/\/lesnocesdeflorent.fr\/wp-content\/uploads\/2024\/07\/Mariage-Adele-Flavien-253-scaled.jpg\" data-elementor-open-lightbox=\"yes\" data-elementor-lightbox-slideshow=\"b9f86ec\" data-elementor-lightbox-title=\"Mariage Ad\u00e8le &amp; Flavien-253\" data-elementor-lightbox-description=\"Meilleur photographe mariage France\" data-e-action-hash=\"#elementor-action%3Aaction%3Dlightbox%26settings%3DeyJpZCI6MjgxMCwidXJsIjoiaHR0cHM6XC9cL2xlc25vY2VzZGVmbG9yZW50LmZyXC93cC1jb250ZW50XC91cGxvYWRzXC8yMDI0XC8wN1wvTWFyaWFnZS1BZGVsZS1GbGF2aWVuLTI1My1zY2FsZWQuanBnIiwic2xpZGVzaG93IjoiYjlmODZlYyJ9\">\n\t\t\t\t\t<div class=\"e-gallery-image elementor-gallery-item__image\" data-thumbnail=\"https:\/\/lesnocesdeflorent.fr\/wp-content\/uploads\/2024\/07\/Mariage-Adele-Flavien-253-scaled.jpg\" data-width=\"2560\" data-height=\"1707\" aria-label=\"Meilleur photographe mariage France\" role=\"img\" ><\/div>\n\t\t\t\t\t\t\t\t\t\t\t<div class=\"elementor-gallery-item__overlay\"><\/div>\n\t\t\t\t\t\t\t\t\t\t\t\t\t\t<\/a>\n\t\t\t\t\t\t\t<a class=\"e-gallery-item elementor-gallery-item\" href=\"https:\/\/lesnocesdeflorent.fr\/wp-content\/uploads\/2023\/10\/Mariage-Suwan-Quentin-85-jpg.webp\" data-elementor-open-lightbox=\"yes\" data-elementor-lightbox-slideshow=\"b9f86ec\" data-elementor-lightbox-title=\"Mariage Suwan &amp; Quentin-85\" data-elementor-lightbox-description=\"Photographe mariage Poitiers\" data-e-action-hash=\"#elementor-action%3Aaction%3Dlightbox%26settings%3DeyJpZCI6MzM2OCwidXJsIjoiaHR0cHM6XC9cL2xlc25vY2VzZGVmbG9yZW50LmZyXC93cC1jb250ZW50XC91cGxvYWRzXC8yMDIzXC8xMFwvTWFyaWFnZS1TdXdhbi1RdWVudGluLTg1LWpwZy53ZWJwIiwic2xpZGVzaG93IjoiYjlmODZlYyJ9\">\n\t\t\t\t\t<div class=\"e-gallery-image elementor-gallery-item__image\" data-thumbnail=\"https:\/\/lesnocesdeflorent.fr\/wp-content\/uploads\/2023\/10\/Mariage-Suwan-Quentin-85-jpg.webp\" data-width=\"1365\" data-height=\"2048\" aria-label=\"\" role=\"img\" ><\/div>\n\t\t\t\t\t\t\t\t\t\t\t<div class=\"elementor-gallery-item__overlay\"><\/div>\n\t\t\t\t\t\t\t\t\t\t\t\t\t\t<\/a>\n\t\t\t\t\t\t\t<a class=\"e-gallery-item elementor-gallery-item\" href=\"https:\/\/lesnocesdeflorent.fr\/wp-content\/uploads\/2023\/09\/Mariage-Audrey-Olivier-278-jpg.webp\" data-elementor-open-lightbox=\"yes\" data-elementor-lightbox-slideshow=\"b9f86ec\" data-elementor-lightbox-title=\"Mariage Audrey &amp; Olivier-278\" data-elementor-lightbox-description=\"Photographe mariage Poitiers\" data-e-action-hash=\"#elementor-action%3Aaction%3Dlightbox%26settings%3DeyJpZCI6MjI3OSwidXJsIjoiaHR0cHM6XC9cL2xlc25vY2VzZGVmbG9yZW50LmZyXC93cC1jb250ZW50XC91cGxvYWRzXC8yMDIzXC8wOVwvTWFyaWFnZS1BdWRyZXktT2xpdmllci0yNzgtanBnLndlYnAiLCJzbGlkZXNob3ciOiJiOWY4NmVjIn0%3D\">\n\t\t\t\t\t<div class=\"e-gallery-image elementor-gallery-item__image\" data-thumbnail=\"https:\/\/lesnocesdeflorent.fr\/wp-content\/uploads\/2023\/09\/Mariage-Audrey-Olivier-278-jpg.webp\" data-width=\"2048\" data-height=\"2048\" aria-label=\"Photographe mariage Poitiers\" role=\"img\" ><\/div>\n\t\t\t\t\t\t\t\t\t\t\t<div class=\"elementor-gallery-item__overlay\"><\/div>\n\t\t\t\t\t\t\t\t\t\t\t\t\t\t<\/a>\n\t\t\t\t\t\t\t<a class=\"e-gallery-item elementor-gallery-item\" href=\"https:\/\/lesnocesdeflorent.fr\/wp-content\/uploads\/2024\/07\/Mariage-Adele-Flavien-509-scaled.jpg\" data-elementor-open-lightbox=\"yes\" data-elementor-lightbox-slideshow=\"b9f86ec\" data-elementor-lightbox-title=\"Mariage Ad\u00e8le &amp; Flavien-509\" data-elementor-lightbox-description=\"Meilleur photographe mariage France\" data-e-action-hash=\"#elementor-action%3Aaction%3Dlightbox%26settings%3DeyJpZCI6MjgxOCwidXJsIjoiaHR0cHM6XC9cL2xlc25vY2VzZGVmbG9yZW50LmZyXC93cC1jb250ZW50XC91cGxvYWRzXC8yMDI0XC8wN1wvTWFyaWFnZS1BZGVsZS1GbGF2aWVuLTUwOS1zY2FsZWQuanBnIiwic2xpZGVzaG93IjoiYjlmODZlYyJ9\">\n\t\t\t\t\t<div class=\"e-gallery-image elementor-gallery-item__image\" data-thumbnail=\"https:\/\/lesnocesdeflorent.fr\/wp-content\/uploads\/2024\/07\/Mariage-Adele-Flavien-509-scaled.jpg\" data-width=\"2560\" data-height=\"1708\" aria-label=\"Meilleur photographe mariage France\" role=\"img\" ><\/div>\n\t\t\t\t\t\t\t\t\t\t\t<div class=\"elementor-gallery-item__overlay\"><\/div>\n\t\t\t\t\t\t\t\t\t\t\t\t\t\t<\/a>\n\t\t\t\t\t\t\t<a class=\"e-gallery-item elementor-gallery-item\" href=\"https:\/\/lesnocesdeflorent.fr\/wp-content\/uploads\/2024\/06\/Mariage-Constance-Antoine-14-scaled.jpg\" data-elementor-open-lightbox=\"yes\" data-elementor-lightbox-slideshow=\"b9f86ec\" data-elementor-lightbox-title=\"Mariage Constance &amp; Antoine-14\" data-elementor-lightbox-description=\"Photographe mariage Vend\u00e9e\" data-e-action-hash=\"#elementor-action%3Aaction%3Dlightbox%26settings%3DeyJpZCI6Mjc2MiwidXJsIjoiaHR0cHM6XC9cL2xlc25vY2VzZGVmbG9yZW50LmZyXC93cC1jb250ZW50XC91cGxvYWRzXC8yMDI0XC8wNlwvTWFyaWFnZS1Db25zdGFuY2UtQW50b2luZS0xNC1zY2FsZWQuanBnIiwic2xpZGVzaG93IjoiYjlmODZlYyJ9\">\n\t\t\t\t\t<div class=\"e-gallery-image elementor-gallery-item__image\" data-thumbnail=\"https:\/\/lesnocesdeflorent.fr\/wp-content\/uploads\/2024\/06\/Mariage-Constance-Antoine-14-scaled.jpg\" data-width=\"2560\" data-height=\"1522\" aria-label=\"Photographe mariage Vend\u00e9e\" role=\"img\" ><\/div>\n\t\t\t\t\t\t\t\t\t\t\t<div class=\"elementor-gallery-item__overlay\"><\/div>\n\t\t\t\t\t\t\t\t\t\t\t\t\t\t<\/a>\n\t\t\t\t\t\t\t<a class=\"e-gallery-item elementor-gallery-item\" href=\"https:\/\/lesnocesdeflorent.fr\/wp-content\/uploads\/2023\/09\/5287ChloeBenoit-jpg.webp\" data-elementor-open-lightbox=\"yes\" data-elementor-lightbox-slideshow=\"b9f86ec\" data-elementor-lightbox-title=\"5287Chloe+Benoit\" data-elementor-lightbox-description=\"Photographe mariage Poitiers\" data-e-action-hash=\"#elementor-action%3Aaction%3Dlightbox%26settings%3DeyJpZCI6MjM2NiwidXJsIjoiaHR0cHM6XC9cL2xlc25vY2VzZGVmbG9yZW50LmZyXC93cC1jb250ZW50XC91cGxvYWRzXC8yMDIzXC8wOVwvNTI4N0NobG9lQmVub2l0LWpwZy53ZWJwIiwic2xpZGVzaG93IjoiYjlmODZlYyJ9\">\n\t\t\t\t\t<div class=\"e-gallery-image elementor-gallery-item__image\" data-thumbnail=\"https:\/\/lesnocesdeflorent.fr\/wp-content\/uploads\/2023\/09\/5287ChloeBenoit-jpg.webp\" data-width=\"1365\" data-height=\"2048\" aria-label=\"Photographe mariage Poitiers\" role=\"img\" ><\/div>\n\t\t\t\t\t\t\t\t\t\t\t<div class=\"elementor-gallery-item__overlay\"><\/div>\n\t\t\t\t\t\t\t\t\t\t\t\t\t\t<\/a>\n\t\t\t\t\t\t\t<a class=\"e-gallery-item elementor-gallery-item\" href=\"https:\/\/lesnocesdeflorent.fr\/wp-content\/uploads\/2024\/08\/Mariage-Eloise-Tom-55.jpg\" data-elementor-open-lightbox=\"yes\" data-elementor-lightbox-slideshow=\"b9f86ec\" data-elementor-lightbox-title=\"Mariage Eloi\u0308se &amp; Tom-55\" data-elementor-lightbox-description=\"Meilleur photographe de mariage \" data-e-action-hash=\"#elementor-action%3Aaction%3Dlightbox%26settings%3DeyJpZCI6Mjg2MiwidXJsIjoiaHR0cHM6XC9cL2xlc25vY2VzZGVmbG9yZW50LmZyXC93cC1jb250ZW50XC91cGxvYWRzXC8yMDI0XC8wOFwvTWFyaWFnZS1FbG9pc2UtVG9tLTU1LmpwZyIsInNsaWRlc2hvdyI6ImI5Zjg2ZWMifQ%3D%3D\">\n\t\t\t\t\t<div class=\"e-gallery-image elementor-gallery-item__image\" data-thumbnail=\"https:\/\/lesnocesdeflorent.fr\/wp-content\/uploads\/2024\/08\/Mariage-Eloise-Tom-55.jpg\" data-width=\"1201\" data-height=\"1800\" aria-label=\"Meilleur photographe de mariage\" role=\"img\" ><\/div>\n\t\t\t\t\t\t\t\t\t\t\t<div class=\"elementor-gallery-item__overlay\"><\/div>\n\t\t\t\t\t\t\t\t\t\t\t\t\t\t<\/a>\n\t\t\t\t\t\t\t<a class=\"e-gallery-item elementor-gallery-item\" href=\"https:\/\/lesnocesdeflorent.fr\/wp-content\/uploads\/2024\/07\/Mariage-Adele-Flavien-479-scaled.jpg\" data-elementor-open-lightbox=\"yes\" data-elementor-lightbox-slideshow=\"b9f86ec\" data-elementor-lightbox-title=\"Mariage Ad\u00e8le &amp; Flavien-479\" data-elementor-lightbox-description=\"Meilleur photographe mariage France\" data-e-action-hash=\"#elementor-action%3Aaction%3Dlightbox%26settings%3DeyJpZCI6MzQ1NywidXJsIjoiaHR0cHM6XC9cL2xlc25vY2VzZGVmbG9yZW50LmZyXC93cC1jb250ZW50XC91cGxvYWRzXC8yMDI0XC8wN1wvTWFyaWFnZS1BZGVsZS1GbGF2aWVuLTQ3OS1zY2FsZWQuanBnIiwic2xpZGVzaG93IjoiYjlmODZlYyJ9\">\n\t\t\t\t\t<div class=\"e-gallery-image elementor-gallery-item__image\" data-thumbnail=\"https:\/\/lesnocesdeflorent.fr\/wp-content\/uploads\/2024\/07\/Mariage-Adele-Flavien-479-scaled.jpg\" data-width=\"1708\" data-height=\"2560\" aria-label=\"\" role=\"img\" ><\/div>\n\t\t\t\t\t\t\t\t\t\t\t<div class=\"elementor-gallery-item__overlay\"><\/div>\n\t\t\t\t\t\t\t\t\t\t\t\t\t\t<\/a>\n\t\t\t\t\t\t\t<a class=\"e-gallery-item elementor-gallery-item\" href=\"https:\/\/lesnocesdeflorent.fr\/wp-content\/uploads\/2023\/09\/Mariage-Eva-Karim-85-jpg.webp\" data-elementor-open-lightbox=\"yes\" data-elementor-lightbox-slideshow=\"b9f86ec\" data-elementor-lightbox-title=\"Mariage Eva &amp; Karim-85\" data-elementor-lightbox-description=\"Photographe mariage Poitiers\" data-e-action-hash=\"#elementor-action%3Aaction%3Dlightbox%26settings%3DeyJpZCI6MjM0NiwidXJsIjoiaHR0cHM6XC9cL2xlc25vY2VzZGVmbG9yZW50LmZyXC93cC1jb250ZW50XC91cGxvYWRzXC8yMDIzXC8wOVwvTWFyaWFnZS1FdmEtS2FyaW0tODUtanBnLndlYnAiLCJzbGlkZXNob3ciOiJiOWY4NmVjIn0%3D\">\n\t\t\t\t\t<div class=\"e-gallery-image elementor-gallery-item__image\" data-thumbnail=\"https:\/\/lesnocesdeflorent.fr\/wp-content\/uploads\/2023\/09\/Mariage-Eva-Karim-85-jpg.webp\" data-width=\"2048\" data-height=\"1365\" aria-label=\"Photographe mariage Poitiers\" role=\"img\" ><\/div>\n\t\t\t\t\t\t\t\t\t\t\t<div class=\"elementor-gallery-item__overlay\"><\/div>\n\t\t\t\t\t\t\t\t\t\t\t\t\t\t<\/a>\n\t\t\t\t\t\t\t<a class=\"e-gallery-item elementor-gallery-item\" href=\"https:\/\/lesnocesdeflorent.fr\/wp-content\/uploads\/2023\/10\/Mylene-_-Johan-134-jpg.webp\" data-elementor-open-lightbox=\"yes\" data-elementor-lightbox-slideshow=\"b9f86ec\" data-elementor-lightbox-title=\"Myl\u00e8ne _ Johan-134\" data-elementor-lightbox-description=\"Photographe mariage Poitiers\" data-e-action-hash=\"#elementor-action%3Aaction%3Dlightbox%26settings%3DeyJpZCI6MjQzMCwidXJsIjoiaHR0cHM6XC9cL2xlc25vY2VzZGVmbG9yZW50LmZyXC93cC1jb250ZW50XC91cGxvYWRzXC8yMDIzXC8xMFwvTXlsZW5lLV8tSm9oYW4tMTM0LWpwZy53ZWJwIiwic2xpZGVzaG93IjoiYjlmODZlYyJ9\">\n\t\t\t\t\t<div class=\"e-gallery-image elementor-gallery-item__image\" data-thumbnail=\"https:\/\/lesnocesdeflorent.fr\/wp-content\/uploads\/2023\/10\/Mylene-_-Johan-134-jpg.webp\" data-width=\"1366\" data-height=\"2048\" aria-label=\"Photographe mariage Poitiers\" role=\"img\" ><\/div>\n\t\t\t\t\t\t\t\t\t\t\t<div class=\"elementor-gallery-item__overlay\"><\/div>\n\t\t\t\t\t\t\t\t\t\t\t\t\t\t<\/a>\n\t\t\t\t\t\t\t<a class=\"e-gallery-item elementor-gallery-item\" href=\"https:\/\/lesnocesdeflorent.fr\/wp-content\/uploads\/2024\/09\/Mariage-Justine-Giovanni-987.jpg\" data-elementor-open-lightbox=\"yes\" data-elementor-lightbox-slideshow=\"b9f86ec\" data-elementor-lightbox-title=\"Mariage Justine &amp; Giovanni-987\" data-elementor-lightbox-description=\"Photographe mariage La Rochelle\" data-e-action-hash=\"#elementor-action%3Aaction%3Dlightbox%26settings%3DeyJpZCI6Mjk1OCwidXJsIjoiaHR0cHM6XC9cL2xlc25vY2VzZGVmbG9yZW50LmZyXC93cC1jb250ZW50XC91cGxvYWRzXC8yMDI0XC8wOVwvTWFyaWFnZS1KdXN0aW5lLUdpb3Zhbm5pLTk4Ny5qcGciLCJzbGlkZXNob3ciOiJiOWY4NmVjIn0%3D\">\n\t\t\t\t\t<div class=\"e-gallery-image elementor-gallery-item__image\" data-thumbnail=\"https:\/\/lesnocesdeflorent.fr\/wp-content\/uploads\/2024\/09\/Mariage-Justine-Giovanni-987.jpg\" data-width=\"1467\" data-height=\"2200\" aria-label=\"Photographe mariage La Rochelle\" role=\"img\" ><\/div>\n\t\t\t\t\t\t\t\t\t\t\t<div class=\"elementor-gallery-item__overlay\"><\/div>\n\t\t\t\t\t\t\t\t\t\t\t\t\t\t<\/a>\n\t\t\t\t\t\t\t<a class=\"e-gallery-item elementor-gallery-item\" href=\"https:\/\/lesnocesdeflorent.fr\/wp-content\/uploads\/2023\/10\/Mylene-Johan-541-jpg.webp\" data-elementor-open-lightbox=\"yes\" data-elementor-lightbox-slideshow=\"b9f86ec\" data-elementor-lightbox-title=\"Myl\u00e8ne &amp; Johan-541\" data-elementor-lightbox-description=\"Photographe mariage Poitiers\" data-e-action-hash=\"#elementor-action%3Aaction%3Dlightbox%26settings%3DeyJpZCI6MjQyNSwidXJsIjoiaHR0cHM6XC9cL2xlc25vY2VzZGVmbG9yZW50LmZyXC93cC1jb250ZW50XC91cGxvYWRzXC8yMDIzXC8xMFwvTXlsZW5lLUpvaGFuLTU0MS1qcGcud2VicCIsInNsaWRlc2hvdyI6ImI5Zjg2ZWMifQ%3D%3D\">\n\t\t\t\t\t<div class=\"e-gallery-image elementor-gallery-item__image\" data-thumbnail=\"https:\/\/lesnocesdeflorent.fr\/wp-content\/uploads\/2023\/10\/Mylene-Johan-541-jpg.webp\" data-width=\"2048\" data-height=\"1365\" aria-label=\"Photographe mariage Poitiers\" role=\"img\" ><\/div>\n\t\t\t\t\t\t\t\t\t\t\t<div class=\"elementor-gallery-item__overlay\"><\/div>\n\t\t\t\t\t\t\t\t\t\t\t\t\t\t<\/a>\n\t\t\t\t\t\t\t<a class=\"e-gallery-item elementor-gallery-item\" href=\"https:\/\/lesnocesdeflorent.fr\/wp-content\/uploads\/2023\/09\/Mariage-Audrey-Olivier-102-jpg.webp\" data-elementor-open-lightbox=\"yes\" data-elementor-lightbox-slideshow=\"b9f86ec\" data-elementor-lightbox-title=\"Mariage Audrey &amp; Olivier-102\" data-elementor-lightbox-description=\"Photographe mariage Poitiers\" data-e-action-hash=\"#elementor-action%3Aaction%3Dlightbox%26settings%3DeyJpZCI6MzI2NywidXJsIjoiaHR0cHM6XC9cL2xlc25vY2VzZGVmbG9yZW50LmZyXC93cC1jb250ZW50XC91cGxvYWRzXC8yMDIzXC8wOVwvTWFyaWFnZS1BdWRyZXktT2xpdmllci0xMDItanBnLndlYnAiLCJzbGlkZXNob3ciOiJiOWY4NmVjIn0%3D\">\n\t\t\t\t\t<div class=\"e-gallery-image elementor-gallery-item__image\" data-thumbnail=\"https:\/\/lesnocesdeflorent.fr\/wp-content\/uploads\/2023\/09\/Mariage-Audrey-Olivier-102-jpg.webp\" data-width=\"1366\" data-height=\"2048\" aria-label=\"\" role=\"img\" ><\/div>\n\t\t\t\t\t\t\t\t\t\t\t<div class=\"elementor-gallery-item__overlay\"><\/div>\n\t\t\t\t\t\t\t\t\t\t\t\t\t\t<\/a>\n\t\t\t\t\t\t\t<a class=\"e-gallery-item elementor-gallery-item\" href=\"https:\/\/lesnocesdeflorent.fr\/wp-content\/uploads\/2022\/09\/Mariage-Camille-et-Nathan-111.jpg\" data-elementor-open-lightbox=\"yes\" data-elementor-lightbox-slideshow=\"b9f86ec\" data-elementor-lightbox-title=\"Photographe de mariage Poitiers\" data-elementor-lightbox-description=\"Photographe mariage Poitiers\" data-e-action-hash=\"#elementor-action%3Aaction%3Dlightbox%26settings%3DeyJpZCI6Mzk3LCJ1cmwiOiJodHRwczpcL1wvbGVzbm9jZXNkZWZsb3JlbnQuZnJcL3dwLWNvbnRlbnRcL3VwbG9hZHNcLzIwMjJcLzA5XC9NYXJpYWdlLUNhbWlsbGUtZXQtTmF0aGFuLTExMS5qcGciLCJzbGlkZXNob3ciOiJiOWY4NmVjIn0%3D\">\n\t\t\t\t\t<div class=\"e-gallery-image elementor-gallery-item__image\" data-thumbnail=\"https:\/\/lesnocesdeflorent.fr\/wp-content\/uploads\/2022\/09\/Mariage-Camille-et-Nathan-111.jpg\" data-width=\"1365\" data-height=\"2048\" aria-label=\"Photographe mariage Poitiers\" role=\"img\" ><\/div>\n\t\t\t\t\t\t\t\t\t\t\t<div class=\"elementor-gallery-item__overlay\"><\/div>\n\t\t\t\t\t\t\t\t\t\t\t\t\t\t<\/a>\n\t\t\t\t\t\t\t<a class=\"e-gallery-item elementor-gallery-item\" href=\"https:\/\/lesnocesdeflorent.fr\/wp-content\/uploads\/2023\/09\/Mariage-Eva-Karim-96-jpg.webp\" data-elementor-open-lightbox=\"yes\" data-elementor-lightbox-slideshow=\"b9f86ec\" data-elementor-lightbox-title=\"Mariage Eva &amp; Karim-96\" data-elementor-lightbox-description=\"Photographe mariage Poitiers\" data-e-action-hash=\"#elementor-action%3Aaction%3Dlightbox%26settings%3DeyJpZCI6MzMzOSwidXJsIjoiaHR0cHM6XC9cL2xlc25vY2VzZGVmbG9yZW50LmZyXC93cC1jb250ZW50XC91cGxvYWRzXC8yMDIzXC8wOVwvTWFyaWFnZS1FdmEtS2FyaW0tOTYtanBnLndlYnAiLCJzbGlkZXNob3ciOiJiOWY4NmVjIn0%3D\">\n\t\t\t\t\t<div class=\"e-gallery-image elementor-gallery-item__image\" data-thumbnail=\"https:\/\/lesnocesdeflorent.fr\/wp-content\/uploads\/2023\/09\/Mariage-Eva-Karim-96-jpg.webp\" data-width=\"2048\" data-height=\"1365\" aria-label=\"\" role=\"img\" ><\/div>\n\t\t\t\t\t\t\t\t\t\t\t<div class=\"elementor-gallery-item__overlay\"><\/div>\n\t\t\t\t\t\t\t\t\t\t\t\t\t\t<\/a>\n\t\t\t\t\t\t\t<a class=\"e-gallery-item elementor-gallery-item\" href=\"https:\/\/lesnocesdeflorent.fr\/wp-content\/uploads\/2024\/08\/Karen-Maurits-wedding-534.jpg\" data-elementor-open-lightbox=\"yes\" data-elementor-lightbox-slideshow=\"b9f86ec\" data-elementor-lightbox-title=\"Karen &amp; Maurits wedding-534\" data-elementor-lightbox-description=\"Meilleur photographe de mariage \" data-e-action-hash=\"#elementor-action%3Aaction%3Dlightbox%26settings%3DeyJpZCI6MzUyNSwidXJsIjoiaHR0cHM6XC9cL2xlc25vY2VzZGVmbG9yZW50LmZyXC93cC1jb250ZW50XC91cGxvYWRzXC8yMDI0XC8wOFwvS2FyZW4tTWF1cml0cy13ZWRkaW5nLTUzNC5qcGciLCJzbGlkZXNob3ciOiJiOWY4NmVjIn0%3D\">\n\t\t\t\t\t<div class=\"e-gallery-image elementor-gallery-item__image\" data-thumbnail=\"https:\/\/lesnocesdeflorent.fr\/wp-content\/uploads\/2024\/08\/Karen-Maurits-wedding-534.jpg\" data-width=\"734\" data-height=\"1100\" aria-label=\"\" role=\"img\" ><\/div>\n\t\t\t\t\t\t\t\t\t\t\t<div class=\"elementor-gallery-item__overlay\"><\/div>\n\t\t\t\t\t\t\t\t\t\t\t\t\t\t<\/a>\n\t\t\t\t\t\t\t<a class=\"e-gallery-item elementor-gallery-item\" href=\"https:\/\/lesnocesdeflorent.fr\/wp-content\/uploads\/2023\/04\/Photographe_mariage_poitiers_60-jpg.webp\" data-elementor-open-lightbox=\"yes\" data-elementor-lightbox-slideshow=\"b9f86ec\" data-elementor-lightbox-title=\"photographe mariage Poitiers\" data-elementor-lightbox-description=\"photographe mariage Poitiers\" data-e-action-hash=\"#elementor-action%3Aaction%3Dlightbox%26settings%3DeyJpZCI6MjAwNiwidXJsIjoiaHR0cHM6XC9cL2xlc25vY2VzZGVmbG9yZW50LmZyXC93cC1jb250ZW50XC91cGxvYWRzXC8yMDIzXC8wNFwvUGhvdG9ncmFwaGVfbWFyaWFnZV9wb2l0aWVyc182MC1qcGcud2VicCIsInNsaWRlc2hvdyI6ImI5Zjg2ZWMifQ%3D%3D\">\n\t\t\t\t\t<div class=\"e-gallery-image elementor-gallery-item__image\" data-thumbnail=\"https:\/\/lesnocesdeflorent.fr\/wp-content\/uploads\/2023\/04\/Photographe_mariage_poitiers_60-jpg.webp\" data-width=\"1067\" data-height=\"1600\" aria-label=\"photographe mariage Poitiers\" role=\"img\" ><\/div>\n\t\t\t\t\t\t\t\t\t\t\t<div class=\"elementor-gallery-item__overlay\"><\/div>\n\t\t\t\t\t\t\t\t\t\t\t\t\t\t<\/a>\n\t\t\t\t\t\t\t<a class=\"e-gallery-item elementor-gallery-item\" href=\"https:\/\/lesnocesdeflorent.fr\/wp-content\/uploads\/2022\/09\/Mariage-Camille-et-Nathan-77.jpg\" data-elementor-open-lightbox=\"yes\" data-elementor-lightbox-slideshow=\"b9f86ec\" data-elementor-lightbox-title=\"Photographe mariage Niort\" data-elementor-lightbox-description=\"Photographe mariage Niort\" data-e-action-hash=\"#elementor-action%3Aaction%3Dlightbox%26settings%3DeyJpZCI6MzAxOCwidXJsIjoiaHR0cHM6XC9cL2xlc25vY2VzZGVmbG9yZW50LmZyXC93cC1jb250ZW50XC91cGxvYWRzXC8yMDIyXC8wOVwvTWFyaWFnZS1DYW1pbGxlLWV0LU5hdGhhbi03Ny5qcGciLCJzbGlkZXNob3ciOiJiOWY4NmVjIn0%3D\">\n\t\t\t\t\t<div class=\"e-gallery-image elementor-gallery-item__image\" data-thumbnail=\"https:\/\/lesnocesdeflorent.fr\/wp-content\/uploads\/2022\/09\/Mariage-Camille-et-Nathan-77.jpg\" data-width=\"1325\" data-height=\"2048\" aria-label=\"\" role=\"img\" ><\/div>\n\t\t\t\t\t\t\t\t\t\t\t<div class=\"elementor-gallery-item__overlay\"><\/div>\n\t\t\t\t\t\t\t\t\t\t\t\t\t\t<\/a>\n\t\t\t\t\t\t\t<a class=\"e-gallery-item elementor-gallery-item\" href=\"https:\/\/lesnocesdeflorent.fr\/wp-content\/uploads\/2024\/08\/Karen-Maurits-wedding-363.jpg\" data-elementor-open-lightbox=\"yes\" data-elementor-lightbox-slideshow=\"b9f86ec\" data-elementor-lightbox-title=\"Karen &amp; Maurits wedding-363\" data-elementor-lightbox-description=\"Meilleur photographe de mariage \" data-e-action-hash=\"#elementor-action%3Aaction%3Dlightbox%26settings%3DeyJpZCI6Mjg5MSwidXJsIjoiaHR0cHM6XC9cL2xlc25vY2VzZGVmbG9yZW50LmZyXC93cC1jb250ZW50XC91cGxvYWRzXC8yMDI0XC8wOFwvS2FyZW4tTWF1cml0cy13ZWRkaW5nLTM2My5qcGciLCJzbGlkZXNob3ciOiJiOWY4NmVjIn0%3D\">\n\t\t\t\t\t<div class=\"e-gallery-image elementor-gallery-item__image\" data-thumbnail=\"https:\/\/lesnocesdeflorent.fr\/wp-content\/uploads\/2024\/08\/Karen-Maurits-wedding-363.jpg\" data-width=\"734\" data-height=\"1100\" aria-label=\"Meilleur photographe de mariage\" role=\"img\" ><\/div>\n\t\t\t\t\t\t\t\t\t\t\t<div class=\"elementor-gallery-item__overlay\"><\/div>\n\t\t\t\t\t\t\t\t\t\t\t\t\t\t<\/a>\n\t\t\t\t\t\t\t<a class=\"e-gallery-item elementor-gallery-item\" href=\"https:\/\/lesnocesdeflorent.fr\/wp-content\/uploads\/2024\/08\/Mariage-Eloise-Tom-755.jpg\" data-elementor-open-lightbox=\"yes\" data-elementor-lightbox-slideshow=\"b9f86ec\" data-elementor-lightbox-title=\"Mariage Eloi\u0308se &amp; Tom-755\" data-elementor-lightbox-description=\"Meilleur photographe de mariage \" data-e-action-hash=\"#elementor-action%3Aaction%3Dlightbox%26settings%3DeyJpZCI6Mjg3MywidXJsIjoiaHR0cHM6XC9cL2xlc25vY2VzZGVmbG9yZW50LmZyXC93cC1jb250ZW50XC91cGxvYWRzXC8yMDI0XC8wOFwvTWFyaWFnZS1FbG9pc2UtVG9tLTc1NS5qcGciLCJzbGlkZXNob3ciOiJiOWY4NmVjIn0%3D\">\n\t\t\t\t\t<div class=\"e-gallery-image elementor-gallery-item__image\" data-thumbnail=\"https:\/\/lesnocesdeflorent.fr\/wp-content\/uploads\/2024\/08\/Mariage-Eloise-Tom-755.jpg\" data-width=\"1800\" data-height=\"1201\" aria-label=\"Meilleur photographe de mariage\" role=\"img\" ><\/div>\n\t\t\t\t\t\t\t\t\t\t\t<div class=\"elementor-gallery-item__overlay\"><\/div>\n\t\t\t\t\t\t\t\t\t\t\t\t\t\t<\/a>\n\t\t\t\t\t\t\t<a class=\"e-gallery-item elementor-gallery-item\" href=\"https:\/\/lesnocesdeflorent.fr\/wp-content\/uploads\/2023\/09\/Mariage-Audrey-Olivier-108-jpg.webp\" data-elementor-open-lightbox=\"yes\" data-elementor-lightbox-slideshow=\"b9f86ec\" data-elementor-lightbox-title=\"Mariage Audrey &amp; Olivier-108\" data-elementor-lightbox-description=\"Photographe mariage Poitiers\" data-e-action-hash=\"#elementor-action%3Aaction%3Dlightbox%26settings%3DeyJpZCI6MzI2OSwidXJsIjoiaHR0cHM6XC9cL2xlc25vY2VzZGVmbG9yZW50LmZyXC93cC1jb250ZW50XC91cGxvYWRzXC8yMDIzXC8wOVwvTWFyaWFnZS1BdWRyZXktT2xpdmllci0xMDgtanBnLndlYnAiLCJzbGlkZXNob3ciOiJiOWY4NmVjIn0%3D\">\n\t\t\t\t\t<div class=\"e-gallery-image elementor-gallery-item__image\" data-thumbnail=\"https:\/\/lesnocesdeflorent.fr\/wp-content\/uploads\/2023\/09\/Mariage-Audrey-Olivier-108-jpg.webp\" data-width=\"1366\" data-height=\"2048\" aria-label=\"\" role=\"img\" ><\/div>\n\t\t\t\t\t\t\t\t\t\t\t<div class=\"elementor-gallery-item__overlay\"><\/div>\n\t\t\t\t\t\t\t\t\t\t\t\t\t\t<\/a>\n\t\t\t\t\t\t\t<a class=\"e-gallery-item elementor-gallery-item\" href=\"https:\/\/lesnocesdeflorent.fr\/wp-content\/uploads\/2023\/04\/Photographe_mariage_poitiers_62-jpg.webp\" data-elementor-open-lightbox=\"yes\" data-elementor-lightbox-slideshow=\"b9f86ec\" data-elementor-lightbox-title=\"photographe mariage Poitiers\" data-elementor-lightbox-description=\"photographe mariage Poitiers\" data-e-action-hash=\"#elementor-action%3Aaction%3Dlightbox%26settings%3DeyJpZCI6MzEyNywidXJsIjoiaHR0cHM6XC9cL2xlc25vY2VzZGVmbG9yZW50LmZyXC93cC1jb250ZW50XC91cGxvYWRzXC8yMDIzXC8wNFwvUGhvdG9ncmFwaGVfbWFyaWFnZV9wb2l0aWVyc182Mi1qcGcud2VicCIsInNsaWRlc2hvdyI6ImI5Zjg2ZWMifQ%3D%3D\">\n\t\t\t\t\t<div class=\"e-gallery-image elementor-gallery-item__image\" data-thumbnail=\"https:\/\/lesnocesdeflorent.fr\/wp-content\/uploads\/2023\/04\/Photographe_mariage_poitiers_62-jpg.webp\" data-width=\"1067\" data-height=\"1600\" aria-label=\"\" role=\"img\" ><\/div>\n\t\t\t\t\t\t\t\t\t\t\t<div class=\"elementor-gallery-item__overlay\"><\/div>\n\t\t\t\t\t\t\t\t\t\t\t\t\t\t<\/a>\n\t\t\t\t\t\t\t<a class=\"e-gallery-item elementor-gallery-item\" href=\"https:\/\/lesnocesdeflorent.fr\/wp-content\/uploads\/2023\/10\/Mariage-Suwan-Quentin-122-jpg.webp\" data-elementor-open-lightbox=\"yes\" data-elementor-lightbox-slideshow=\"b9f86ec\" data-elementor-lightbox-title=\"Mariage Suwan &amp; Quentin-122\" data-elementor-lightbox-description=\"Photographe mariage Poitiers\" data-e-action-hash=\"#elementor-action%3Aaction%3Dlightbox%26settings%3DeyJpZCI6MjQwNiwidXJsIjoiaHR0cHM6XC9cL2xlc25vY2VzZGVmbG9yZW50LmZyXC93cC1jb250ZW50XC91cGxvYWRzXC8yMDIzXC8xMFwvTWFyaWFnZS1TdXdhbi1RdWVudGluLTEyMi1qcGcud2VicCIsInNsaWRlc2hvdyI6ImI5Zjg2ZWMifQ%3D%3D\">\n\t\t\t\t\t<div class=\"e-gallery-image elementor-gallery-item__image\" data-thumbnail=\"https:\/\/lesnocesdeflorent.fr\/wp-content\/uploads\/2023\/10\/Mariage-Suwan-Quentin-122-jpg.webp\" data-width=\"1365\" data-height=\"2048\" aria-label=\"Photographe mariage Poitiers\" role=\"img\" ><\/div>\n\t\t\t\t\t\t\t\t\t\t\t<div class=\"elementor-gallery-item__overlay\"><\/div>\n\t\t\t\t\t\t\t\t\t\t\t\t\t\t<\/a>\n\t\t\t\t\t\t\t<a class=\"e-gallery-item elementor-gallery-item\" href=\"https:\/\/lesnocesdeflorent.fr\/wp-content\/uploads\/2023\/07\/Mariage-Matt-Emilie-746-jpg.webp\" data-elementor-open-lightbox=\"yes\" data-elementor-lightbox-slideshow=\"b9f86ec\" data-elementor-lightbox-title=\"Mariage Matt &amp; Emilie-746\" data-elementor-lightbox-description=\"Photographe mariage Poitiers\" data-e-action-hash=\"#elementor-action%3Aaction%3Dlightbox%26settings%3DeyJpZCI6MjIzNywidXJsIjoiaHR0cHM6XC9cL2xlc25vY2VzZGVmbG9yZW50LmZyXC93cC1jb250ZW50XC91cGxvYWRzXC8yMDIzXC8wN1wvTWFyaWFnZS1NYXR0LUVtaWxpZS03NDYtanBnLndlYnAiLCJzbGlkZXNob3ciOiJiOWY4NmVjIn0%3D\">\n\t\t\t\t\t<div class=\"e-gallery-image elementor-gallery-item__image\" data-thumbnail=\"https:\/\/lesnocesdeflorent.fr\/wp-content\/uploads\/2023\/07\/Mariage-Matt-Emilie-746-jpg.webp\" data-width=\"1200\" data-height=\"800\" aria-label=\"Photographe mariage Poitiers\" role=\"img\" ><\/div>\n\t\t\t\t\t\t\t\t\t\t\t<div class=\"elementor-gallery-item__overlay\"><\/div>\n\t\t\t\t\t\t\t\t\t\t\t\t\t\t<\/a>\n\t\t\t\t\t\t\t<a class=\"e-gallery-item elementor-gallery-item\" href=\"https:\/\/lesnocesdeflorent.fr\/wp-content\/uploads\/2023\/04\/Photographe_mariage_poitiers_58-jpg.webp\" data-elementor-open-lightbox=\"yes\" data-elementor-lightbox-slideshow=\"b9f86ec\" data-elementor-lightbox-title=\"photographe mariage Poitiers\" data-elementor-lightbox-description=\"photographe mariage Poitiers\" data-e-action-hash=\"#elementor-action%3Aaction%3Dlightbox%26settings%3DeyJpZCI6MzEzMSwidXJsIjoiaHR0cHM6XC9cL2xlc25vY2VzZGVmbG9yZW50LmZyXC93cC1jb250ZW50XC91cGxvYWRzXC8yMDIzXC8wNFwvUGhvdG9ncmFwaGVfbWFyaWFnZV9wb2l0aWVyc181OC1qcGcud2VicCIsInNsaWRlc2hvdyI6ImI5Zjg2ZWMifQ%3D%3D\">\n\t\t\t\t\t<div class=\"e-gallery-image elementor-gallery-item__image\" data-thumbnail=\"https:\/\/lesnocesdeflorent.fr\/wp-content\/uploads\/2023\/04\/Photographe_mariage_poitiers_58-jpg.webp\" data-width=\"1067\" data-height=\"1600\" aria-label=\"\" role=\"img\" ><\/div>\n\t\t\t\t\t\t\t\t\t\t\t<div class=\"elementor-gallery-item__overlay\"><\/div>\n\t\t\t\t\t\t\t\t\t\t\t\t\t\t<\/a>\n\t\t\t\t\t\t\t<a class=\"e-gallery-item elementor-gallery-item\" href=\"https:\/\/lesnocesdeflorent.fr\/wp-content\/uploads\/2023\/09\/Mariage-Eva-Karim-234-jpg.webp\" data-elementor-open-lightbox=\"yes\" data-elementor-lightbox-slideshow=\"b9f86ec\" data-elementor-lightbox-title=\"Mariage Eva &amp; Karim-234\" data-e-action-hash=\"#elementor-action%3Aaction%3Dlightbox%26settings%3DeyJpZCI6MzM0NiwidXJsIjoiaHR0cHM6XC9cL2xlc25vY2VzZGVmbG9yZW50LmZyXC93cC1jb250ZW50XC91cGxvYWRzXC8yMDIzXC8wOVwvTWFyaWFnZS1FdmEtS2FyaW0tMjM0LWpwZy53ZWJwIiwic2xpZGVzaG93IjoiYjlmODZlYyJ9\">\n\t\t\t\t\t<div class=\"e-gallery-image elementor-gallery-item__image\" data-thumbnail=\"https:\/\/lesnocesdeflorent.fr\/wp-content\/uploads\/2023\/09\/Mariage-Eva-Karim-234-jpg.webp\" data-width=\"1365\" data-height=\"2048\" aria-label=\"\" role=\"img\" ><\/div>\n\t\t\t\t\t\t\t\t\t\t\t<div class=\"elementor-gallery-item__overlay\"><\/div>\n\t\t\t\t\t\t\t\t\t\t\t\t\t\t<\/a>\n\t\t\t\t\t\t\t<a class=\"e-gallery-item elementor-gallery-item\" href=\"https:\/\/lesnocesdeflorent.fr\/wp-content\/uploads\/2024\/08\/Mariage-Eloise-Tom-1135.jpg\" data-elementor-open-lightbox=\"yes\" data-elementor-lightbox-slideshow=\"b9f86ec\" data-elementor-lightbox-title=\"Mariage Eloi\u0308se &amp; Tom-1135\" data-elementor-lightbox-description=\"Meilleur photographe de mariage \" data-e-action-hash=\"#elementor-action%3Aaction%3Dlightbox%26settings%3DeyJpZCI6Mjg4MSwidXJsIjoiaHR0cHM6XC9cL2xlc25vY2VzZGVmbG9yZW50LmZyXC93cC1jb250ZW50XC91cGxvYWRzXC8yMDI0XC8wOFwvTWFyaWFnZS1FbG9pc2UtVG9tLTExMzUuanBnIiwic2xpZGVzaG93IjoiYjlmODZlYyJ9\">\n\t\t\t\t\t<div class=\"e-gallery-image elementor-gallery-item__image\" data-thumbnail=\"https:\/\/lesnocesdeflorent.fr\/wp-content\/uploads\/2024\/08\/Mariage-Eloise-Tom-1135.jpg\" data-width=\"1800\" data-height=\"1201\" aria-label=\"Meilleur photographe de mariage\" role=\"img\" ><\/div>\n\t\t\t\t\t\t\t\t\t\t\t<div class=\"elementor-gallery-item__overlay\"><\/div>\n\t\t\t\t\t\t\t\t\t\t\t\t\t\t<\/a>\n\t\t\t\t\t\t\t<a class=\"e-gallery-item elementor-gallery-item\" href=\"https:\/\/lesnocesdeflorent.fr\/wp-content\/uploads\/2024\/08\/Mariage-Eloise-Tom-1165.jpg\" data-elementor-open-lightbox=\"yes\" data-elementor-lightbox-slideshow=\"b9f86ec\" data-elementor-lightbox-title=\"Mariage Eloi\u0308se &amp; Tom-1165\" data-elementor-lightbox-description=\"Meilleur photographe de mariage \" data-e-action-hash=\"#elementor-action%3Aaction%3Dlightbox%26settings%3DeyJpZCI6Mjg4MywidXJsIjoiaHR0cHM6XC9cL2xlc25vY2VzZGVmbG9yZW50LmZyXC93cC1jb250ZW50XC91cGxvYWRzXC8yMDI0XC8wOFwvTWFyaWFnZS1FbG9pc2UtVG9tLTExNjUuanBnIiwic2xpZGVzaG93IjoiYjlmODZlYyJ9\">\n\t\t\t\t\t<div class=\"e-gallery-image elementor-gallery-item__image\" data-thumbnail=\"https:\/\/lesnocesdeflorent.fr\/wp-content\/uploads\/2024\/08\/Mariage-Eloise-Tom-1165.jpg\" data-width=\"1800\" data-height=\"1201\" aria-label=\"Meilleur photographe de mariage\" role=\"img\" ><\/div>\n\t\t\t\t\t\t\t\t\t\t\t<div class=\"elementor-gallery-item__overlay\"><\/div>\n\t\t\t\t\t\t\t\t\t\t\t\t\t\t<\/a>\n\t\t\t\t\t\t\t<a class=\"e-gallery-item elementor-gallery-item\" href=\"https:\/\/lesnocesdeflorent.fr\/wp-content\/uploads\/2023\/10\/Mariage-Suwan-Quentin-508-jpg.webp\" data-elementor-open-lightbox=\"yes\" data-elementor-lightbox-slideshow=\"b9f86ec\" data-elementor-lightbox-title=\"Mariage Suwan &amp; Quentin-508\" data-elementor-lightbox-description=\"Photographe mariage Poitiers\" data-e-action-hash=\"#elementor-action%3Aaction%3Dlightbox%26settings%3DeyJpZCI6MjQyMCwidXJsIjoiaHR0cHM6XC9cL2xlc25vY2VzZGVmbG9yZW50LmZyXC93cC1jb250ZW50XC91cGxvYWRzXC8yMDIzXC8xMFwvTWFyaWFnZS1TdXdhbi1RdWVudGluLTUwOC1qcGcud2VicCIsInNsaWRlc2hvdyI6ImI5Zjg2ZWMifQ%3D%3D\">\n\t\t\t\t\t<div class=\"e-gallery-image elementor-gallery-item__image\" data-thumbnail=\"https:\/\/lesnocesdeflorent.fr\/wp-content\/uploads\/2023\/10\/Mariage-Suwan-Quentin-508-jpg.webp\" data-width=\"1366\" data-height=\"2048\" aria-label=\"Photographe mariage Poitiers\" role=\"img\" ><\/div>\n\t\t\t\t\t\t\t\t\t\t\t<div class=\"elementor-gallery-item__overlay\"><\/div>\n\t\t\t\t\t\t\t\t\t\t\t\t\t\t<\/a>\n\t\t\t\t\t\t\t<a class=\"e-gallery-item elementor-gallery-item\" href=\"https:\/\/lesnocesdeflorent.fr\/wp-content\/uploads\/2024\/07\/Mariage-Adele-Flavien-737-scaled.jpg\" data-elementor-open-lightbox=\"yes\" data-elementor-lightbox-slideshow=\"b9f86ec\" data-elementor-lightbox-title=\"Mariage Ad\u00e8le &amp; Flavien-737\" data-elementor-lightbox-description=\"Meilleur photographe mariage France\" data-e-action-hash=\"#elementor-action%3Aaction%3Dlightbox%26settings%3DeyJpZCI6MjgyMCwidXJsIjoiaHR0cHM6XC9cL2xlc25vY2VzZGVmbG9yZW50LmZyXC93cC1jb250ZW50XC91cGxvYWRzXC8yMDI0XC8wN1wvTWFyaWFnZS1BZGVsZS1GbGF2aWVuLTczNy1zY2FsZWQuanBnIiwic2xpZGVzaG93IjoiYjlmODZlYyJ9\">\n\t\t\t\t\t<div class=\"e-gallery-image elementor-gallery-item__image\" data-thumbnail=\"https:\/\/lesnocesdeflorent.fr\/wp-content\/uploads\/2024\/07\/Mariage-Adele-Flavien-737-scaled.jpg\" data-width=\"2560\" data-height=\"1708\" aria-label=\"Meilleur photographe mariage France\" role=\"img\" ><\/div>\n\t\t\t\t\t\t\t\t\t\t\t<div class=\"elementor-gallery-item__overlay\"><\/div>\n\t\t\t\t\t\t\t\t\t\t\t\t\t\t<\/a>\n\t\t\t\t\t\t\t<a class=\"e-gallery-item elementor-gallery-item\" href=\"https:\/\/lesnocesdeflorent.fr\/wp-content\/uploads\/2023\/07\/Mariage-Aylin-Ludovic-169-jpg.webp\" data-elementor-open-lightbox=\"yes\" data-elementor-lightbox-slideshow=\"b9f86ec\" data-elementor-lightbox-title=\"photographe mariage Poitiers\" data-elementor-lightbox-description=\"photographe mariage Poitiers\" data-e-action-hash=\"#elementor-action%3Aaction%3Dlightbox%26settings%3DeyJpZCI6MjE5MywidXJsIjoiaHR0cHM6XC9cL2xlc25vY2VzZGVmbG9yZW50LmZyXC93cC1jb250ZW50XC91cGxvYWRzXC8yMDIzXC8wN1wvTWFyaWFnZS1BeWxpbi1MdWRvdmljLTE2OS1qcGcud2VicCIsInNsaWRlc2hvdyI6ImI5Zjg2ZWMifQ%3D%3D\">\n\t\t\t\t\t<div class=\"e-gallery-image elementor-gallery-item__image\" data-thumbnail=\"https:\/\/lesnocesdeflorent.fr\/wp-content\/uploads\/2023\/07\/Mariage-Aylin-Ludovic-169-jpg.webp\" data-width=\"1366\" data-height=\"2048\" aria-label=\"photographe mariage Poitiers\" role=\"img\" ><\/div>\n\t\t\t\t\t\t\t\t\t\t\t<div class=\"elementor-gallery-item__overlay\"><\/div>\n\t\t\t\t\t\t\t\t\t\t\t\t\t\t<\/a>\n\t\t\t\t\t\t\t<a class=\"e-gallery-item elementor-gallery-item\" href=\"https:\/\/lesnocesdeflorent.fr\/wp-content\/uploads\/2024\/12\/Mariage-Helene-Paul-1402-scaled.jpg\" data-elementor-open-lightbox=\"yes\" data-elementor-lightbox-slideshow=\"b9f86ec\" data-elementor-lightbox-title=\"Mariage He\u0301le\u0300ne &amp; Paul-1402\" data-e-action-hash=\"#elementor-action%3Aaction%3Dlightbox%26settings%3DeyJpZCI6Mzc2MSwidXJsIjoiaHR0cHM6XC9cL2xlc25vY2VzZGVmbG9yZW50LmZyXC93cC1jb250ZW50XC91cGxvYWRzXC8yMDI0XC8xMlwvTWFyaWFnZS1IZWxlbmUtUGF1bC0xNDAyLXNjYWxlZC5qcGciLCJzbGlkZXNob3ciOiJiOWY4NmVjIn0%3D\">\n\t\t\t\t\t<div class=\"e-gallery-image elementor-gallery-item__image\" data-thumbnail=\"https:\/\/lesnocesdeflorent.fr\/wp-content\/uploads\/2024\/12\/Mariage-Helene-Paul-1402-scaled.jpg\" data-width=\"1708\" data-height=\"2560\" aria-label=\"\" role=\"img\" ><\/div>\n\t\t\t\t\t\t\t\t\t\t\t<div class=\"elementor-gallery-item__overlay\"><\/div>\n\t\t\t\t\t\t\t\t\t\t\t\t\t\t<\/a>\n\t\t\t\t\t\t\t<a class=\"e-gallery-item elementor-gallery-item\" href=\"https:\/\/lesnocesdeflorent.fr\/wp-content\/uploads\/2023\/10\/Mariage-Suwan-Quentin-425-jpg.webp\" data-elementor-open-lightbox=\"yes\" data-elementor-lightbox-slideshow=\"b9f86ec\" data-elementor-lightbox-title=\"Mariage Suwan &amp; Quentin-425\" data-elementor-lightbox-description=\"Photographe mariage Poitiers\" data-e-action-hash=\"#elementor-action%3Aaction%3Dlightbox%26settings%3DeyJpZCI6MjQxOSwidXJsIjoiaHR0cHM6XC9cL2xlc25vY2VzZGVmbG9yZW50LmZyXC93cC1jb250ZW50XC91cGxvYWRzXC8yMDIzXC8xMFwvTWFyaWFnZS1TdXdhbi1RdWVudGluLTQyNS1qcGcud2VicCIsInNsaWRlc2hvdyI6ImI5Zjg2ZWMifQ%3D%3D\">\n\t\t\t\t\t<div class=\"e-gallery-image elementor-gallery-item__image\" data-thumbnail=\"https:\/\/lesnocesdeflorent.fr\/wp-content\/uploads\/2023\/10\/Mariage-Suwan-Quentin-425-jpg.webp\" data-width=\"1365\" data-height=\"2048\" aria-label=\"Photographe mariage Poitiers\" role=\"img\" ><\/div>\n\t\t\t\t\t\t\t\t\t\t\t<div class=\"elementor-gallery-item__overlay\"><\/div>\n\t\t\t\t\t\t\t\t\t\t\t\t\t\t<\/a>\n\t\t\t\t\t\t\t<a class=\"e-gallery-item elementor-gallery-item\" href=\"https:\/\/lesnocesdeflorent.fr\/wp-content\/uploads\/2023\/09\/Mariage-Eva-Karim-129-jpg.webp\" data-elementor-open-lightbox=\"yes\" data-elementor-lightbox-slideshow=\"b9f86ec\" data-elementor-lightbox-title=\"Mariage Eva &amp; Karim-129\" data-e-action-hash=\"#elementor-action%3Aaction%3Dlightbox%26settings%3DeyJpZCI6MjM0OSwidXJsIjoiaHR0cHM6XC9cL2xlc25vY2VzZGVmbG9yZW50LmZyXC93cC1jb250ZW50XC91cGxvYWRzXC8yMDIzXC8wOVwvTWFyaWFnZS1FdmEtS2FyaW0tMTI5LWpwZy53ZWJwIiwic2xpZGVzaG93IjoiYjlmODZlYyJ9\">\n\t\t\t\t\t<div class=\"e-gallery-image elementor-gallery-item__image\" data-thumbnail=\"https:\/\/lesnocesdeflorent.fr\/wp-content\/uploads\/2023\/09\/Mariage-Eva-Karim-129-jpg.webp\" data-width=\"1365\" data-height=\"2048\" aria-label=\"\" role=\"img\" ><\/div>\n\t\t\t\t\t\t\t\t\t\t\t<div class=\"elementor-gallery-item__overlay\"><\/div>\n\t\t\t\t\t\t\t\t\t\t\t\t\t\t<\/a>\n\t\t\t\t\t\t\t<a class=\"e-gallery-item elementor-gallery-item\" href=\"https:\/\/lesnocesdeflorent.fr\/wp-content\/uploads\/2023\/10\/Mylene-_-Johan-230-jpg.webp\" data-elementor-open-lightbox=\"yes\" data-elementor-lightbox-slideshow=\"b9f86ec\" data-elementor-lightbox-title=\"Myl\u00e8ne _ Johan-230\" data-elementor-lightbox-description=\"Mariage Ch\u00e2teau de la Barbelini\u00e8re\" data-e-action-hash=\"#elementor-action%3Aaction%3Dlightbox%26settings%3DeyJpZCI6MjQzMiwidXJsIjoiaHR0cHM6XC9cL2xlc25vY2VzZGVmbG9yZW50LmZyXC93cC1jb250ZW50XC91cGxvYWRzXC8yMDIzXC8xMFwvTXlsZW5lLV8tSm9oYW4tMjMwLWpwZy53ZWJwIiwic2xpZGVzaG93IjoiYjlmODZlYyJ9\">\n\t\t\t\t\t<div class=\"e-gallery-image elementor-gallery-item__image\" data-thumbnail=\"https:\/\/lesnocesdeflorent.fr\/wp-content\/uploads\/2023\/10\/Mylene-_-Johan-230-jpg.webp\" data-width=\"2048\" data-height=\"1365\" aria-label=\"Mariage Ch\u00e2teau de la Barbelini\u00e8re\" role=\"img\" ><\/div>\n\t\t\t\t\t\t\t\t\t\t\t<div class=\"elementor-gallery-item__overlay\"><\/div>\n\t\t\t\t\t\t\t\t\t\t\t\t\t\t<\/a>\n\t\t\t\t\t\t\t<a class=\"e-gallery-item elementor-gallery-item\" href=\"https:\/\/lesnocesdeflorent.fr\/wp-content\/uploads\/2023\/05\/Mariage-Camille-et-Nathan-82-scaled.webp\" data-elementor-open-lightbox=\"yes\" data-elementor-lightbox-slideshow=\"b9f86ec\" data-elementor-lightbox-title=\"photographe mariage Poitiers\" data-elementor-lightbox-description=\"photographe mariage Poitiers\" data-e-action-hash=\"#elementor-action%3Aaction%3Dlightbox%26settings%3DeyJpZCI6MzE3MSwidXJsIjoiaHR0cHM6XC9cL2xlc25vY2VzZGVmbG9yZW50LmZyXC93cC1jb250ZW50XC91cGxvYWRzXC8yMDIzXC8wNVwvTWFyaWFnZS1DYW1pbGxlLWV0LU5hdGhhbi04Mi1zY2FsZWQud2VicCIsInNsaWRlc2hvdyI6ImI5Zjg2ZWMifQ%3D%3D\">\n\t\t\t\t\t<div class=\"e-gallery-image elementor-gallery-item__image\" data-thumbnail=\"https:\/\/lesnocesdeflorent.fr\/wp-content\/uploads\/2023\/05\/Mariage-Camille-et-Nathan-82-scaled.webp\" data-width=\"2560\" data-height=\"1848\" aria-label=\"\" role=\"img\" ><\/div>\n\t\t\t\t\t\t\t\t\t\t\t<div class=\"elementor-gallery-item__overlay\"><\/div>\n\t\t\t\t\t\t\t\t\t\t\t\t\t\t<\/a>\n\t\t\t\t\t\t\t<a class=\"e-gallery-item elementor-gallery-item\" href=\"https:\/\/lesnocesdeflorent.fr\/wp-content\/uploads\/2023\/04\/Photographe_mariage_poitiers_49-jpg.webp\" data-elementor-open-lightbox=\"yes\" data-elementor-lightbox-slideshow=\"b9f86ec\" data-elementor-lightbox-title=\"photographe mariage Poitiers\" data-elementor-lightbox-description=\"photographe mariage Poitiers\" data-e-action-hash=\"#elementor-action%3Aaction%3Dlightbox%26settings%3DeyJpZCI6MzEzMCwidXJsIjoiaHR0cHM6XC9cL2xlc25vY2VzZGVmbG9yZW50LmZyXC93cC1jb250ZW50XC91cGxvYWRzXC8yMDIzXC8wNFwvUGhvdG9ncmFwaGVfbWFyaWFnZV9wb2l0aWVyc180OS1qcGcud2VicCIsInNsaWRlc2hvdyI6ImI5Zjg2ZWMifQ%3D%3D\">\n\t\t\t\t\t<div class=\"e-gallery-image elementor-gallery-item__image\" data-thumbnail=\"https:\/\/lesnocesdeflorent.fr\/wp-content\/uploads\/2023\/04\/Photographe_mariage_poitiers_49-jpg.webp\" data-width=\"1067\" data-height=\"1600\" aria-label=\"\" role=\"img\" ><\/div>\n\t\t\t\t\t\t\t\t\t\t\t<div class=\"elementor-gallery-item__overlay\"><\/div>\n\t\t\t\t\t\t\t\t\t\t\t\t\t\t<\/a>\n\t\t\t\t\t\t\t<a class=\"e-gallery-item elementor-gallery-item\" href=\"https:\/\/lesnocesdeflorent.fr\/wp-content\/uploads\/2023\/04\/Photographe_mariage_poitiers_48-jpg.webp\" data-elementor-open-lightbox=\"yes\" data-elementor-lightbox-slideshow=\"b9f86ec\" data-elementor-lightbox-title=\"photographe mariage Poitiers\" data-elementor-lightbox-description=\"photographe mariage Poitiers\" data-e-action-hash=\"#elementor-action%3Aaction%3Dlightbox%26settings%3DeyJpZCI6MjAwMiwidXJsIjoiaHR0cHM6XC9cL2xlc25vY2VzZGVmbG9yZW50LmZyXC93cC1jb250ZW50XC91cGxvYWRzXC8yMDIzXC8wNFwvUGhvdG9ncmFwaGVfbWFyaWFnZV9wb2l0aWVyc180OC1qcGcud2VicCIsInNsaWRlc2hvdyI6ImI5Zjg2ZWMifQ%3D%3D\">\n\t\t\t\t\t<div class=\"e-gallery-image elementor-gallery-item__image\" data-thumbnail=\"https:\/\/lesnocesdeflorent.fr\/wp-content\/uploads\/2023\/04\/Photographe_mariage_poitiers_48-jpg.webp\" data-width=\"1067\" data-height=\"1600\" aria-label=\"photographe mariage Poitiers\" role=\"img\" ><\/div>\n\t\t\t\t\t\t\t\t\t\t\t<div class=\"elementor-gallery-item__overlay\"><\/div>\n\t\t\t\t\t\t\t\t\t\t\t\t\t\t<\/a>\n\t\t\t\t\t\t\t<a class=\"e-gallery-item elementor-gallery-item\" href=\"https:\/\/lesnocesdeflorent.fr\/wp-content\/uploads\/2023\/07\/Mariage-Matt-Emilie-100-jpg.webp\" data-elementor-open-lightbox=\"yes\" data-elementor-lightbox-slideshow=\"b9f86ec\" data-elementor-lightbox-title=\"Mariage Matt &amp; Emilie-100\" data-elementor-lightbox-description=\"Photographe mariage Poitiers\" data-e-action-hash=\"#elementor-action%3Aaction%3Dlightbox%26settings%3DeyJpZCI6MjIyNiwidXJsIjoiaHR0cHM6XC9cL2xlc25vY2VzZGVmbG9yZW50LmZyXC93cC1jb250ZW50XC91cGxvYWRzXC8yMDIzXC8wN1wvTWFyaWFnZS1NYXR0LUVtaWxpZS0xMDAtanBnLndlYnAiLCJzbGlkZXNob3ciOiJiOWY4NmVjIn0%3D\">\n\t\t\t\t\t<div class=\"e-gallery-image elementor-gallery-item__image\" data-thumbnail=\"https:\/\/lesnocesdeflorent.fr\/wp-content\/uploads\/2023\/07\/Mariage-Matt-Emilie-100-jpg.webp\" data-width=\"1200\" data-height=\"800\" aria-label=\"Photographe mariage Poitiers\" role=\"img\" ><\/div>\n\t\t\t\t\t\t\t\t\t\t\t<div class=\"elementor-gallery-item__overlay\"><\/div>\n\t\t\t\t\t\t\t\t\t\t\t\t\t\t<\/a>\n\t\t\t\t\t\t\t<a class=\"e-gallery-item elementor-gallery-item\" href=\"https:\/\/lesnocesdeflorent.fr\/wp-content\/uploads\/2023\/07\/Mariage-Aylin-Ludovic-133-jpg.webp\" data-elementor-open-lightbox=\"yes\" data-elementor-lightbox-slideshow=\"b9f86ec\" data-elementor-lightbox-title=\"photographe mariage Poitiers\" data-elementor-lightbox-description=\"photographe mariage Poitiers\" data-e-action-hash=\"#elementor-action%3Aaction%3Dlightbox%26settings%3DeyJpZCI6MjE5MSwidXJsIjoiaHR0cHM6XC9cL2xlc25vY2VzZGVmbG9yZW50LmZyXC93cC1jb250ZW50XC91cGxvYWRzXC8yMDIzXC8wN1wvTWFyaWFnZS1BeWxpbi1MdWRvdmljLTEzMy1qcGcud2VicCIsInNsaWRlc2hvdyI6ImI5Zjg2ZWMifQ%3D%3D\">\n\t\t\t\t\t<div class=\"e-gallery-image elementor-gallery-item__image\" data-thumbnail=\"https:\/\/lesnocesdeflorent.fr\/wp-content\/uploads\/2023\/07\/Mariage-Aylin-Ludovic-133-jpg.webp\" data-width=\"1366\" data-height=\"2048\" aria-label=\"photographe mariage Poitiers\" role=\"img\" ><\/div>\n\t\t\t\t\t\t\t\t\t\t\t<div class=\"elementor-gallery-item__overlay\"><\/div>\n\t\t\t\t\t\t\t\t\t\t\t\t\t\t<\/a>\n\t\t\t\t\t\t\t<a class=\"e-gallery-item elementor-gallery-item\" href=\"https:\/\/lesnocesdeflorent.fr\/wp-content\/uploads\/2023\/09\/Mariage-Eva-Karim-73-jpg.webp\" data-elementor-open-lightbox=\"yes\" data-elementor-lightbox-slideshow=\"b9f86ec\" data-elementor-lightbox-title=\"Mariage Eva &amp; Karim-73\" data-elementor-lightbox-description=\"Photographe mariage Poitiers\" data-e-action-hash=\"#elementor-action%3Aaction%3Dlightbox%26settings%3DeyJpZCI6MzMzNywidXJsIjoiaHR0cHM6XC9cL2xlc25vY2VzZGVmbG9yZW50LmZyXC93cC1jb250ZW50XC91cGxvYWRzXC8yMDIzXC8wOVwvTWFyaWFnZS1FdmEtS2FyaW0tNzMtanBnLndlYnAiLCJzbGlkZXNob3ciOiJiOWY4NmVjIn0%3D\">\n\t\t\t\t\t<div class=\"e-gallery-image elementor-gallery-item__image\" data-thumbnail=\"https:\/\/lesnocesdeflorent.fr\/wp-content\/uploads\/2023\/09\/Mariage-Eva-Karim-73-jpg.webp\" data-width=\"2048\" data-height=\"1365\" aria-label=\"\" role=\"img\" ><\/div>\n\t\t\t\t\t\t\t\t\t\t\t<div class=\"elementor-gallery-item__overlay\"><\/div>\n\t\t\t\t\t\t\t\t\t\t\t\t\t\t<\/a>\n\t\t\t\t\t\t\t<a class=\"e-gallery-item elementor-gallery-item\" href=\"https:\/\/lesnocesdeflorent.fr\/wp-content\/uploads\/2023\/07\/Mariage-Aylin-Ludovic-400-jpg.webp\" data-elementor-open-lightbox=\"yes\" data-elementor-lightbox-slideshow=\"b9f86ec\" data-elementor-lightbox-title=\"photographe mariage Poitiers\" data-elementor-lightbox-description=\"photographe mariage Poitiers\" data-e-action-hash=\"#elementor-action%3Aaction%3Dlightbox%26settings%3DeyJpZCI6MzIxNiwidXJsIjoiaHR0cHM6XC9cL2xlc25vY2VzZGVmbG9yZW50LmZyXC93cC1jb250ZW50XC91cGxvYWRzXC8yMDIzXC8wN1wvTWFyaWFnZS1BeWxpbi1MdWRvdmljLTQwMC1qcGcud2VicCIsInNsaWRlc2hvdyI6ImI5Zjg2ZWMifQ%3D%3D\">\n\t\t\t\t\t<div class=\"e-gallery-image elementor-gallery-item__image\" data-thumbnail=\"https:\/\/lesnocesdeflorent.fr\/wp-content\/uploads\/2023\/07\/Mariage-Aylin-Ludovic-400-jpg.webp\" data-width=\"2048\" data-height=\"1366\" aria-label=\"\" role=\"img\" ><\/div>\n\t\t\t\t\t\t\t\t\t\t\t<div class=\"elementor-gallery-item__overlay\"><\/div>\n\t\t\t\t\t\t\t\t\t\t\t\t\t\t<\/a>\n\t\t\t\t\t\t\t<a class=\"e-gallery-item elementor-gallery-item\" href=\"https:\/\/lesnocesdeflorent.fr\/wp-content\/uploads\/2023\/10\/Mylene-_-Johan-411-jpg.webp\" data-elementor-open-lightbox=\"yes\" data-elementor-lightbox-slideshow=\"b9f86ec\" data-elementor-lightbox-title=\"Myl\u00e8ne _ Johan-411\" data-elementor-lightbox-description=\"Photographe mariage Poitiers\" data-e-action-hash=\"#elementor-action%3Aaction%3Dlightbox%26settings%3DeyJpZCI6MzM5NiwidXJsIjoiaHR0cHM6XC9cL2xlc25vY2VzZGVmbG9yZW50LmZyXC93cC1jb250ZW50XC91cGxvYWRzXC8yMDIzXC8xMFwvTXlsZW5lLV8tSm9oYW4tNDExLWpwZy53ZWJwIiwic2xpZGVzaG93IjoiYjlmODZlYyJ9\">\n\t\t\t\t\t<div class=\"e-gallery-image elementor-gallery-item__image\" data-thumbnail=\"https:\/\/lesnocesdeflorent.fr\/wp-content\/uploads\/2023\/10\/Mylene-_-Johan-411-jpg.webp\" data-width=\"2048\" data-height=\"1365\" aria-label=\"\" role=\"img\" ><\/div>\n\t\t\t\t\t\t\t\t\t\t\t<div class=\"elementor-gallery-item__overlay\"><\/div>\n\t\t\t\t\t\t\t\t\t\t\t\t\t\t<\/a>\n\t\t\t\t\t\t\t<a class=\"e-gallery-item elementor-gallery-item\" href=\"https:\/\/lesnocesdeflorent.fr\/wp-content\/uploads\/2023\/07\/Mariage-Aylin-Ludovic-442-jpg.webp\" data-elementor-open-lightbox=\"yes\" data-elementor-lightbox-slideshow=\"b9f86ec\" data-elementor-lightbox-title=\"photographe mariage Poitiers\" data-elementor-lightbox-description=\"photographe mariage Poitiers\" data-e-action-hash=\"#elementor-action%3Aaction%3Dlightbox%26settings%3DeyJpZCI6MzIxNywidXJsIjoiaHR0cHM6XC9cL2xlc25vY2VzZGVmbG9yZW50LmZyXC93cC1jb250ZW50XC91cGxvYWRzXC8yMDIzXC8wN1wvTWFyaWFnZS1BeWxpbi1MdWRvdmljLTQ0Mi1qcGcud2VicCIsInNsaWRlc2hvdyI6ImI5Zjg2ZWMifQ%3D%3D\">\n\t\t\t\t\t<div class=\"e-gallery-image elementor-gallery-item__image\" data-thumbnail=\"https:\/\/lesnocesdeflorent.fr\/wp-content\/uploads\/2023\/07\/Mariage-Aylin-Ludovic-442-jpg.webp\" data-width=\"1366\" data-height=\"2048\" aria-label=\"\" role=\"img\" ><\/div>\n\t\t\t\t\t\t\t\t\t\t\t<div class=\"elementor-gallery-item__overlay\"><\/div>\n\t\t\t\t\t\t\t\t\t\t\t\t\t\t<\/a>\n\t\t\t\t\t\t\t<a class=\"e-gallery-item elementor-gallery-item\" href=\"https:\/\/lesnocesdeflorent.fr\/wp-content\/uploads\/2023\/04\/Photographe_mariage_poitiers_40-Une-scaled.webp\" data-elementor-open-lightbox=\"yes\" data-elementor-lightbox-slideshow=\"b9f86ec\" data-elementor-lightbox-title=\"photographe mariage Poitiers\" data-elementor-lightbox-description=\"photographe mariage Poitiers\" data-e-action-hash=\"#elementor-action%3Aaction%3Dlightbox%26settings%3DeyJpZCI6MzEyNSwidXJsIjoiaHR0cHM6XC9cL2xlc25vY2VzZGVmbG9yZW50LmZyXC93cC1jb250ZW50XC91cGxvYWRzXC8yMDIzXC8wNFwvUGhvdG9ncmFwaGVfbWFyaWFnZV9wb2l0aWVyc180MC1VbmUtc2NhbGVkLndlYnAiLCJzbGlkZXNob3ciOiJiOWY4NmVjIn0%3D\">\n\t\t\t\t\t<div class=\"e-gallery-image elementor-gallery-item__image\" data-thumbnail=\"https:\/\/lesnocesdeflorent.fr\/wp-content\/uploads\/2023\/04\/Photographe_mariage_poitiers_40-Une-scaled.webp\" data-width=\"2560\" data-height=\"1707\" aria-label=\"\" role=\"img\" ><\/div>\n\t\t\t\t\t\t\t\t\t\t\t<div class=\"elementor-gallery-item__overlay\"><\/div>\n\t\t\t\t\t\t\t\t\t\t\t\t\t\t<\/a>\n\t\t\t\t\t\t\t<a class=\"e-gallery-item elementor-gallery-item\" href=\"https:\/\/lesnocesdeflorent.fr\/wp-content\/uploads\/2024\/12\/Mariage-Helene-Paul-395-scaled.jpg\" data-elementor-open-lightbox=\"yes\" data-elementor-lightbox-slideshow=\"b9f86ec\" data-elementor-lightbox-title=\"Mariage He\u0301le\u0300ne &amp; Paul-395\" data-e-action-hash=\"#elementor-action%3Aaction%3Dlightbox%26settings%3DeyJpZCI6Mzc3MywidXJsIjoiaHR0cHM6XC9cL2xlc25vY2VzZGVmbG9yZW50LmZyXC93cC1jb250ZW50XC91cGxvYWRzXC8yMDI0XC8xMlwvTWFyaWFnZS1IZWxlbmUtUGF1bC0zOTUtc2NhbGVkLmpwZyIsInNsaWRlc2hvdyI6ImI5Zjg2ZWMifQ%3D%3D\">\n\t\t\t\t\t<div class=\"e-gallery-image elementor-gallery-item__image\" data-thumbnail=\"https:\/\/lesnocesdeflorent.fr\/wp-content\/uploads\/2024\/12\/Mariage-Helene-Paul-395-scaled.jpg\" data-width=\"2560\" data-height=\"1708\" aria-label=\"\" role=\"img\" ><\/div>\n\t\t\t\t\t\t\t\t\t\t\t<div class=\"elementor-gallery-item__overlay\"><\/div>\n\t\t\t\t\t\t\t\t\t\t\t\t\t\t<\/a>\n\t\t\t\t\t\t\t<a class=\"e-gallery-item elementor-gallery-item\" href=\"https:\/\/lesnocesdeflorent.fr\/wp-content\/uploads\/2023\/09\/Mariage-Audrey-Olivier-381-jpg.webp\" data-elementor-open-lightbox=\"yes\" data-elementor-lightbox-slideshow=\"b9f86ec\" data-elementor-lightbox-title=\"Mariage Audrey &amp; Olivier-381\" data-elementor-lightbox-description=\"Photographe mariage Poitiers\" data-e-action-hash=\"#elementor-action%3Aaction%3Dlightbox%26settings%3DeyJpZCI6MjI5MiwidXJsIjoiaHR0cHM6XC9cL2xlc25vY2VzZGVmbG9yZW50LmZyXC93cC1jb250ZW50XC91cGxvYWRzXC8yMDIzXC8wOVwvTWFyaWFnZS1BdWRyZXktT2xpdmllci0zODEtanBnLndlYnAiLCJzbGlkZXNob3ciOiJiOWY4NmVjIn0%3D\">\n\t\t\t\t\t<div class=\"e-gallery-image elementor-gallery-item__image\" data-thumbnail=\"https:\/\/lesnocesdeflorent.fr\/wp-content\/uploads\/2023\/09\/Mariage-Audrey-Olivier-381-jpg.webp\" data-width=\"1366\" data-height=\"2048\" aria-label=\"Photographe mariage Poitiers\" role=\"img\" ><\/div>\n\t\t\t\t\t\t\t\t\t\t\t<div class=\"elementor-gallery-item__overlay\"><\/div>\n\t\t\t\t\t\t\t\t\t\t\t\t\t\t<\/a>\n\t\t\t\t\t\t\t<a class=\"e-gallery-item elementor-gallery-item\" href=\"https:\/\/lesnocesdeflorent.fr\/wp-content\/uploads\/2022\/09\/Mariage-Camille-et-Nathan-35-2.jpg\" data-elementor-open-lightbox=\"yes\" data-elementor-lightbox-slideshow=\"b9f86ec\" data-elementor-lightbox-title=\"Mariage Camille et Nathan-35-2\" data-e-action-hash=\"#elementor-action%3Aaction%3Dlightbox%26settings%3DeyJpZCI6MzAzOSwidXJsIjoiaHR0cHM6XC9cL2xlc25vY2VzZGVmbG9yZW50LmZyXC93cC1jb250ZW50XC91cGxvYWRzXC8yMDIyXC8wOVwvTWFyaWFnZS1DYW1pbGxlLWV0LU5hdGhhbi0zNS0yLmpwZyIsInNsaWRlc2hvdyI6ImI5Zjg2ZWMifQ%3D%3D\">\n\t\t\t\t\t<div class=\"e-gallery-image elementor-gallery-item__image\" data-thumbnail=\"https:\/\/lesnocesdeflorent.fr\/wp-content\/uploads\/2022\/09\/Mariage-Camille-et-Nathan-35-2.jpg\" data-width=\"2048\" data-height=\"1365\" aria-label=\"\" role=\"img\" ><\/div>\n\t\t\t\t\t\t\t\t\t\t\t<div class=\"elementor-gallery-item__overlay\"><\/div>\n\t\t\t\t\t\t\t\t\t\t\t\t\t\t<\/a>\n\t\t\t\t\t\t\t<a class=\"e-gallery-item elementor-gallery-item\" href=\"https:\/\/lesnocesdeflorent.fr\/wp-content\/uploads\/2023\/04\/Mariage-Camille-et-Nathan-27.jpg\" data-elementor-open-lightbox=\"yes\" data-elementor-lightbox-slideshow=\"b9f86ec\" data-elementor-lightbox-title=\"photographe mariage Poitiers\" data-elementor-lightbox-description=\"photographe mariage Poitiers\" data-e-action-hash=\"#elementor-action%3Aaction%3Dlightbox%26settings%3DeyJpZCI6MTk0OCwidXJsIjoiaHR0cHM6XC9cL2xlc25vY2VzZGVmbG9yZW50LmZyXC93cC1jb250ZW50XC91cGxvYWRzXC8yMDIzXC8wNFwvTWFyaWFnZS1DYW1pbGxlLWV0LU5hdGhhbi0yNy5qcGciLCJzbGlkZXNob3ciOiJiOWY4NmVjIn0%3D\">\n\t\t\t\t\t<div class=\"e-gallery-image elementor-gallery-item__image\" data-thumbnail=\"https:\/\/lesnocesdeflorent.fr\/wp-content\/uploads\/2023\/04\/Mariage-Camille-et-Nathan-27.jpg\" data-width=\"1365\" data-height=\"2048\" aria-label=\"photographe mariage Poitiers\" role=\"img\" ><\/div>\n\t\t\t\t\t\t\t\t\t\t\t<div class=\"elementor-gallery-item__overlay\"><\/div>\n\t\t\t\t\t\t\t\t\t\t\t\t\t\t<\/a>\n\t\t\t\t\t\t\t<a class=\"e-gallery-item elementor-gallery-item\" href=\"https:\/\/lesnocesdeflorent.fr\/wp-content\/uploads\/2023\/09\/Mariage-Eva-Karim-340-jpg.webp\" data-elementor-open-lightbox=\"yes\" data-elementor-lightbox-slideshow=\"b9f86ec\" data-elementor-lightbox-title=\"Mariage Eva &amp; Karim-340\" data-elementor-lightbox-description=\"Photographe mariage Poitiers\" data-e-action-hash=\"#elementor-action%3Aaction%3Dlightbox%26settings%3DeyJpZCI6MjM1NSwidXJsIjoiaHR0cHM6XC9cL2xlc25vY2VzZGVmbG9yZW50LmZyXC93cC1jb250ZW50XC91cGxvYWRzXC8yMDIzXC8wOVwvTWFyaWFnZS1FdmEtS2FyaW0tMzQwLWpwZy53ZWJwIiwic2xpZGVzaG93IjoiYjlmODZlYyJ9\">\n\t\t\t\t\t<div class=\"e-gallery-image elementor-gallery-item__image\" data-thumbnail=\"https:\/\/lesnocesdeflorent.fr\/wp-content\/uploads\/2023\/09\/Mariage-Eva-Karim-340-jpg.webp\" data-width=\"2048\" data-height=\"1365\" aria-label=\"Photographe mariage Poitiers\" role=\"img\" ><\/div>\n\t\t\t\t\t\t\t\t\t\t\t<div class=\"elementor-gallery-item__overlay\"><\/div>\n\t\t\t\t\t\t\t\t\t\t\t\t\t\t<\/a>\n\t\t\t\t\t\t\t<a class=\"e-gallery-item elementor-gallery-item\" href=\"https:\/\/lesnocesdeflorent.fr\/wp-content\/uploads\/2023\/07\/Mariage-Matt-Emilie-526-jpg.webp\" data-elementor-open-lightbox=\"yes\" data-elementor-lightbox-slideshow=\"b9f86ec\" data-elementor-lightbox-title=\"Mariage Matt &amp; Emilie-526\" data-elementor-lightbox-description=\"Photographe mariage Poitiers\" data-e-action-hash=\"#elementor-action%3Aaction%3Dlightbox%26settings%3DeyJpZCI6MjIzMCwidXJsIjoiaHR0cHM6XC9cL2xlc25vY2VzZGVmbG9yZW50LmZyXC93cC1jb250ZW50XC91cGxvYWRzXC8yMDIzXC8wN1wvTWFyaWFnZS1NYXR0LUVtaWxpZS01MjYtanBnLndlYnAiLCJzbGlkZXNob3ciOiJiOWY4NmVjIn0%3D\">\n\t\t\t\t\t<div class=\"e-gallery-image elementor-gallery-item__image\" data-thumbnail=\"https:\/\/lesnocesdeflorent.fr\/wp-content\/uploads\/2023\/07\/Mariage-Matt-Emilie-526-jpg.webp\" data-width=\"1200\" data-height=\"800\" aria-label=\"Photographe mariage Poitiers\" role=\"img\" ><\/div>\n\t\t\t\t\t\t\t\t\t\t\t<div class=\"elementor-gallery-item__overlay\"><\/div>\n\t\t\t\t\t\t\t\t\t\t\t\t\t\t<\/a>\n\t\t\t\t\t\t\t<a class=\"e-gallery-item elementor-gallery-item\" href=\"https:\/\/lesnocesdeflorent.fr\/wp-content\/uploads\/2022\/09\/Mariage-Camille-et-Nathan-41-2-1.jpg\" data-elementor-open-lightbox=\"yes\" data-elementor-lightbox-slideshow=\"b9f86ec\" data-elementor-lightbox-title=\"Photographe mariage Niort\" data-elementor-lightbox-description=\"Photographe mariage Niort\" data-e-action-hash=\"#elementor-action%3Aaction%3Dlightbox%26settings%3DeyJpZCI6MTkzLCJ1cmwiOiJodHRwczpcL1wvbGVzbm9jZXNkZWZsb3JlbnQuZnJcL3dwLWNvbnRlbnRcL3VwbG9hZHNcLzIwMjJcLzA5XC9NYXJpYWdlLUNhbWlsbGUtZXQtTmF0aGFuLTQxLTItMS5qcGciLCJzbGlkZXNob3ciOiJiOWY4NmVjIn0%3D\">\n\t\t\t\t\t<div class=\"e-gallery-image elementor-gallery-item__image\" data-thumbnail=\"https:\/\/lesnocesdeflorent.fr\/wp-content\/uploads\/2022\/09\/Mariage-Camille-et-Nathan-41-2-1.jpg\" data-width=\"2048\" data-height=\"1365\" aria-label=\"Photographe mariage Niort\" role=\"img\" ><\/div>\n\t\t\t\t\t\t\t\t\t\t\t<div class=\"elementor-gallery-item__overlay\"><\/div>\n\t\t\t\t\t\t\t\t\t\t\t\t\t\t<\/a>\n\t\t\t\t\t\t\t<a class=\"e-gallery-item elementor-gallery-item\" href=\"https:\/\/lesnocesdeflorent.fr\/wp-content\/uploads\/2023\/07\/Mariage-Matt-Emilie-409-jpg.webp\" data-elementor-open-lightbox=\"yes\" data-elementor-lightbox-slideshow=\"b9f86ec\" data-elementor-lightbox-title=\"Mariage Matt &amp; Emilie-409\" data-elementor-lightbox-description=\"Photographe mariage Poitiers\" data-e-action-hash=\"#elementor-action%3Aaction%3Dlightbox%26settings%3DeyJpZCI6MjIyOCwidXJsIjoiaHR0cHM6XC9cL2xlc25vY2VzZGVmbG9yZW50LmZyXC93cC1jb250ZW50XC91cGxvYWRzXC8yMDIzXC8wN1wvTWFyaWFnZS1NYXR0LUVtaWxpZS00MDktanBnLndlYnAiLCJzbGlkZXNob3ciOiJiOWY4NmVjIn0%3D\">\n\t\t\t\t\t<div class=\"e-gallery-image elementor-gallery-item__image\" data-thumbnail=\"https:\/\/lesnocesdeflorent.fr\/wp-content\/uploads\/2023\/07\/Mariage-Matt-Emilie-409-jpg.webp\" data-width=\"1200\" data-height=\"800\" aria-label=\"Photographe mariage Poitiers\" role=\"img\" ><\/div>\n\t\t\t\t\t\t\t\t\t\t\t<div class=\"elementor-gallery-item__overlay\"><\/div>\n\t\t\t\t\t\t\t\t\t\t\t\t\t\t<\/a>\n\t\t\t\t\t\t\t<a class=\"e-gallery-item elementor-gallery-item\" href=\"https:\/\/lesnocesdeflorent.fr\/wp-content\/uploads\/2023\/05\/M62A3420-scaled.webp\" data-elementor-open-lightbox=\"yes\" data-elementor-lightbox-slideshow=\"b9f86ec\" data-elementor-lightbox-title=\"photographe mariage Poitiers\" data-elementor-lightbox-description=\"photographe mariage Poitiers\" data-e-action-hash=\"#elementor-action%3Aaction%3Dlightbox%26settings%3DeyJpZCI6MzE2NiwidXJsIjoiaHR0cHM6XC9cL2xlc25vY2VzZGVmbG9yZW50LmZyXC93cC1jb250ZW50XC91cGxvYWRzXC8yMDIzXC8wNVwvTTYyQTM0MjAtc2NhbGVkLndlYnAiLCJzbGlkZXNob3ciOiJiOWY4NmVjIn0%3D\">\n\t\t\t\t\t<div class=\"e-gallery-image elementor-gallery-item__image\" data-thumbnail=\"https:\/\/lesnocesdeflorent.fr\/wp-content\/uploads\/2023\/05\/M62A3420-scaled.webp\" data-width=\"2560\" data-height=\"1707\" aria-label=\"\" role=\"img\" ><\/div>\n\t\t\t\t\t\t\t\t\t\t\t<div class=\"elementor-gallery-item__overlay\"><\/div>\n\t\t\t\t\t\t\t\t\t\t\t\t\t\t<\/a>\n\t\t\t\t\t\t\t<a class=\"e-gallery-item elementor-gallery-item\" href=\"https:\/\/lesnocesdeflorent.fr\/wp-content\/uploads\/2023\/09\/Mariage-Eva-Karim-143-jpg.webp\" data-elementor-open-lightbox=\"yes\" data-elementor-lightbox-slideshow=\"b9f86ec\" data-elementor-lightbox-title=\"Mariage Eva &amp; Karim-143\" data-elementor-lightbox-description=\"Photographe mariage Poitiers\" data-e-action-hash=\"#elementor-action%3Aaction%3Dlightbox%26settings%3DeyJpZCI6MjM1MCwidXJsIjoiaHR0cHM6XC9cL2xlc25vY2VzZGVmbG9yZW50LmZyXC93cC1jb250ZW50XC91cGxvYWRzXC8yMDIzXC8wOVwvTWFyaWFnZS1FdmEtS2FyaW0tMTQzLWpwZy53ZWJwIiwic2xpZGVzaG93IjoiYjlmODZlYyJ9\">\n\t\t\t\t\t<div class=\"e-gallery-image elementor-gallery-item__image\" data-thumbnail=\"https:\/\/lesnocesdeflorent.fr\/wp-content\/uploads\/2023\/09\/Mariage-Eva-Karim-143-jpg.webp\" data-width=\"1365\" data-height=\"2048\" aria-label=\"Photographe mariage Poitiers\" role=\"img\" ><\/div>\n\t\t\t\t\t\t\t\t\t\t\t<div class=\"elementor-gallery-item__overlay\"><\/div>\n\t\t\t\t\t\t\t\t\t\t\t\t\t\t<\/a>\n\t\t\t\t\t\t\t<a class=\"e-gallery-item elementor-gallery-item\" href=\"https:\/\/lesnocesdeflorent.fr\/wp-content\/uploads\/2023\/07\/Mariage-Matt-Emilie-6-jpg.webp\" data-elementor-open-lightbox=\"yes\" data-elementor-lightbox-slideshow=\"b9f86ec\" data-elementor-lightbox-title=\"Mariage Matt &amp; Emilie-6\" data-elementor-lightbox-description=\"Photographe mariage Poitiers\" data-e-action-hash=\"#elementor-action%3Aaction%3Dlightbox%26settings%3DeyJpZCI6MzIzMiwidXJsIjoiaHR0cHM6XC9cL2xlc25vY2VzZGVmbG9yZW50LmZyXC93cC1jb250ZW50XC91cGxvYWRzXC8yMDIzXC8wN1wvTWFyaWFnZS1NYXR0LUVtaWxpZS02LWpwZy53ZWJwIiwic2xpZGVzaG93IjoiYjlmODZlYyJ9\">\n\t\t\t\t\t<div class=\"e-gallery-image elementor-gallery-item__image\" data-thumbnail=\"https:\/\/lesnocesdeflorent.fr\/wp-content\/uploads\/2023\/07\/Mariage-Matt-Emilie-6-jpg.webp\" data-width=\"1200\" data-height=\"674\" aria-label=\"\" role=\"img\" ><\/div>\n\t\t\t\t\t\t\t\t\t\t\t<div class=\"elementor-gallery-item__overlay\"><\/div>\n\t\t\t\t\t\t\t\t\t\t\t\t\t\t<\/a>\n\t\t\t\t\t\t\t<a class=\"e-gallery-item elementor-gallery-item\" href=\"https:\/\/lesnocesdeflorent.fr\/wp-content\/uploads\/2023\/09\/4191ChloeBenoit-jpg.webp\" data-elementor-open-lightbox=\"yes\" data-elementor-lightbox-slideshow=\"b9f86ec\" data-elementor-lightbox-title=\"4191Chloe+Benoit\" data-elementor-lightbox-description=\"Photographe mariage Poitiers\" data-e-action-hash=\"#elementor-action%3Aaction%3Dlightbox%26settings%3DeyJpZCI6MjM2MiwidXJsIjoiaHR0cHM6XC9cL2xlc25vY2VzZGVmbG9yZW50LmZyXC93cC1jb250ZW50XC91cGxvYWRzXC8yMDIzXC8wOVwvNDE5MUNobG9lQmVub2l0LWpwZy53ZWJwIiwic2xpZGVzaG93IjoiYjlmODZlYyJ9\">\n\t\t\t\t\t<div class=\"e-gallery-image elementor-gallery-item__image\" data-thumbnail=\"https:\/\/lesnocesdeflorent.fr\/wp-content\/uploads\/2023\/09\/4191ChloeBenoit-jpg.webp\" data-width=\"2048\" data-height=\"1365\" aria-label=\"Photographe mariage Poitiers\" role=\"img\" ><\/div>\n\t\t\t\t\t\t\t\t\t\t\t<div class=\"elementor-gallery-item__overlay\"><\/div>\n\t\t\t\t\t\t\t\t\t\t\t\t\t\t<\/a>\n\t\t\t\t\t\t\t<a class=\"e-gallery-item elementor-gallery-item\" href=\"https:\/\/lesnocesdeflorent.fr\/wp-content\/uploads\/2023\/07\/Mariage-Aylin-Ludovic-45-jpg.webp\" data-elementor-open-lightbox=\"yes\" data-elementor-lightbox-slideshow=\"b9f86ec\" data-elementor-lightbox-title=\"photographe mariage Poitiers\" data-elementor-lightbox-description=\"photographe mariage Poitiers\" data-e-action-hash=\"#elementor-action%3Aaction%3Dlightbox%26settings%3DeyJpZCI6MjE4OCwidXJsIjoiaHR0cHM6XC9cL2xlc25vY2VzZGVmbG9yZW50LmZyXC93cC1jb250ZW50XC91cGxvYWRzXC8yMDIzXC8wN1wvTWFyaWFnZS1BeWxpbi1MdWRvdmljLTQ1LWpwZy53ZWJwIiwic2xpZGVzaG93IjoiYjlmODZlYyJ9\">\n\t\t\t\t\t<div class=\"e-gallery-image elementor-gallery-item__image\" data-thumbnail=\"https:\/\/lesnocesdeflorent.fr\/wp-content\/uploads\/2023\/07\/Mariage-Aylin-Ludovic-45-jpg.webp\" data-width=\"1366\" data-height=\"2048\" aria-label=\"photographe mariage Poitiers\" role=\"img\" ><\/div>\n\t\t\t\t\t\t\t\t\t\t\t<div class=\"elementor-gallery-item__overlay\"><\/div>\n\t\t\t\t\t\t\t\t\t\t\t\t\t\t<\/a>\n\t\t\t\t\t\t\t<a class=\"e-gallery-item elementor-gallery-item\" href=\"https:\/\/lesnocesdeflorent.fr\/wp-content\/uploads\/2023\/07\/Mariage-Aylin-Ludovic-139-jpg.webp\" data-elementor-open-lightbox=\"yes\" data-elementor-lightbox-slideshow=\"b9f86ec\" data-elementor-lightbox-title=\"photographe mariage Poitiers\" data-elementor-lightbox-description=\"photographe mariage Poitiers\" data-e-action-hash=\"#elementor-action%3Aaction%3Dlightbox%26settings%3DeyJpZCI6MjE5MiwidXJsIjoiaHR0cHM6XC9cL2xlc25vY2VzZGVmbG9yZW50LmZyXC93cC1jb250ZW50XC91cGxvYWRzXC8yMDIzXC8wN1wvTWFyaWFnZS1BeWxpbi1MdWRvdmljLTEzOS1qcGcud2VicCIsInNsaWRlc2hvdyI6ImI5Zjg2ZWMifQ%3D%3D\">\n\t\t\t\t\t<div class=\"e-gallery-image elementor-gallery-item__image\" data-thumbnail=\"https:\/\/lesnocesdeflorent.fr\/wp-content\/uploads\/2023\/07\/Mariage-Aylin-Ludovic-139-jpg.webp\" data-width=\"1366\" data-height=\"2048\" aria-label=\"photographe mariage Poitiers\" role=\"img\" ><\/div>\n\t\t\t\t\t\t\t\t\t\t\t<div class=\"elementor-gallery-item__overlay\"><\/div>\n\t\t\t\t\t\t\t\t\t\t\t\t\t\t<\/a>\n\t\t\t\t\t\t\t<a class=\"e-gallery-item elementor-gallery-item\" href=\"https:\/\/lesnocesdeflorent.fr\/wp-content\/uploads\/2023\/07\/Mariage-Matt-Emilie-72-jpg.webp\" data-elementor-open-lightbox=\"yes\" data-elementor-lightbox-slideshow=\"b9f86ec\" data-elementor-lightbox-title=\"Mariage Matt &amp; Emilie-72\" data-elementor-lightbox-description=\"Photographe mariage Poitiers\" data-e-action-hash=\"#elementor-action%3Aaction%3Dlightbox%26settings%3DeyJpZCI6MjIyNSwidXJsIjoiaHR0cHM6XC9cL2xlc25vY2VzZGVmbG9yZW50LmZyXC93cC1jb250ZW50XC91cGxvYWRzXC8yMDIzXC8wN1wvTWFyaWFnZS1NYXR0LUVtaWxpZS03Mi1qcGcud2VicCIsInNsaWRlc2hvdyI6ImI5Zjg2ZWMifQ%3D%3D\">\n\t\t\t\t\t<div class=\"e-gallery-image elementor-gallery-item__image\" data-thumbnail=\"https:\/\/lesnocesdeflorent.fr\/wp-content\/uploads\/2023\/07\/Mariage-Matt-Emilie-72-jpg.webp\" data-width=\"1200\" data-height=\"800\" aria-label=\"Photographe mariage Poitiers\" role=\"img\" ><\/div>\n\t\t\t\t\t\t\t\t\t\t\t<div class=\"elementor-gallery-item__overlay\"><\/div>\n\t\t\t\t\t\t\t\t\t\t\t\t\t\t<\/a>\n\t\t\t\t\t\t\t<a class=\"e-gallery-item elementor-gallery-item\" href=\"https:\/\/lesnocesdeflorent.fr\/wp-content\/uploads\/2024\/07\/Mariage-Adele-Flavien-226-scaled.jpg\" data-elementor-open-lightbox=\"yes\" data-elementor-lightbox-slideshow=\"b9f86ec\" data-elementor-lightbox-title=\"Mariage Ad\u00e8le &amp; Flavien-226\" data-elementor-lightbox-description=\"Meilleur photographe mariage France\" data-e-action-hash=\"#elementor-action%3Aaction%3Dlightbox%26settings%3DeyJpZCI6MjgwOSwidXJsIjoiaHR0cHM6XC9cL2xlc25vY2VzZGVmbG9yZW50LmZyXC93cC1jb250ZW50XC91cGxvYWRzXC8yMDI0XC8wN1wvTWFyaWFnZS1BZGVsZS1GbGF2aWVuLTIyNi1zY2FsZWQuanBnIiwic2xpZGVzaG93IjoiYjlmODZlYyJ9\">\n\t\t\t\t\t<div class=\"e-gallery-image elementor-gallery-item__image\" data-thumbnail=\"https:\/\/lesnocesdeflorent.fr\/wp-content\/uploads\/2024\/07\/Mariage-Adele-Flavien-226-scaled.jpg\" data-width=\"1708\" data-height=\"2560\" aria-label=\"Meilleur photographe mariage France\" role=\"img\" ><\/div>\n\t\t\t\t\t\t\t\t\t\t\t<div class=\"elementor-gallery-item__overlay\"><\/div>\n\t\t\t\t\t\t\t\t\t\t\t\t\t\t<\/a>\n\t\t\t\t\t\t\t<a class=\"e-gallery-item elementor-gallery-item\" href=\"https:\/\/lesnocesdeflorent.fr\/wp-content\/uploads\/2023\/05\/Mariage-Camille-et-Nathan-3-scaled.webp\" data-elementor-open-lightbox=\"yes\" data-elementor-lightbox-slideshow=\"b9f86ec\" data-elementor-lightbox-title=\"photographe mariage Poitiers\" data-elementor-lightbox-description=\"photographe mariage Poitiers\" data-e-action-hash=\"#elementor-action%3Aaction%3Dlightbox%26settings%3DeyJpZCI6MzE3MCwidXJsIjoiaHR0cHM6XC9cL2xlc25vY2VzZGVmbG9yZW50LmZyXC93cC1jb250ZW50XC91cGxvYWRzXC8yMDIzXC8wNVwvTWFyaWFnZS1DYW1pbGxlLWV0LU5hdGhhbi0zLXNjYWxlZC53ZWJwIiwic2xpZGVzaG93IjoiYjlmODZlYyJ9\">\n\t\t\t\t\t<div class=\"e-gallery-image elementor-gallery-item__image\" data-thumbnail=\"https:\/\/lesnocesdeflorent.fr\/wp-content\/uploads\/2023\/05\/Mariage-Camille-et-Nathan-3-scaled.webp\" data-width=\"2560\" data-height=\"1707\" aria-label=\"\" role=\"img\" ><\/div>\n\t\t\t\t\t\t\t\t\t\t\t<div class=\"elementor-gallery-item__overlay\"><\/div>\n\t\t\t\t\t\t\t\t\t\t\t\t\t\t<\/a>\n\t\t\t\t\t\t\t<a class=\"e-gallery-item elementor-gallery-item\" href=\"https:\/\/lesnocesdeflorent.fr\/wp-content\/uploads\/2023\/09\/Mariage-Audrey-Olivier-848-jpg.webp\" data-elementor-open-lightbox=\"yes\" data-elementor-lightbox-slideshow=\"b9f86ec\" data-elementor-lightbox-title=\"Mariage Audrey &amp; Olivier-848\" data-e-action-hash=\"#elementor-action%3Aaction%3Dlightbox%26settings%3DeyJpZCI6MjMyMiwidXJsIjoiaHR0cHM6XC9cL2xlc25vY2VzZGVmbG9yZW50LmZyXC93cC1jb250ZW50XC91cGxvYWRzXC8yMDIzXC8wOVwvTWFyaWFnZS1BdWRyZXktT2xpdmllci04NDgtanBnLndlYnAiLCJzbGlkZXNob3ciOiJiOWY4NmVjIn0%3D\">\n\t\t\t\t\t<div class=\"e-gallery-image elementor-gallery-item__image\" data-thumbnail=\"https:\/\/lesnocesdeflorent.fr\/wp-content\/uploads\/2023\/09\/Mariage-Audrey-Olivier-848-jpg.webp\" data-width=\"2048\" data-height=\"1366\" aria-label=\"\" role=\"img\" ><\/div>\n\t\t\t\t\t\t\t\t\t\t\t<div class=\"elementor-gallery-item__overlay\"><\/div>\n\t\t\t\t\t\t\t\t\t\t\t\t\t\t<\/a>\n\t\t\t\t\t\t\t<a class=\"e-gallery-item elementor-gallery-item\" href=\"https:\/\/lesnocesdeflorent.fr\/wp-content\/uploads\/2023\/09\/Mariage-Audrey-Olivier-68-jpg.webp\" data-elementor-open-lightbox=\"yes\" data-elementor-lightbox-slideshow=\"b9f86ec\" data-elementor-lightbox-title=\"Mariage Audrey &amp; Olivier-68\" data-elementor-lightbox-description=\"Photographe mariage Poitiers\" data-e-action-hash=\"#elementor-action%3Aaction%3Dlightbox%26settings%3DeyJpZCI6MjI3MCwidXJsIjoiaHR0cHM6XC9cL2xlc25vY2VzZGVmbG9yZW50LmZyXC93cC1jb250ZW50XC91cGxvYWRzXC8yMDIzXC8wOVwvTWFyaWFnZS1BdWRyZXktT2xpdmllci02OC1qcGcud2VicCIsInNsaWRlc2hvdyI6ImI5Zjg2ZWMifQ%3D%3D\">\n\t\t\t\t\t<div class=\"e-gallery-image elementor-gallery-item__image\" data-thumbnail=\"https:\/\/lesnocesdeflorent.fr\/wp-content\/uploads\/2023\/09\/Mariage-Audrey-Olivier-68-jpg.webp\" data-width=\"2048\" data-height=\"1365\" aria-label=\"Photographe mariage Poitiers\" role=\"img\" ><\/div>\n\t\t\t\t\t\t\t\t\t\t\t<div class=\"elementor-gallery-item__overlay\"><\/div>\n\t\t\t\t\t\t\t\t\t\t\t\t\t\t<\/a>\n\t\t\t\t\t\t\t<a class=\"e-gallery-item elementor-gallery-item\" href=\"https:\/\/lesnocesdeflorent.fr\/wp-content\/uploads\/2023\/09\/Mariage-Eva-Karim-167-jpg.webp\" data-elementor-open-lightbox=\"yes\" data-elementor-lightbox-slideshow=\"b9f86ec\" data-elementor-lightbox-title=\"Mariage Eva &amp; Karim-167\" data-elementor-lightbox-description=\"Photographe mariage Poitiers\" data-e-action-hash=\"#elementor-action%3Aaction%3Dlightbox%26settings%3DeyJpZCI6MzM0NSwidXJsIjoiaHR0cHM6XC9cL2xlc25vY2VzZGVmbG9yZW50LmZyXC93cC1jb250ZW50XC91cGxvYWRzXC8yMDIzXC8wOVwvTWFyaWFnZS1FdmEtS2FyaW0tMTY3LWpwZy53ZWJwIiwic2xpZGVzaG93IjoiYjlmODZlYyJ9\">\n\t\t\t\t\t<div class=\"e-gallery-image elementor-gallery-item__image\" data-thumbnail=\"https:\/\/lesnocesdeflorent.fr\/wp-content\/uploads\/2023\/09\/Mariage-Eva-Karim-167-jpg.webp\" data-width=\"2048\" data-height=\"1365\" aria-label=\"\" role=\"img\" ><\/div>\n\t\t\t\t\t\t\t\t\t\t\t<div class=\"elementor-gallery-item__overlay\"><\/div>\n\t\t\t\t\t\t\t\t\t\t\t\t\t\t<\/a>\n\t\t\t\t\t\t\t<a class=\"e-gallery-item elementor-gallery-item\" href=\"https:\/\/lesnocesdeflorent.fr\/wp-content\/uploads\/2023\/07\/Mariage-Aylin-Ludovic-507-jpg.webp\" data-elementor-open-lightbox=\"yes\" data-elementor-lightbox-slideshow=\"b9f86ec\" data-elementor-lightbox-title=\"photographe mariage Poitiers\" data-elementor-lightbox-description=\"photographe mariage Poitiers\" data-e-action-hash=\"#elementor-action%3Aaction%3Dlightbox%26settings%3DeyJpZCI6MjIwMywidXJsIjoiaHR0cHM6XC9cL2xlc25vY2VzZGVmbG9yZW50LmZyXC93cC1jb250ZW50XC91cGxvYWRzXC8yMDIzXC8wN1wvTWFyaWFnZS1BeWxpbi1MdWRvdmljLTUwNy1qcGcud2VicCIsInNsaWRlc2hvdyI6ImI5Zjg2ZWMifQ%3D%3D\">\n\t\t\t\t\t<div class=\"e-gallery-image elementor-gallery-item__image\" data-thumbnail=\"https:\/\/lesnocesdeflorent.fr\/wp-content\/uploads\/2023\/07\/Mariage-Aylin-Ludovic-507-jpg.webp\" data-width=\"2048\" data-height=\"1366\" aria-label=\"photographe mariage Poitiers\" role=\"img\" ><\/div>\n\t\t\t\t\t\t\t\t\t\t\t<div class=\"elementor-gallery-item__overlay\"><\/div>\n\t\t\t\t\t\t\t\t\t\t\t\t\t\t<\/a>\n\t\t\t\t\t\t\t<a class=\"e-gallery-item elementor-gallery-item\" href=\"https:\/\/lesnocesdeflorent.fr\/wp-content\/uploads\/2023\/09\/4454ChloeBenoit-jpg.webp\" data-elementor-open-lightbox=\"yes\" data-elementor-lightbox-slideshow=\"b9f86ec\" data-elementor-lightbox-title=\"4454Chloe+Benoit\" data-elementor-lightbox-description=\"Photographe mariage Poitiers\" data-e-action-hash=\"#elementor-action%3Aaction%3Dlightbox%26settings%3DeyJpZCI6MjM2MywidXJsIjoiaHR0cHM6XC9cL2xlc25vY2VzZGVmbG9yZW50LmZyXC93cC1jb250ZW50XC91cGxvYWRzXC8yMDIzXC8wOVwvNDQ1NENobG9lQmVub2l0LWpwZy53ZWJwIiwic2xpZGVzaG93IjoiYjlmODZlYyJ9\">\n\t\t\t\t\t<div class=\"e-gallery-image elementor-gallery-item__image\" data-thumbnail=\"https:\/\/lesnocesdeflorent.fr\/wp-content\/uploads\/2023\/09\/4454ChloeBenoit-jpg.webp\" data-width=\"2048\" data-height=\"1365\" aria-label=\"Photographe mariage Poitiers\" role=\"img\" ><\/div>\n\t\t\t\t\t\t\t\t\t\t\t<div class=\"elementor-gallery-item__overlay\"><\/div>\n\t\t\t\t\t\t\t\t\t\t\t\t\t\t<\/a>\n\t\t\t\t\t\t\t<a class=\"e-gallery-item elementor-gallery-item\" href=\"https:\/\/lesnocesdeflorent.fr\/wp-content\/uploads\/2023\/07\/Mariage-Matt-Emilie-775-jpg.webp\" data-elementor-open-lightbox=\"yes\" data-elementor-lightbox-slideshow=\"b9f86ec\" data-elementor-lightbox-title=\"Mariage Matt &amp; Emilie-775\" data-elementor-lightbox-description=\"Photographe mariage Poitiers\" data-e-action-hash=\"#elementor-action%3Aaction%3Dlightbox%26settings%3DeyJpZCI6MzI0OSwidXJsIjoiaHR0cHM6XC9cL2xlc25vY2VzZGVmbG9yZW50LmZyXC93cC1jb250ZW50XC91cGxvYWRzXC8yMDIzXC8wN1wvTWFyaWFnZS1NYXR0LUVtaWxpZS03NzUtanBnLndlYnAiLCJzbGlkZXNob3ciOiJiOWY4NmVjIn0%3D\">\n\t\t\t\t\t<div class=\"e-gallery-image elementor-gallery-item__image\" data-thumbnail=\"https:\/\/lesnocesdeflorent.fr\/wp-content\/uploads\/2023\/07\/Mariage-Matt-Emilie-775-jpg.webp\" data-width=\"1200\" data-height=\"800\" aria-label=\"\" role=\"img\" ><\/div>\n\t\t\t\t\t\t\t\t\t\t\t<div class=\"elementor-gallery-item__overlay\"><\/div>\n\t\t\t\t\t\t\t\t\t\t\t\t\t\t<\/a>\n\t\t\t\t\t\t\t<a class=\"e-gallery-item elementor-gallery-item\" href=\"https:\/\/lesnocesdeflorent.fr\/wp-content\/uploads\/2023\/07\/Mariage-Aylin-Ludovic-606-jpg.webp\" data-elementor-open-lightbox=\"yes\" data-elementor-lightbox-slideshow=\"b9f86ec\" data-elementor-lightbox-title=\"photographe mariage Poitiers\" data-elementor-lightbox-description=\"photographe mariage Poitiers\" data-e-action-hash=\"#elementor-action%3Aaction%3Dlightbox%26settings%3DeyJpZCI6MzIyNCwidXJsIjoiaHR0cHM6XC9cL2xlc25vY2VzZGVmbG9yZW50LmZyXC93cC1jb250ZW50XC91cGxvYWRzXC8yMDIzXC8wN1wvTWFyaWFnZS1BeWxpbi1MdWRvdmljLTYwNi1qcGcud2VicCIsInNsaWRlc2hvdyI6ImI5Zjg2ZWMifQ%3D%3D\">\n\t\t\t\t\t<div class=\"e-gallery-image elementor-gallery-item__image\" data-thumbnail=\"https:\/\/lesnocesdeflorent.fr\/wp-content\/uploads\/2023\/07\/Mariage-Aylin-Ludovic-606-jpg.webp\" data-width=\"2048\" data-height=\"1365\" aria-label=\"\" role=\"img\" ><\/div>\n\t\t\t\t\t\t\t\t\t\t\t<div class=\"elementor-gallery-item__overlay\"><\/div>\n\t\t\t\t\t\t\t\t\t\t\t\t\t\t<\/a>\n\t\t\t\t\t\t\t<a class=\"e-gallery-item elementor-gallery-item\" href=\"https:\/\/lesnocesdeflorent.fr\/wp-content\/uploads\/2023\/10\/Mariage-Suwan-Quentin-246-jpg.webp\" data-elementor-open-lightbox=\"yes\" data-elementor-lightbox-slideshow=\"b9f86ec\" data-elementor-lightbox-title=\"Mariage Suwan &amp; Quentin-246\" data-elementor-lightbox-description=\"Photographe mariage Poitiers\" data-e-action-hash=\"#elementor-action%3Aaction%3Dlightbox%26settings%3DeyJpZCI6MjQxMSwidXJsIjoiaHR0cHM6XC9cL2xlc25vY2VzZGVmbG9yZW50LmZyXC93cC1jb250ZW50XC91cGxvYWRzXC8yMDIzXC8xMFwvTWFyaWFnZS1TdXdhbi1RdWVudGluLTI0Ni1qcGcud2VicCIsInNsaWRlc2hvdyI6ImI5Zjg2ZWMifQ%3D%3D\">\n\t\t\t\t\t<div class=\"e-gallery-image elementor-gallery-item__image\" data-thumbnail=\"https:\/\/lesnocesdeflorent.fr\/wp-content\/uploads\/2023\/10\/Mariage-Suwan-Quentin-246-jpg.webp\" data-width=\"2048\" data-height=\"1365\" aria-label=\"Photographe mariage Poitiers\" role=\"img\" ><\/div>\n\t\t\t\t\t\t\t\t\t\t\t<div class=\"elementor-gallery-item__overlay\"><\/div>\n\t\t\t\t\t\t\t\t\t\t\t\t\t\t<\/a>\n\t\t\t\t\t\t\t<a class=\"e-gallery-item elementor-gallery-item\" href=\"https:\/\/lesnocesdeflorent.fr\/wp-content\/uploads\/2024\/08\/Karen-Maurits-wedding-908.jpg\" data-elementor-open-lightbox=\"yes\" data-elementor-lightbox-slideshow=\"b9f86ec\" data-elementor-lightbox-title=\"Karen &amp; Maurits wedding-908\" data-elementor-lightbox-description=\"Meilleur photographe de mariage \" data-e-action-hash=\"#elementor-action%3Aaction%3Dlightbox%26settings%3DeyJpZCI6MjkwMywidXJsIjoiaHR0cHM6XC9cL2xlc25vY2VzZGVmbG9yZW50LmZyXC93cC1jb250ZW50XC91cGxvYWRzXC8yMDI0XC8wOFwvS2FyZW4tTWF1cml0cy13ZWRkaW5nLTkwOC5qcGciLCJzbGlkZXNob3ciOiJiOWY4NmVjIn0%3D\">\n\t\t\t\t\t<div class=\"e-gallery-image elementor-gallery-item__image\" data-thumbnail=\"https:\/\/lesnocesdeflorent.fr\/wp-content\/uploads\/2024\/08\/Karen-Maurits-wedding-908.jpg\" data-width=\"734\" data-height=\"1100\" aria-label=\"Meilleur photographe de mariage\" role=\"img\" ><\/div>\n\t\t\t\t\t\t\t\t\t\t\t<div class=\"elementor-gallery-item__overlay\"><\/div>\n\t\t\t\t\t\t\t\t\t\t\t\t\t\t<\/a>\n\t\t\t\t\t\t\t<a class=\"e-gallery-item elementor-gallery-item\" href=\"https:\/\/lesnocesdeflorent.fr\/wp-content\/uploads\/2023\/05\/Mariage-Camille-et-Nathan-bis-32-scaled.webp\" data-elementor-open-lightbox=\"yes\" data-elementor-lightbox-slideshow=\"b9f86ec\" data-elementor-lightbox-title=\"photographe mariage Poitiers\" data-elementor-lightbox-description=\"photographe mariage Poitiers\" data-e-action-hash=\"#elementor-action%3Aaction%3Dlightbox%26settings%3DeyJpZCI6MjEwOSwidXJsIjoiaHR0cHM6XC9cL2xlc25vY2VzZGVmbG9yZW50LmZyXC93cC1jb250ZW50XC91cGxvYWRzXC8yMDIzXC8wNVwvTWFyaWFnZS1DYW1pbGxlLWV0LU5hdGhhbi1iaXMtMzItc2NhbGVkLndlYnAiLCJzbGlkZXNob3ciOiJiOWY4NmVjIn0%3D\">\n\t\t\t\t\t<div class=\"e-gallery-image elementor-gallery-item__image\" data-thumbnail=\"https:\/\/lesnocesdeflorent.fr\/wp-content\/uploads\/2023\/05\/Mariage-Camille-et-Nathan-bis-32-scaled.webp\" data-width=\"2560\" data-height=\"1708\" aria-label=\"photographe mariage Poitiers\" role=\"img\" ><\/div>\n\t\t\t\t\t\t\t\t\t\t\t<div class=\"elementor-gallery-item__overlay\"><\/div>\n\t\t\t\t\t\t\t\t\t\t\t\t\t\t<\/a>\n\t\t\t\t\t\t\t<a class=\"e-gallery-item elementor-gallery-item\" href=\"https:\/\/lesnocesdeflorent.fr\/wp-content\/uploads\/2023\/10\/Mariage-Suwan-Quentin-574-jpg.webp\" data-elementor-open-lightbox=\"yes\" data-elementor-lightbox-slideshow=\"b9f86ec\" data-elementor-lightbox-title=\"Mariage Suwan &amp; Quentin-574\" data-elementor-lightbox-description=\"Photographe mariage Poitiers\" data-e-action-hash=\"#elementor-action%3Aaction%3Dlightbox%26settings%3DeyJpZCI6MjQyMSwidXJsIjoiaHR0cHM6XC9cL2xlc25vY2VzZGVmbG9yZW50LmZyXC93cC1jb250ZW50XC91cGxvYWRzXC8yMDIzXC8xMFwvTWFyaWFnZS1TdXdhbi1RdWVudGluLTU3NC1qcGcud2VicCIsInNsaWRlc2hvdyI6ImI5Zjg2ZWMifQ%3D%3D\">\n\t\t\t\t\t<div class=\"e-gallery-image elementor-gallery-item__image\" data-thumbnail=\"https:\/\/lesnocesdeflorent.fr\/wp-content\/uploads\/2023\/10\/Mariage-Suwan-Quentin-574-jpg.webp\" data-width=\"2048\" data-height=\"1366\" aria-label=\"Photographe mariage Poitiers\" role=\"img\" ><\/div>\n\t\t\t\t\t\t\t\t\t\t\t<div class=\"elementor-gallery-item__overlay\"><\/div>\n\t\t\t\t\t\t\t\t\t\t\t\t\t\t<\/a>\n\t\t\t\t\t\t\t<a class=\"e-gallery-item elementor-gallery-item\" href=\"https:\/\/lesnocesdeflorent.fr\/wp-content\/uploads\/2023\/09\/Mariage-Eva-Karim-62-jpg.webp\" data-elementor-open-lightbox=\"yes\" data-elementor-lightbox-slideshow=\"b9f86ec\" data-elementor-lightbox-title=\"Mariage Eva &amp; Karim-62\" data-elementor-lightbox-description=\"Photographe mariage Poitiers\" data-e-action-hash=\"#elementor-action%3Aaction%3Dlightbox%26settings%3DeyJpZCI6MjM0NCwidXJsIjoiaHR0cHM6XC9cL2xlc25vY2VzZGVmbG9yZW50LmZyXC93cC1jb250ZW50XC91cGxvYWRzXC8yMDIzXC8wOVwvTWFyaWFnZS1FdmEtS2FyaW0tNjItanBnLndlYnAiLCJzbGlkZXNob3ciOiJiOWY4NmVjIn0%3D\">\n\t\t\t\t\t<div class=\"e-gallery-image elementor-gallery-item__image\" data-thumbnail=\"https:\/\/lesnocesdeflorent.fr\/wp-content\/uploads\/2023\/09\/Mariage-Eva-Karim-62-jpg.webp\" data-width=\"2048\" data-height=\"1365\" aria-label=\"Photographe mariage Poitiers\" role=\"img\" ><\/div>\n\t\t\t\t\t\t\t\t\t\t\t<div class=\"elementor-gallery-item__overlay\"><\/div>\n\t\t\t\t\t\t\t\t\t\t\t\t\t\t<\/a>\n\t\t\t\t\t\t\t<a class=\"e-gallery-item elementor-gallery-item\" href=\"https:\/\/lesnocesdeflorent.fr\/wp-content\/uploads\/2023\/05\/Mariage-Camille-et-Nathan-bis-23-scaled.webp\" data-elementor-open-lightbox=\"yes\" data-elementor-lightbox-slideshow=\"b9f86ec\" data-elementor-lightbox-title=\"photographe mariage Poitiers\" data-elementor-lightbox-description=\"photographe mariage Poitiers\" data-e-action-hash=\"#elementor-action%3Aaction%3Dlightbox%26settings%3DeyJpZCI6MjEwOCwidXJsIjoiaHR0cHM6XC9cL2xlc25vY2VzZGVmbG9yZW50LmZyXC93cC1jb250ZW50XC91cGxvYWRzXC8yMDIzXC8wNVwvTWFyaWFnZS1DYW1pbGxlLWV0LU5hdGhhbi1iaXMtMjMtc2NhbGVkLndlYnAiLCJzbGlkZXNob3ciOiJiOWY4NmVjIn0%3D\">\n\t\t\t\t\t<div class=\"e-gallery-image elementor-gallery-item__image\" data-thumbnail=\"https:\/\/lesnocesdeflorent.fr\/wp-content\/uploads\/2023\/05\/Mariage-Camille-et-Nathan-bis-23-scaled.webp\" data-width=\"1707\" data-height=\"2560\" aria-label=\"photographe mariage Poitiers\" role=\"img\" ><\/div>\n\t\t\t\t\t\t\t\t\t\t\t<div class=\"elementor-gallery-item__overlay\"><\/div>\n\t\t\t\t\t\t\t\t\t\t\t\t\t\t<\/a>\n\t\t\t\t\t\t\t<a class=\"e-gallery-item elementor-gallery-item\" href=\"https:\/\/lesnocesdeflorent.fr\/wp-content\/uploads\/2023\/09\/3757ChloeBenoit-jpg.webp\" data-elementor-open-lightbox=\"yes\" data-elementor-lightbox-slideshow=\"b9f86ec\" data-elementor-lightbox-title=\"3757Chloe+Benoit\" data-elementor-lightbox-description=\"Photographe mariage Poitiers\" data-e-action-hash=\"#elementor-action%3Aaction%3Dlightbox%26settings%3DeyJpZCI6MjM2MCwidXJsIjoiaHR0cHM6XC9cL2xlc25vY2VzZGVmbG9yZW50LmZyXC93cC1jb250ZW50XC91cGxvYWRzXC8yMDIzXC8wOVwvMzc1N0NobG9lQmVub2l0LWpwZy53ZWJwIiwic2xpZGVzaG93IjoiYjlmODZlYyJ9\">\n\t\t\t\t\t<div class=\"e-gallery-image elementor-gallery-item__image\" data-thumbnail=\"https:\/\/lesnocesdeflorent.fr\/wp-content\/uploads\/2023\/09\/3757ChloeBenoit-jpg.webp\" data-width=\"2048\" data-height=\"1365\" aria-label=\"Photographe mariage Poitiers\" role=\"img\" ><\/div>\n\t\t\t\t\t\t\t\t\t\t\t<div class=\"elementor-gallery-item__overlay\"><\/div>\n\t\t\t\t\t\t\t\t\t\t\t\t\t\t<\/a>\n\t\t\t\t\t\t\t<a class=\"e-gallery-item elementor-gallery-item\" href=\"https:\/\/lesnocesdeflorent.fr\/wp-content\/uploads\/2023\/10\/Mylene-_-Johan-83-jpg.webp\" data-elementor-open-lightbox=\"yes\" data-elementor-lightbox-slideshow=\"b9f86ec\" data-elementor-lightbox-title=\"Myl\u00e8ne _ Johan-83\" data-elementor-lightbox-description=\"Photographe mariage Poitiers\" data-e-action-hash=\"#elementor-action%3Aaction%3Dlightbox%26settings%3DeyJpZCI6MzM5MSwidXJsIjoiaHR0cHM6XC9cL2xlc25vY2VzZGVmbG9yZW50LmZyXC93cC1jb250ZW50XC91cGxvYWRzXC8yMDIzXC8xMFwvTXlsZW5lLV8tSm9oYW4tODMtanBnLndlYnAiLCJzbGlkZXNob3ciOiJiOWY4NmVjIn0%3D\">\n\t\t\t\t\t<div class=\"e-gallery-image elementor-gallery-item__image\" data-thumbnail=\"https:\/\/lesnocesdeflorent.fr\/wp-content\/uploads\/2023\/10\/Mylene-_-Johan-83-jpg.webp\" data-width=\"1366\" data-height=\"2048\" aria-label=\"\" role=\"img\" ><\/div>\n\t\t\t\t\t\t\t\t\t\t\t<div class=\"elementor-gallery-item__overlay\"><\/div>\n\t\t\t\t\t\t\t\t\t\t\t\t\t\t<\/a>\n\t\t\t\t\t\t\t<a class=\"e-gallery-item elementor-gallery-item\" href=\"https:\/\/lesnocesdeflorent.fr\/wp-content\/uploads\/2023\/10\/Mariage-Suwan-Quentin-282-jpg.webp\" data-elementor-open-lightbox=\"yes\" data-elementor-lightbox-slideshow=\"b9f86ec\" data-elementor-lightbox-title=\"Mariage Suwan &amp; Quentin-282\" data-elementor-lightbox-description=\"Photographe mariage Poitiers\" data-e-action-hash=\"#elementor-action%3Aaction%3Dlightbox%26settings%3DeyJpZCI6MzM3NywidXJsIjoiaHR0cHM6XC9cL2xlc25vY2VzZGVmbG9yZW50LmZyXC93cC1jb250ZW50XC91cGxvYWRzXC8yMDIzXC8xMFwvTWFyaWFnZS1TdXdhbi1RdWVudGluLTI4Mi1qcGcud2VicCIsInNsaWRlc2hvdyI6ImI5Zjg2ZWMifQ%3D%3D\">\n\t\t\t\t\t<div class=\"e-gallery-image elementor-gallery-item__image\" data-thumbnail=\"https:\/\/lesnocesdeflorent.fr\/wp-content\/uploads\/2023\/10\/Mariage-Suwan-Quentin-282-jpg.webp\" data-width=\"1365\" data-height=\"2048\" aria-label=\"\" role=\"img\" ><\/div>\n\t\t\t\t\t\t\t\t\t\t\t<div class=\"elementor-gallery-item__overlay\"><\/div>\n\t\t\t\t\t\t\t\t\t\t\t\t\t\t<\/a>\n\t\t\t\t\t\t\t<a class=\"e-gallery-item elementor-gallery-item\" href=\"https:\/\/lesnocesdeflorent.fr\/wp-content\/uploads\/2024\/09\/Mariage-Justine-Giovanni-14.jpg\" data-elementor-open-lightbox=\"yes\" data-elementor-lightbox-slideshow=\"b9f86ec\" data-elementor-lightbox-title=\"Mariage Justine &amp; Giovanni-14\" data-elementor-lightbox-description=\"Photographe mariage La Rochelle\" data-e-action-hash=\"#elementor-action%3Aaction%3Dlightbox%26settings%3DeyJpZCI6MzU0MCwidXJsIjoiaHR0cHM6XC9cL2xlc25vY2VzZGVmbG9yZW50LmZyXC93cC1jb250ZW50XC91cGxvYWRzXC8yMDI0XC8wOVwvTWFyaWFnZS1KdXN0aW5lLUdpb3Zhbm5pLTE0LmpwZyIsInNsaWRlc2hvdyI6ImI5Zjg2ZWMifQ%3D%3D\">\n\t\t\t\t\t<div class=\"e-gallery-image elementor-gallery-item__image\" data-thumbnail=\"https:\/\/lesnocesdeflorent.fr\/wp-content\/uploads\/2024\/09\/Mariage-Justine-Giovanni-14.jpg\" data-width=\"2200\" data-height=\"1236\" aria-label=\"\" role=\"img\" ><\/div>\n\t\t\t\t\t\t\t\t\t\t\t<div class=\"elementor-gallery-item__overlay\"><\/div>\n\t\t\t\t\t\t\t\t\t\t\t\t\t\t<\/a>\n\t\t\t\t\t\t\t<a class=\"e-gallery-item elementor-gallery-item\" href=\"https:\/\/lesnocesdeflorent.fr\/wp-content\/uploads\/2024\/12\/Mariage-Helene-Paul-117-scaled.jpg\" data-elementor-open-lightbox=\"yes\" data-elementor-lightbox-slideshow=\"b9f86ec\" data-elementor-lightbox-title=\"Mariage He\u0301le\u0300ne &amp; Paul-117\" data-elementor-lightbox-description=\"Photographe mariage Poitiers\" data-e-action-hash=\"#elementor-action%3Aaction%3Dlightbox%26settings%3DeyJpZCI6Mzc3NiwidXJsIjoiaHR0cHM6XC9cL2xlc25vY2VzZGVmbG9yZW50LmZyXC93cC1jb250ZW50XC91cGxvYWRzXC8yMDI0XC8xMlwvTWFyaWFnZS1IZWxlbmUtUGF1bC0xMTctc2NhbGVkLmpwZyIsInNsaWRlc2hvdyI6ImI5Zjg2ZWMifQ%3D%3D\">\n\t\t\t\t\t<div class=\"e-gallery-image elementor-gallery-item__image\" data-thumbnail=\"https:\/\/lesnocesdeflorent.fr\/wp-content\/uploads\/2024\/12\/Mariage-Helene-Paul-117-scaled.jpg\" data-width=\"1708\" data-height=\"2560\" aria-label=\"Photographe mariage Poitiers\" role=\"img\" ><\/div>\n\t\t\t\t\t\t\t\t\t\t\t<div class=\"elementor-gallery-item__overlay\"><\/div>\n\t\t\t\t\t\t\t\t\t\t\t\t\t\t<\/a>\n\t\t\t\t\t\t\t<a class=\"e-gallery-item elementor-gallery-item\" href=\"https:\/\/lesnocesdeflorent.fr\/wp-content\/uploads\/2024\/10\/Mariage-Celine-et-Didier-498.jpg\" data-elementor-open-lightbox=\"yes\" data-elementor-lightbox-slideshow=\"b9f86ec\" data-elementor-lightbox-title=\"Mariage Ce\u0301line et Didier-498\" data-elementor-lightbox-description=\"Photographe mariage La Rochelle\" data-e-action-hash=\"#elementor-action%3Aaction%3Dlightbox%26settings%3DeyJpZCI6MzY3MiwidXJsIjoiaHR0cHM6XC9cL2xlc25vY2VzZGVmbG9yZW50LmZyXC93cC1jb250ZW50XC91cGxvYWRzXC8yMDI0XC8xMFwvTWFyaWFnZS1DZWxpbmUtZXQtRGlkaWVyLTQ5OC5qcGciLCJzbGlkZXNob3ciOiJiOWY4NmVjIn0%3D\">\n\t\t\t\t\t<div class=\"e-gallery-image elementor-gallery-item__image\" data-thumbnail=\"https:\/\/lesnocesdeflorent.fr\/wp-content\/uploads\/2024\/10\/Mariage-Celine-et-Didier-498.jpg\" data-width=\"1467\" data-height=\"2200\" aria-label=\"Photographe mariage La Rochelle\" role=\"img\" ><\/div>\n\t\t\t\t\t\t\t\t\t\t\t<div class=\"elementor-gallery-item__overlay\"><\/div>\n\t\t\t\t\t\t\t\t\t\t\t\t\t\t<\/a>\n\t\t\t\t\t\t\t<a class=\"e-gallery-item elementor-gallery-item\" href=\"https:\/\/lesnocesdeflorent.fr\/wp-content\/uploads\/2024\/10\/Mariage-Celine-et-Didier-728.jpg\" data-elementor-open-lightbox=\"yes\" data-elementor-lightbox-slideshow=\"b9f86ec\" data-elementor-lightbox-title=\"Mariage Ce\u0301line et Didier-728\" data-elementor-lightbox-description=\"Photographe mariage La Rochelle\" data-e-action-hash=\"#elementor-action%3Aaction%3Dlightbox%26settings%3DeyJpZCI6MzY2NCwidXJsIjoiaHR0cHM6XC9cL2xlc25vY2VzZGVmbG9yZW50LmZyXC93cC1jb250ZW50XC91cGxvYWRzXC8yMDI0XC8xMFwvTWFyaWFnZS1DZWxpbmUtZXQtRGlkaWVyLTcyOC5qcGciLCJzbGlkZXNob3ciOiJiOWY4NmVjIn0%3D\">\n\t\t\t\t\t<div class=\"e-gallery-image elementor-gallery-item__image\" data-thumbnail=\"https:\/\/lesnocesdeflorent.fr\/wp-content\/uploads\/2024\/10\/Mariage-Celine-et-Didier-728.jpg\" data-width=\"1467\" data-height=\"2200\" aria-label=\"Photographe mariage La Rochelle\" role=\"img\" ><\/div>\n\t\t\t\t\t\t\t\t\t\t\t<div class=\"elementor-gallery-item__overlay\"><\/div>\n\t\t\t\t\t\t\t\t\t\t\t\t\t\t<\/a>\n\t\t\t\t\t\t\t<a class=\"e-gallery-item elementor-gallery-item\" href=\"https:\/\/lesnocesdeflorent.fr\/wp-content\/uploads\/2024\/10\/Mariage-Celine-Didier-Studio-21.jpg\" data-elementor-open-lightbox=\"yes\" data-elementor-lightbox-slideshow=\"b9f86ec\" data-elementor-lightbox-title=\"Mariage Ce\u0301line &amp; Didier Studio-21\" data-elementor-lightbox-description=\"Photographe mariage La Rochelle\" data-e-action-hash=\"#elementor-action%3Aaction%3Dlightbox%26settings%3DeyJpZCI6MzY2OCwidXJsIjoiaHR0cHM6XC9cL2xlc25vY2VzZGVmbG9yZW50LmZyXC93cC1jb250ZW50XC91cGxvYWRzXC8yMDI0XC8xMFwvTWFyaWFnZS1DZWxpbmUtRGlkaWVyLVN0dWRpby0yMS5qcGciLCJzbGlkZXNob3ciOiJiOWY4NmVjIn0%3D\">\n\t\t\t\t\t<div class=\"e-gallery-image elementor-gallery-item__image\" data-thumbnail=\"https:\/\/lesnocesdeflorent.fr\/wp-content\/uploads\/2024\/10\/Mariage-Celine-Didier-Studio-21.jpg\" data-width=\"2200\" data-height=\"1467\" aria-label=\"Photographe mariage La Rochelle\" role=\"img\" ><\/div>\n\t\t\t\t\t\t\t\t\t\t\t<div class=\"elementor-gallery-item__overlay\"><\/div>\n\t\t\t\t\t\t\t\t\t\t\t\t\t\t<\/a>\n\t\t\t\t\t\t\t<a class=\"e-gallery-item elementor-gallery-item\" href=\"https:\/\/lesnocesdeflorent.fr\/wp-content\/uploads\/2024\/10\/Mariage-Celine-Didier-Studio-37.jpg\" data-elementor-open-lightbox=\"yes\" data-elementor-lightbox-slideshow=\"b9f86ec\" data-elementor-lightbox-title=\"Mariage Ce\u0301line &amp; Didier Studio-37\" data-elementor-lightbox-description=\"Photographe mariage La Rochelle\" data-e-action-hash=\"#elementor-action%3Aaction%3Dlightbox%26settings%3DeyJpZCI6MzY2NywidXJsIjoiaHR0cHM6XC9cL2xlc25vY2VzZGVmbG9yZW50LmZyXC93cC1jb250ZW50XC91cGxvYWRzXC8yMDI0XC8xMFwvTWFyaWFnZS1DZWxpbmUtRGlkaWVyLVN0dWRpby0zNy5qcGciLCJzbGlkZXNob3ciOiJiOWY4NmVjIn0%3D\">\n\t\t\t\t\t<div class=\"e-gallery-image elementor-gallery-item__image\" data-thumbnail=\"https:\/\/lesnocesdeflorent.fr\/wp-content\/uploads\/2024\/10\/Mariage-Celine-Didier-Studio-37.jpg\" data-width=\"1435\" data-height=\"2200\" aria-label=\"Photographe mariage La Rochelle\" role=\"img\" ><\/div>\n\t\t\t\t\t\t\t\t\t\t\t<div class=\"elementor-gallery-item__overlay\"><\/div>\n\t\t\t\t\t\t\t\t\t\t\t\t\t\t<\/a>\n\t\t\t\t\t\t\t<a class=\"e-gallery-item elementor-gallery-item\" href=\"https:\/\/lesnocesdeflorent.fr\/wp-content\/uploads\/2024\/10\/Mariage-Celine-et-Didier-377.jpg\" data-elementor-open-lightbox=\"yes\" data-elementor-lightbox-slideshow=\"b9f86ec\" data-elementor-lightbox-title=\"Mariage Ce\u0301line et Didier-377\" data-elementor-lightbox-description=\"Photographe mariage La Rochelle\" data-e-action-hash=\"#elementor-action%3Aaction%3Dlightbox%26settings%3DeyJpZCI6MzY0NywidXJsIjoiaHR0cHM6XC9cL2xlc25vY2VzZGVmbG9yZW50LmZyXC93cC1jb250ZW50XC91cGxvYWRzXC8yMDI0XC8xMFwvTWFyaWFnZS1DZWxpbmUtZXQtRGlkaWVyLTM3Ny5qcGciLCJzbGlkZXNob3ciOiJiOWY4NmVjIn0%3D\">\n\t\t\t\t\t<div class=\"e-gallery-image elementor-gallery-item__image\" data-thumbnail=\"https:\/\/lesnocesdeflorent.fr\/wp-content\/uploads\/2024\/10\/Mariage-Celine-et-Didier-377.jpg\" data-width=\"1467\" data-height=\"2200\" aria-label=\"Photographe mariage La Rochelle\" role=\"img\" ><\/div>\n\t\t\t\t\t\t\t\t\t\t\t<div class=\"elementor-gallery-item__overlay\"><\/div>\n\t\t\t\t\t\t\t\t\t\t\t\t\t\t<\/a>\n\t\t\t\t\t\t\t<a class=\"e-gallery-item elementor-gallery-item\" href=\"https:\/\/lesnocesdeflorent.fr\/wp-content\/uploads\/2024\/12\/Mariage-Helene-Paul-407-scaled.jpg\" data-elementor-open-lightbox=\"yes\" data-elementor-lightbox-slideshow=\"b9f86ec\" data-elementor-lightbox-title=\"Mariage He\u0301le\u0300ne &amp; Paul-407\" data-elementor-lightbox-description=\"Photographe mariage Poitiers\" data-e-action-hash=\"#elementor-action%3Aaction%3Dlightbox%26settings%3DeyJpZCI6Mzc0NSwidXJsIjoiaHR0cHM6XC9cL2xlc25vY2VzZGVmbG9yZW50LmZyXC93cC1jb250ZW50XC91cGxvYWRzXC8yMDI0XC8xMlwvTWFyaWFnZS1IZWxlbmUtUGF1bC00MDctc2NhbGVkLmpwZyIsInNsaWRlc2hvdyI6ImI5Zjg2ZWMifQ%3D%3D\">\n\t\t\t\t\t<div class=\"e-gallery-image elementor-gallery-item__image\" data-thumbnail=\"https:\/\/lesnocesdeflorent.fr\/wp-content\/uploads\/2024\/12\/Mariage-Helene-Paul-407-scaled.jpg\" data-width=\"2560\" data-height=\"1708\" aria-label=\"Photographe mariage Poitiers\" role=\"img\" ><\/div>\n\t\t\t\t\t\t\t\t\t\t\t<div class=\"elementor-gallery-item__overlay\"><\/div>\n\t\t\t\t\t\t\t\t\t\t\t\t\t\t<\/a>\n\t\t\t\t\t\t\t<a class=\"e-gallery-item elementor-gallery-item\" href=\"https:\/\/lesnocesdeflorent.fr\/wp-content\/uploads\/2024\/10\/Mariage-Celine-et-Didier-811.jpg\" data-elementor-open-lightbox=\"yes\" data-elementor-lightbox-slideshow=\"b9f86ec\" data-elementor-lightbox-title=\"Mariage Ce\u0301line et Didier-811\" data-elementor-lightbox-description=\"Photographe mariage La Rochelle\" data-e-action-hash=\"#elementor-action%3Aaction%3Dlightbox%26settings%3DeyJpZCI6MzY4NSwidXJsIjoiaHR0cHM6XC9cL2xlc25vY2VzZGVmbG9yZW50LmZyXC93cC1jb250ZW50XC91cGxvYWRzXC8yMDI0XC8xMFwvTWFyaWFnZS1DZWxpbmUtZXQtRGlkaWVyLTgxMS5qcGciLCJzbGlkZXNob3ciOiJiOWY4NmVjIn0%3D\">\n\t\t\t\t\t<div class=\"e-gallery-image elementor-gallery-item__image\" data-thumbnail=\"https:\/\/lesnocesdeflorent.fr\/wp-content\/uploads\/2024\/10\/Mariage-Celine-et-Didier-811.jpg\" data-width=\"1467\" data-height=\"2200\" aria-label=\"Photographe mariage La Rochelle\" role=\"img\" ><\/div>\n\t\t\t\t\t\t\t\t\t\t\t<div class=\"elementor-gallery-item__overlay\"><\/div>\n\t\t\t\t\t\t\t\t\t\t\t\t\t\t<\/a>\n\t\t\t\t\t\t\t<a class=\"e-gallery-item elementor-gallery-item\" href=\"https:\/\/lesnocesdeflorent.fr\/wp-content\/uploads\/2024\/10\/Mariage-Celine-et-Didier-541.jpg\" data-elementor-open-lightbox=\"yes\" data-elementor-lightbox-slideshow=\"b9f86ec\" data-elementor-lightbox-title=\"Mariage Ce\u0301line et Didier-541\" data-elementor-lightbox-description=\"Photographe mariage La Rochelle\" data-e-action-hash=\"#elementor-action%3Aaction%3Dlightbox%26settings%3DeyJpZCI6MzY3OSwidXJsIjoiaHR0cHM6XC9cL2xlc25vY2VzZGVmbG9yZW50LmZyXC93cC1jb250ZW50XC91cGxvYWRzXC8yMDI0XC8xMFwvTWFyaWFnZS1DZWxpbmUtZXQtRGlkaWVyLTU0MS5qcGciLCJzbGlkZXNob3ciOiJiOWY4NmVjIn0%3D\">\n\t\t\t\t\t<div class=\"e-gallery-image elementor-gallery-item__image\" data-thumbnail=\"https:\/\/lesnocesdeflorent.fr\/wp-content\/uploads\/2024\/10\/Mariage-Celine-et-Didier-541.jpg\" data-width=\"1467\" data-height=\"2200\" aria-label=\"Photographe mariage La Rochelle\" role=\"img\" ><\/div>\n\t\t\t\t\t\t\t\t\t\t\t<div class=\"elementor-gallery-item__overlay\"><\/div>\n\t\t\t\t\t\t\t\t\t\t\t\t\t\t<\/a>\n\t\t\t\t\t\t\t<a class=\"e-gallery-item elementor-gallery-item\" href=\"https:\/\/lesnocesdeflorent.fr\/wp-content\/uploads\/2024\/12\/Mariage-Helene-Paul-1346-scaled.jpg\" data-elementor-open-lightbox=\"yes\" data-elementor-lightbox-slideshow=\"b9f86ec\" data-elementor-lightbox-title=\"Mariage He\u0301le\u0300ne &amp; Paul-1346\" data-elementor-lightbox-description=\"Photographe mariage Poitiers\" data-e-action-hash=\"#elementor-action%3Aaction%3Dlightbox%26settings%3DeyJpZCI6Mzc2MywidXJsIjoiaHR0cHM6XC9cL2xlc25vY2VzZGVmbG9yZW50LmZyXC93cC1jb250ZW50XC91cGxvYWRzXC8yMDI0XC8xMlwvTWFyaWFnZS1IZWxlbmUtUGF1bC0xMzQ2LXNjYWxlZC5qcGciLCJzbGlkZXNob3ciOiJiOWY4NmVjIn0%3D\">\n\t\t\t\t\t<div class=\"e-gallery-image elementor-gallery-item__image\" data-thumbnail=\"https:\/\/lesnocesdeflorent.fr\/wp-content\/uploads\/2024\/12\/Mariage-Helene-Paul-1346-scaled.jpg\" data-width=\"2560\" data-height=\"1708\" aria-label=\"\" role=\"img\" ><\/div>\n\t\t\t\t\t\t\t\t\t\t\t<div class=\"elementor-gallery-item__overlay\"><\/div>\n\t\t\t\t\t\t\t\t\t\t\t\t\t\t<\/a>\n\t\t\t\t\t\t\t<a class=\"e-gallery-item elementor-gallery-item\" href=\"https:\/\/lesnocesdeflorent.fr\/wp-content\/uploads\/2024\/12\/Mariage-Helene-Paul-16-scaled.jpg\" data-elementor-open-lightbox=\"yes\" data-elementor-lightbox-slideshow=\"b9f86ec\" data-elementor-lightbox-title=\"Mariage He\u0301le\u0300ne &amp; Paul-16\" data-elementor-lightbox-description=\"Photographe mariage Poitiers\" data-e-action-hash=\"#elementor-action%3Aaction%3Dlightbox%26settings%3DeyJpZCI6MzczMiwidXJsIjoiaHR0cHM6XC9cL2xlc25vY2VzZGVmbG9yZW50LmZyXC93cC1jb250ZW50XC91cGxvYWRzXC8yMDI0XC8xMlwvTWFyaWFnZS1IZWxlbmUtUGF1bC0xNi1zY2FsZWQuanBnIiwic2xpZGVzaG93IjoiYjlmODZlYyJ9\">\n\t\t\t\t\t<div class=\"e-gallery-image elementor-gallery-item__image\" data-thumbnail=\"https:\/\/lesnocesdeflorent.fr\/wp-content\/uploads\/2024\/12\/Mariage-Helene-Paul-16-scaled.jpg\" data-width=\"2560\" data-height=\"1438\" aria-label=\"Photographe mariage Poitiers\" role=\"img\" ><\/div>\n\t\t\t\t\t\t\t\t\t\t\t<div class=\"elementor-gallery-item__overlay\"><\/div>\n\t\t\t\t\t\t\t\t\t\t\t\t\t\t<\/a>\n\t\t\t\t\t\t\t<a class=\"e-gallery-item elementor-gallery-item\" href=\"https:\/\/lesnocesdeflorent.fr\/wp-content\/uploads\/2024\/12\/Mariage-Helene-Paul-1204-scaled.jpg\" data-elementor-open-lightbox=\"yes\" data-elementor-lightbox-slideshow=\"b9f86ec\" data-elementor-lightbox-title=\"Mariage He\u0301le\u0300ne &amp; Paul-1204\" data-e-action-hash=\"#elementor-action%3Aaction%3Dlightbox%26settings%3DeyJpZCI6Mzc2OSwidXJsIjoiaHR0cHM6XC9cL2xlc25vY2VzZGVmbG9yZW50LmZyXC93cC1jb250ZW50XC91cGxvYWRzXC8yMDI0XC8xMlwvTWFyaWFnZS1IZWxlbmUtUGF1bC0xMjA0LXNjYWxlZC5qcGciLCJzbGlkZXNob3ciOiJiOWY4NmVjIn0%3D\">\n\t\t\t\t\t<div class=\"e-gallery-image elementor-gallery-item__image\" data-thumbnail=\"https:\/\/lesnocesdeflorent.fr\/wp-content\/uploads\/2024\/12\/Mariage-Helene-Paul-1204-scaled.jpg\" data-width=\"2560\" data-height=\"1708\" aria-label=\"\" role=\"img\" ><\/div>\n\t\t\t\t\t\t\t\t\t\t\t<div class=\"elementor-gallery-item__overlay\"><\/div>\n\t\t\t\t\t\t\t\t\t\t\t\t\t\t<\/a>\n\t\t\t\t\t\t\t<a class=\"e-gallery-item elementor-gallery-item\" href=\"https:\/\/lesnocesdeflorent.fr\/wp-content\/uploads\/2024\/12\/Mariage-Helene-Paul-120-scaled.jpg\" data-elementor-open-lightbox=\"yes\" data-elementor-lightbox-slideshow=\"b9f86ec\" data-elementor-lightbox-title=\"Mariage He\u0301le\u0300ne &amp; Paul-120\" data-elementor-lightbox-description=\"Photographe mariage Poitiers\" data-e-action-hash=\"#elementor-action%3Aaction%3Dlightbox%26settings%3DeyJpZCI6Mzc0MSwidXJsIjoiaHR0cHM6XC9cL2xlc25vY2VzZGVmbG9yZW50LmZyXC93cC1jb250ZW50XC91cGxvYWRzXC8yMDI0XC8xMlwvTWFyaWFnZS1IZWxlbmUtUGF1bC0xMjAtc2NhbGVkLmpwZyIsInNsaWRlc2hvdyI6ImI5Zjg2ZWMifQ%3D%3D\">\n\t\t\t\t\t<div class=\"e-gallery-image elementor-gallery-item__image\" data-thumbnail=\"https:\/\/lesnocesdeflorent.fr\/wp-content\/uploads\/2024\/12\/Mariage-Helene-Paul-120-scaled.jpg\" data-width=\"1708\" data-height=\"2560\" aria-label=\"Photographe mariage Poitiers\" role=\"img\" ><\/div>\n\t\t\t\t\t\t\t\t\t\t\t<div class=\"elementor-gallery-item__overlay\"><\/div>\n\t\t\t\t\t\t\t\t\t\t\t\t\t\t<\/a>\n\t\t\t\t\t\t\t<a class=\"e-gallery-item elementor-gallery-item\" href=\"https:\/\/lesnocesdeflorent.fr\/wp-content\/uploads\/2023\/11\/Mylene-_-Johan-285-scaled.webp\" data-elementor-open-lightbox=\"yes\" data-elementor-lightbox-slideshow=\"b9f86ec\" data-elementor-lightbox-title=\"Myl\u00e8ne _ Johan-285\" data-elementor-lightbox-description=\"Photographe mariage Poitiers\" data-e-action-hash=\"#elementor-action%3Aaction%3Dlightbox%26settings%3DeyJpZCI6MjQ3OSwidXJsIjoiaHR0cHM6XC9cL2xlc25vY2VzZGVmbG9yZW50LmZyXC93cC1jb250ZW50XC91cGxvYWRzXC8yMDIzXC8xMVwvTXlsZW5lLV8tSm9oYW4tMjg1LXNjYWxlZC53ZWJwIiwic2xpZGVzaG93IjoiYjlmODZlYyJ9\">\n\t\t\t\t\t<div class=\"e-gallery-image elementor-gallery-item__image\" data-thumbnail=\"https:\/\/lesnocesdeflorent.fr\/wp-content\/uploads\/2023\/11\/Mylene-_-Johan-285-scaled.webp\" data-width=\"2560\" data-height=\"1707\" aria-label=\"Photographe mariage Poitiers\" role=\"img\" ><\/div>\n\t\t\t\t\t\t\t\t\t\t\t<div class=\"elementor-gallery-item__overlay\"><\/div>\n\t\t\t\t\t\t\t\t\t\t\t\t\t\t<\/a>\n\t\t\t\t\t\t\t<a class=\"e-gallery-item elementor-gallery-item\" href=\"https:\/\/lesnocesdeflorent.fr\/wp-content\/uploads\/2023\/09\/Mariage-Audrey-Olivier-383-jpg.webp\" data-elementor-open-lightbox=\"yes\" data-elementor-lightbox-slideshow=\"b9f86ec\" data-elementor-lightbox-title=\"Mariage Audrey &amp; Olivier-383\" data-elementor-lightbox-description=\"Photographe mariage Poitiers\" data-e-action-hash=\"#elementor-action%3Aaction%3Dlightbox%26settings%3DeyJpZCI6MjI5NCwidXJsIjoiaHR0cHM6XC9cL2xlc25vY2VzZGVmbG9yZW50LmZyXC93cC1jb250ZW50XC91cGxvYWRzXC8yMDIzXC8wOVwvTWFyaWFnZS1BdWRyZXktT2xpdmllci0zODMtanBnLndlYnAiLCJzbGlkZXNob3ciOiJiOWY4NmVjIn0%3D\">\n\t\t\t\t\t<div class=\"e-gallery-image elementor-gallery-item__image\" data-thumbnail=\"https:\/\/lesnocesdeflorent.fr\/wp-content\/uploads\/2023\/09\/Mariage-Audrey-Olivier-383-jpg.webp\" data-width=\"1366\" data-height=\"2048\" aria-label=\"Photographe mariage Poitiers\" role=\"img\" ><\/div>\n\t\t\t\t\t\t\t\t\t\t\t<div class=\"elementor-gallery-item__overlay\"><\/div>\n\t\t\t\t\t\t\t\t\t\t\t\t\t\t<\/a>\n\t\t\t\t\t\t\t<a class=\"e-gallery-item elementor-gallery-item\" href=\"https:\/\/lesnocesdeflorent.fr\/wp-content\/uploads\/2024\/08\/Karen-Maurits-wedding-302-e1736281955998.jpg\" data-elementor-open-lightbox=\"yes\" data-elementor-lightbox-slideshow=\"b9f86ec\" data-elementor-lightbox-title=\"Karen &amp; Maurits wedding-302\" data-elementor-lightbox-description=\"Meilleur photographe de mariage \" data-e-action-hash=\"#elementor-action%3Aaction%3Dlightbox%26settings%3DeyJpZCI6Mjg4OSwidXJsIjoiaHR0cHM6XC9cL2xlc25vY2VzZGVmbG9yZW50LmZyXC93cC1jb250ZW50XC91cGxvYWRzXC8yMDI0XC8wOFwvS2FyZW4tTWF1cml0cy13ZWRkaW5nLTMwMi1lMTczNjI4MTk1NTk5OC5qcGciLCJzbGlkZXNob3ciOiJiOWY4NmVjIn0%3D\">\n\t\t\t\t\t<div class=\"e-gallery-image elementor-gallery-item__image\" data-thumbnail=\"https:\/\/lesnocesdeflorent.fr\/wp-content\/uploads\/2024\/08\/Karen-Maurits-wedding-302-e1736281955998.jpg\" data-width=\"533\" data-height=\"733\" aria-label=\"Meilleur photographe de mariage\" role=\"img\" ><\/div>\n\t\t\t\t\t\t\t\t\t\t\t<div class=\"elementor-gallery-item__overlay\"><\/div>\n\t\t\t\t\t\t\t\t\t\t\t\t\t\t<\/a>\n\t\t\t\t\t\t\t<a class=\"e-gallery-item elementor-gallery-item\" href=\"https:\/\/lesnocesdeflorent.fr\/wp-content\/uploads\/2023\/11\/3540ChloeBenoit-scaled.webp\" data-elementor-open-lightbox=\"yes\" data-elementor-lightbox-slideshow=\"b9f86ec\" data-elementor-lightbox-title=\"3540Chloe+Benoit\" data-e-action-hash=\"#elementor-action%3Aaction%3Dlightbox%26settings%3DeyJpZCI6MjU1MiwidXJsIjoiaHR0cHM6XC9cL2xlc25vY2VzZGVmbG9yZW50LmZyXC93cC1jb250ZW50XC91cGxvYWRzXC8yMDIzXC8xMVwvMzU0MENobG9lQmVub2l0LXNjYWxlZC53ZWJwIiwic2xpZGVzaG93IjoiYjlmODZlYyJ9\">\n\t\t\t\t\t<div class=\"e-gallery-image elementor-gallery-item__image\" data-thumbnail=\"https:\/\/lesnocesdeflorent.fr\/wp-content\/uploads\/2023\/11\/3540ChloeBenoit-scaled.webp\" data-width=\"2560\" data-height=\"1707\" aria-label=\"\" role=\"img\" ><\/div>\n\t\t\t\t\t\t\t\t\t\t\t<div class=\"elementor-gallery-item__overlay\"><\/div>\n\t\t\t\t\t\t\t\t\t\t\t\t\t\t<\/a>\n\t\t\t\t\t\t\t<a class=\"e-gallery-item elementor-gallery-item\" href=\"https:\/\/lesnocesdeflorent.fr\/wp-content\/uploads\/2023\/11\/Mylene-_-Johan-612-scaled.webp\" data-elementor-open-lightbox=\"yes\" data-elementor-lightbox-slideshow=\"b9f86ec\" data-elementor-lightbox-title=\"Myl\u00e8ne _ Johan-612\" data-elementor-lightbox-description=\"Photographe mariage Poitiers\" data-e-action-hash=\"#elementor-action%3Aaction%3Dlightbox%26settings%3DeyJpZCI6MjQ4MSwidXJsIjoiaHR0cHM6XC9cL2xlc25vY2VzZGVmbG9yZW50LmZyXC93cC1jb250ZW50XC91cGxvYWRzXC8yMDIzXC8xMVwvTXlsZW5lLV8tSm9oYW4tNjEyLXNjYWxlZC53ZWJwIiwic2xpZGVzaG93IjoiYjlmODZlYyJ9\">\n\t\t\t\t\t<div class=\"e-gallery-image elementor-gallery-item__image\" data-thumbnail=\"https:\/\/lesnocesdeflorent.fr\/wp-content\/uploads\/2023\/11\/Mylene-_-Johan-612-scaled.webp\" data-width=\"1707\" data-height=\"2560\" aria-label=\"Photographe mariage Poitiers\" role=\"img\" ><\/div>\n\t\t\t\t\t\t\t\t\t\t\t<div class=\"elementor-gallery-item__overlay\"><\/div>\n\t\t\t\t\t\t\t\t\t\t\t\t\t\t<\/a>\n\t\t\t\t\t\t\t<a class=\"e-gallery-item elementor-gallery-item\" href=\"https:\/\/lesnocesdeflorent.fr\/wp-content\/uploads\/2023\/07\/Mariage-Aylin-Ludovic-481-jpg.webp\" data-elementor-open-lightbox=\"yes\" data-elementor-lightbox-slideshow=\"b9f86ec\" data-elementor-lightbox-title=\"Mariage Aylin &amp; Ludovic-481\" data-e-action-hash=\"#elementor-action%3Aaction%3Dlightbox%26settings%3DeyJpZCI6MjIwMiwidXJsIjoiaHR0cHM6XC9cL2xlc25vY2VzZGVmbG9yZW50LmZyXC93cC1jb250ZW50XC91cGxvYWRzXC8yMDIzXC8wN1wvTWFyaWFnZS1BeWxpbi1MdWRvdmljLTQ4MS1qcGcud2VicCIsInNsaWRlc2hvdyI6ImI5Zjg2ZWMifQ%3D%3D\">\n\t\t\t\t\t<div class=\"e-gallery-image elementor-gallery-item__image\" data-thumbnail=\"https:\/\/lesnocesdeflorent.fr\/wp-content\/uploads\/2023\/07\/Mariage-Aylin-Ludovic-481-jpg.webp\" data-width=\"1366\" data-height=\"2048\" aria-label=\"\" role=\"img\" ><\/div>\n\t\t\t\t\t\t\t\t\t\t\t<div class=\"elementor-gallery-item__overlay\"><\/div>\n\t\t\t\t\t\t\t\t\t\t\t\t\t\t<\/a>\n\t\t\t\t\t\t\t<a class=\"e-gallery-item elementor-gallery-item\" href=\"https:\/\/lesnocesdeflorent.fr\/wp-content\/uploads\/2023\/04\/Photographe_mariage_poitiers_50-jpg.webp\" data-elementor-open-lightbox=\"yes\" data-elementor-lightbox-slideshow=\"b9f86ec\" data-elementor-lightbox-title=\"photographe mariage Poitiers\" data-elementor-lightbox-description=\"photographe mariage Poitiers\" data-e-action-hash=\"#elementor-action%3Aaction%3Dlightbox%26settings%3DeyJpZCI6MTk5OSwidXJsIjoiaHR0cHM6XC9cL2xlc25vY2VzZGVmbG9yZW50LmZyXC93cC1jb250ZW50XC91cGxvYWRzXC8yMDIzXC8wNFwvUGhvdG9ncmFwaGVfbWFyaWFnZV9wb2l0aWVyc181MC1qcGcud2VicCIsInNsaWRlc2hvdyI6ImI5Zjg2ZWMifQ%3D%3D\">\n\t\t\t\t\t<div class=\"e-gallery-image elementor-gallery-item__image\" data-thumbnail=\"https:\/\/lesnocesdeflorent.fr\/wp-content\/uploads\/2023\/04\/Photographe_mariage_poitiers_50-jpg.webp\" data-width=\"1152\" data-height=\"796\" aria-label=\"photographe mariage Poitiers\" role=\"img\" ><\/div>\n\t\t\t\t\t\t\t\t\t\t\t<div class=\"elementor-gallery-item__overlay\"><\/div>\n\t\t\t\t\t\t\t\t\t\t\t\t\t\t<\/a>\n\t\t\t\t\t\t\t<a class=\"e-gallery-item elementor-gallery-item\" href=\"https:\/\/lesnocesdeflorent.fr\/wp-content\/uploads\/2024\/07\/Mariage-Adele-Flavien-712-scaled.jpg\" data-elementor-open-lightbox=\"yes\" data-elementor-lightbox-slideshow=\"b9f86ec\" data-elementor-lightbox-title=\"Mariage Ad\u00e8le &amp; Flavien-712\" data-elementor-lightbox-description=\"Meilleur photographe mariage France\" data-e-action-hash=\"#elementor-action%3Aaction%3Dlightbox%26settings%3DeyJpZCI6MjgxOSwidXJsIjoiaHR0cHM6XC9cL2xlc25vY2VzZGVmbG9yZW50LmZyXC93cC1jb250ZW50XC91cGxvYWRzXC8yMDI0XC8wN1wvTWFyaWFnZS1BZGVsZS1GbGF2aWVuLTcxMi1zY2FsZWQuanBnIiwic2xpZGVzaG93IjoiYjlmODZlYyJ9\">\n\t\t\t\t\t<div class=\"e-gallery-image elementor-gallery-item__image\" data-thumbnail=\"https:\/\/lesnocesdeflorent.fr\/wp-content\/uploads\/2024\/07\/Mariage-Adele-Flavien-712-scaled.jpg\" data-width=\"2560\" data-height=\"1708\" aria-label=\"Meilleur photographe mariage France\" role=\"img\" ><\/div>\n\t\t\t\t\t\t\t\t\t\t\t<div class=\"elementor-gallery-item__overlay\"><\/div>\n\t\t\t\t\t\t\t\t\t\t\t\t\t\t<\/a>\n\t\t\t\t\t\t\t<a class=\"e-gallery-item elementor-gallery-item\" href=\"https:\/\/lesnocesdeflorent.fr\/wp-content\/uploads\/2024\/07\/Mariage-Adele-Flavien-1062-scaled.jpg\" data-elementor-open-lightbox=\"yes\" data-elementor-lightbox-slideshow=\"b9f86ec\" data-elementor-lightbox-title=\"Mariage Ad\u00e8le &amp; Flavien-1062\" data-elementor-lightbox-description=\"Meilleur photographe mariage France\" data-e-action-hash=\"#elementor-action%3Aaction%3Dlightbox%26settings%3DeyJpZCI6MzQ2NSwidXJsIjoiaHR0cHM6XC9cL2xlc25vY2VzZGVmbG9yZW50LmZyXC93cC1jb250ZW50XC91cGxvYWRzXC8yMDI0XC8wN1wvTWFyaWFnZS1BZGVsZS1GbGF2aWVuLTEwNjItc2NhbGVkLmpwZyIsInNsaWRlc2hvdyI6ImI5Zjg2ZWMifQ%3D%3D\">\n\t\t\t\t\t<div class=\"e-gallery-image elementor-gallery-item__image\" data-thumbnail=\"https:\/\/lesnocesdeflorent.fr\/wp-content\/uploads\/2024\/07\/Mariage-Adele-Flavien-1062-scaled.jpg\" data-width=\"1707\" data-height=\"2560\" aria-label=\"\" role=\"img\" ><\/div>\n\t\t\t\t\t\t\t\t\t\t\t<div class=\"elementor-gallery-item__overlay\"><\/div>\n\t\t\t\t\t\t\t\t\t\t\t\t\t\t<\/a>\n\t\t\t\t\t\t\t<a class=\"e-gallery-item elementor-gallery-item\" href=\"https:\/\/lesnocesdeflorent.fr\/wp-content\/uploads\/2023\/06\/Villa-Nymphea-24-1.jpg\" data-elementor-open-lightbox=\"yes\" data-elementor-lightbox-slideshow=\"b9f86ec\" data-elementor-lightbox-title=\"photographe mariage La Rochelle\" data-elementor-lightbox-description=\"photographe mariage La Rochelle\" data-e-action-hash=\"#elementor-action%3Aaction%3Dlightbox%26settings%3DeyJpZCI6MzIwNCwidXJsIjoiaHR0cHM6XC9cL2xlc25vY2VzZGVmbG9yZW50LmZyXC93cC1jb250ZW50XC91cGxvYWRzXC8yMDIzXC8wNlwvVmlsbGEtTnltcGhlYS0yNC0xLmpwZyIsInNsaWRlc2hvdyI6ImI5Zjg2ZWMifQ%3D%3D\">\n\t\t\t\t\t<div class=\"e-gallery-image elementor-gallery-item__image\" data-thumbnail=\"https:\/\/lesnocesdeflorent.fr\/wp-content\/uploads\/2023\/06\/Villa-Nymphea-24-1.jpg\" data-width=\"0\" data-height=\"0\" aria-label=\"\" role=\"img\" ><\/div>\n\t\t\t\t\t\t\t\t\t\t\t<div class=\"elementor-gallery-item__overlay\"><\/div>\n\t\t\t\t\t\t\t\t\t\t\t\t\t\t<\/a>\n\t\t\t\t\t\t\t<a class=\"e-gallery-item elementor-gallery-item\" href=\"https:\/\/lesnocesdeflorent.fr\/wp-content\/uploads\/2023\/11\/3540ChloeBenoit-scaled.webp\" data-elementor-open-lightbox=\"yes\" data-elementor-lightbox-slideshow=\"b9f86ec\" data-elementor-lightbox-title=\"3540Chloe+Benoit\" data-e-action-hash=\"#elementor-action%3Aaction%3Dlightbox%26settings%3DeyJpZCI6MzQwNiwidXJsIjoiaHR0cHM6XC9cL2xlc25vY2VzZGVmbG9yZW50LmZyXC93cC1jb250ZW50XC91cGxvYWRzXC8yMDIzXC8xMVwvMzU0MENobG9lQmVub2l0LXNjYWxlZC53ZWJwIiwic2xpZGVzaG93IjoiYjlmODZlYyJ9\">\n\t\t\t\t\t<div class=\"e-gallery-image elementor-gallery-item__image\" data-thumbnail=\"https:\/\/lesnocesdeflorent.fr\/wp-content\/uploads\/2023\/11\/3540ChloeBenoit-scaled.webp\" data-width=\"2560\" data-height=\"1707\" aria-label=\"\" role=\"img\" ><\/div>\n\t\t\t\t\t\t\t\t\t\t\t<div class=\"elementor-gallery-item__overlay\"><\/div>\n\t\t\t\t\t\t\t\t\t\t\t\t\t\t<\/a>\n\t\t\t\t\t\t\t<a class=\"e-gallery-item elementor-gallery-item\" href=\"https:\/\/lesnocesdeflorent.fr\/wp-content\/uploads\/2024\/10\/Mariage-Celine-et-Didier-713.jpg\" data-elementor-open-lightbox=\"yes\" data-elementor-lightbox-slideshow=\"b9f86ec\" data-elementor-lightbox-title=\"Mariage Ce\u0301line et Didier-713\" data-elementor-lightbox-description=\"Photographe mariage La Rochelle\" data-e-action-hash=\"#elementor-action%3Aaction%3Dlightbox%26settings%3DeyJpZCI6MzY2MiwidXJsIjoiaHR0cHM6XC9cL2xlc25vY2VzZGVmbG9yZW50LmZyXC93cC1jb250ZW50XC91cGxvYWRzXC8yMDI0XC8xMFwvTWFyaWFnZS1DZWxpbmUtZXQtRGlkaWVyLTcxMy5qcGciLCJzbGlkZXNob3ciOiJiOWY4NmVjIn0%3D\">\n\t\t\t\t\t<div class=\"e-gallery-image elementor-gallery-item__image\" data-thumbnail=\"https:\/\/lesnocesdeflorent.fr\/wp-content\/uploads\/2024\/10\/Mariage-Celine-et-Didier-713.jpg\" data-width=\"1467\" data-height=\"2200\" aria-label=\"Photographe mariage La Rochelle\" role=\"img\" ><\/div>\n\t\t\t\t\t\t\t\t\t\t\t<div class=\"elementor-gallery-item__overlay\"><\/div>\n\t\t\t\t\t\t\t\t\t\t\t\t\t\t<\/a>\n\t\t\t\t\t\t\t<a class=\"e-gallery-item elementor-gallery-item\" href=\"https:\/\/lesnocesdeflorent.fr\/wp-content\/uploads\/2024\/10\/Mariage-Celine-et-Didier-711.jpg\" data-elementor-open-lightbox=\"yes\" data-elementor-lightbox-slideshow=\"b9f86ec\" data-elementor-lightbox-title=\"Mariage Ce\u0301line et Didier-711\" data-elementor-lightbox-description=\"Photographe mariage La Rochelle\" data-e-action-hash=\"#elementor-action%3Aaction%3Dlightbox%26settings%3DeyJpZCI6MzY2MSwidXJsIjoiaHR0cHM6XC9cL2xlc25vY2VzZGVmbG9yZW50LmZyXC93cC1jb250ZW50XC91cGxvYWRzXC8yMDI0XC8xMFwvTWFyaWFnZS1DZWxpbmUtZXQtRGlkaWVyLTcxMS5qcGciLCJzbGlkZXNob3ciOiJiOWY4NmVjIn0%3D\">\n\t\t\t\t\t<div class=\"e-gallery-image elementor-gallery-item__image\" data-thumbnail=\"https:\/\/lesnocesdeflorent.fr\/wp-content\/uploads\/2024\/10\/Mariage-Celine-et-Didier-711.jpg\" data-width=\"1467\" data-height=\"2200\" aria-label=\"Photographe mariage La Rochelle\" role=\"img\" ><\/div>\n\t\t\t\t\t\t\t\t\t\t\t<div class=\"elementor-gallery-item__overlay\"><\/div>\n\t\t\t\t\t\t\t\t\t\t\t\t\t\t<\/a>\n\t\t\t\t\t\t\t<a class=\"e-gallery-item elementor-gallery-item\" href=\"https:\/\/lesnocesdeflorent.fr\/wp-content\/uploads\/2024\/09\/Mariage-Justine-Giovanni-70.jpg\" data-elementor-open-lightbox=\"yes\" data-elementor-lightbox-slideshow=\"b9f86ec\" data-elementor-lightbox-title=\"Mariage Justine &amp; Giovanni-70\" data-elementor-lightbox-description=\"Photographe mariage \" data-e-action-hash=\"#elementor-action%3Aaction%3Dlightbox%26settings%3DeyJpZCI6MzU0NCwidXJsIjoiaHR0cHM6XC9cL2xlc25vY2VzZGVmbG9yZW50LmZyXC93cC1jb250ZW50XC91cGxvYWRzXC8yMDI0XC8wOVwvTWFyaWFnZS1KdXN0aW5lLUdpb3Zhbm5pLTcwLmpwZyIsInNsaWRlc2hvdyI6ImI5Zjg2ZWMifQ%3D%3D\">\n\t\t\t\t\t<div class=\"e-gallery-image elementor-gallery-item__image\" data-thumbnail=\"https:\/\/lesnocesdeflorent.fr\/wp-content\/uploads\/2024\/09\/Mariage-Justine-Giovanni-70.jpg\" data-width=\"1467\" data-height=\"2200\" aria-label=\"\" role=\"img\" ><\/div>\n\t\t\t\t\t\t\t\t\t\t\t<div class=\"elementor-gallery-item__overlay\"><\/div>\n\t\t\t\t\t\t\t\t\t\t\t\t\t\t<\/a>\n\t\t\t\t\t\t\t<a class=\"e-gallery-item elementor-gallery-item\" href=\"https:\/\/lesnocesdeflorent.fr\/wp-content\/uploads\/2024\/08\/Karen-Maurits-wedding-1095.jpg\" data-elementor-open-lightbox=\"yes\" data-elementor-lightbox-slideshow=\"b9f86ec\" data-elementor-lightbox-title=\"Karen &amp; Maurits wedding-1095\" data-elementor-lightbox-description=\"Meilleur photographe de mariage \" data-e-action-hash=\"#elementor-action%3Aaction%3Dlightbox%26settings%3DeyJpZCI6MjkwMiwidXJsIjoiaHR0cHM6XC9cL2xlc25vY2VzZGVmbG9yZW50LmZyXC93cC1jb250ZW50XC91cGxvYWRzXC8yMDI0XC8wOFwvS2FyZW4tTWF1cml0cy13ZWRkaW5nLTEwOTUuanBnIiwic2xpZGVzaG93IjoiYjlmODZlYyJ9\">\n\t\t\t\t\t<div class=\"e-gallery-image elementor-gallery-item__image\" data-thumbnail=\"https:\/\/lesnocesdeflorent.fr\/wp-content\/uploads\/2024\/08\/Karen-Maurits-wedding-1095.jpg\" data-width=\"1100\" data-height=\"734\" aria-label=\"Meilleur photographe de mariage\" role=\"img\" ><\/div>\n\t\t\t\t\t\t\t\t\t\t\t<div class=\"elementor-gallery-item__overlay\"><\/div>\n\t\t\t\t\t\t\t\t\t\t\t\t\t\t<\/a>\n\t\t\t\t\t\t\t<a class=\"e-gallery-item elementor-gallery-item\" href=\"https:\/\/lesnocesdeflorent.fr\/wp-content\/uploads\/2023\/10\/Mylene-_-Johan-124-jpg.webp\" data-elementor-open-lightbox=\"yes\" data-elementor-lightbox-slideshow=\"b9f86ec\" data-elementor-lightbox-title=\"Myl\u00e8ne _ Johan-124\" data-elementor-lightbox-description=\"Photographe mariage Poitiers\" data-e-action-hash=\"#elementor-action%3Aaction%3Dlightbox%26settings%3DeyJpZCI6MjQyOSwidXJsIjoiaHR0cHM6XC9cL2xlc25vY2VzZGVmbG9yZW50LmZyXC93cC1jb250ZW50XC91cGxvYWRzXC8yMDIzXC8xMFwvTXlsZW5lLV8tSm9oYW4tMTI0LWpwZy53ZWJwIiwic2xpZGVzaG93IjoiYjlmODZlYyJ9\">\n\t\t\t\t\t<div class=\"e-gallery-image elementor-gallery-item__image\" data-thumbnail=\"https:\/\/lesnocesdeflorent.fr\/wp-content\/uploads\/2023\/10\/Mylene-_-Johan-124-jpg.webp\" data-width=\"1366\" data-height=\"2048\" aria-label=\"Photographe mariage Poitiers\" role=\"img\" ><\/div>\n\t\t\t\t\t\t\t\t\t\t\t<div class=\"elementor-gallery-item__overlay\"><\/div>\n\t\t\t\t\t\t\t\t\t\t\t\t\t\t<\/a>\n\t\t\t\t\t<\/div>\n\t\t\t\t\t<\/div>\n\t\t\t\t<\/div>\n\t\t\t\t<\/div>\n\t\t<div class=\"elementor-element elementor-element-cec5bf9 e-con-full e-flex e-con e-parent\" data-id=\"cec5bf9\" data-element_type=\"container\">\n\t\t\t\t<div class=\"elementor-element elementor-element-2eafd9a elementor-widget__width-initial elementor-widget elementor-widget-text-editor\" data-id=\"2eafd9a\" data-element_type=\"widget\" data-widget_type=\"text-editor.default\">\n\t\t\t\t<div class=\"elementor-widget-container\">\n\t\t\t\t\t\t\t\t\t<p>A journalist for ten years in Parisian editorial offices, I now define myself as a wedding reporter. Of course, like any photographer working on this type of event &#8211; which requires multiple photo and video skills due to the changing light conditions throughout the day &#8211; I offer my brides and grooms group photos and posed shots if they wish. However, I always give priority to moments of life and emotion. The ones we keep for eternity.   <\/p>\n\t\t\t\t\t\t\t\t<\/div>\n\t\t\t\t<\/div>\n\t\t\t\t<div class=\"elementor-element elementor-element-a9911bf elementor-widget__width-initial elementor-widget elementor-widget-heading\" data-id=\"a9911bf\" data-element_type=\"widget\" data-widget_type=\"heading.default\">\n\t\t\t\t<div class=\"elementor-widget-container\">\n\t\t\t\t\t<h2 class=\"elementor-heading-title elementor-size-default\">A real photo studio<\/h2>\t\t\t\t<\/div>\n\t\t\t\t<\/div>\n\t\t\t\t<div class=\"elementor-element elementor-element-e959636 elementor-widget__width-initial elementor-widget elementor-widget-text-editor\" data-id=\"e959636\" data-element_type=\"widget\" data-widget_type=\"text-editor.default\">\n\t\t\t\t<div class=\"elementor-widget-container\">\n\t\t\t\t\t\t\t\t\t<p>In the evening, I offer a service that&#8217;s unusual in wedding photography: the photo studio. Consisting of a backdrop and two torches (Elinchrom D-Lite RX4) fitted with softboxes, this set-up has the dual advantage of producing classy, elegant Harcourt-inspired photos and more offbeat evening shots with as many people as possible. With this formula, not only do I guarantee my clients top-quality evening photos (which is rarely the case in a low-light context), but I also provide entertainment that&#8217;s sure to get the dancefloor going. Especially if your guests give in to the siren call of masquerade costume.   <\/p>\n\t\t\t\t\t\t\t\t<\/div>\n\t\t\t\t<\/div>\n\t\t\t\t<\/div>\n\t\t<div class=\"elementor-element elementor-element-7ce7309 e-con-full e-flex e-con e-parent\" data-id=\"7ce7309\" data-element_type=\"container\">\n\t\t<div class=\"elementor-element elementor-element-e301303 e-con-full e-flex e-con e-child\" data-id=\"e301303\" data-element_type=\"container\">\n\t\t\t\t<div class=\"elementor-element elementor-element-02cf9a3 elementor-widget elementor-widget-image\" data-id=\"02cf9a3\" data-element_type=\"widget\" data-widget_type=\"image.default\">\n\t\t\t\t<div class=\"elementor-widget-container\">\n\t\t\t\t\t\t\t\t\t\t\t\t\t\t\t<img decoding=\"async\" width=\"2200\" height=\"1467\" src=\"https:\/\/lesnocesdeflorent.fr\/wp-content\/uploads\/2024\/10\/Mariage-Celine-Didier-Studio-66.jpg\" class=\"attachment-full size-full wp-image-3686\" alt=\"Photographe mariage La Rochelle\" srcset=\"https:\/\/lesnocesdeflorent.fr\/wp-content\/uploads\/2024\/10\/Mariage-Celine-Didier-Studio-66.jpg 2200w, https:\/\/lesnocesdeflorent.fr\/wp-content\/uploads\/2024\/10\/Mariage-Celine-Didier-Studio-66-300x200.jpg 300w, https:\/\/lesnocesdeflorent.fr\/wp-content\/uploads\/2024\/10\/Mariage-Celine-Didier-Studio-66-1024x683.jpg 1024w, https:\/\/lesnocesdeflorent.fr\/wp-content\/uploads\/2024\/10\/Mariage-Celine-Didier-Studio-66-768x512.jpg 768w, https:\/\/lesnocesdeflorent.fr\/wp-content\/uploads\/2024\/10\/Mariage-Celine-Didier-Studio-66-1536x1024.jpg 1536w, https:\/\/lesnocesdeflorent.fr\/wp-content\/uploads\/2024\/10\/Mariage-Celine-Didier-Studio-66-2048x1366.jpg 2048w\" sizes=\"(max-width: 2200px) 100vw, 2200px\" \/>\t\t\t\t\t\t\t\t\t\t\t\t\t\t\t<\/div>\n\t\t\t\t<\/div>\n\t\t\t\t<\/div>\n\t\t\t\t<\/div>\n\t\t<div class=\"elementor-element elementor-element-a2d29d8 e-flex e-con-boxed e-con e-parent\" data-id=\"a2d29d8\" data-element_type=\"container\" data-settings=\"{&quot;background_background&quot;:&quot;classic&quot;}\">\n\t\t\t\t\t<div class=\"e-con-inner\">\n\t\t\t\t<div class=\"elementor-element elementor-element-06279f0 elementor-widget elementor-widget-heading\" data-id=\"06279f0\" data-element_type=\"widget\" data-widget_type=\"heading.default\">\n\t\t\t\t<div class=\"elementor-widget-container\">\n\t\t\t\t\t<h2 class=\"elementor-heading-title elementor-size-default\">instagram<\/h2>\t\t\t\t<\/div>\n\t\t\t\t<\/div>\n\t\t\t\t<div class=\"elementor-element elementor-element-5ff6628 elementor-shape-rounded elementor-grid-0 e-grid-align-center elementor-widget elementor-widget-social-icons\" data-id=\"5ff6628\" data-element_type=\"widget\" data-widget_type=\"social-icons.default\">\n\t\t\t\t<div class=\"elementor-widget-container\">\n\t\t\t\t\t\t\t<div class=\"elementor-social-icons-wrapper elementor-grid\">\n\t\t\t\t\t\t\t<span class=\"elementor-grid-item\">\n\t\t\t\t\t<a class=\"elementor-icon elementor-social-icon elementor-social-icon-instagram elementor-repeater-item-6083baf\" target=\"_blank\">\n\t\t\t\t\t\t<span class=\"elementor-screen-only\">Instagram<\/span>\n\t\t\t\t\t\t<i class=\"fab fa-instagram\"><\/i>\t\t\t\t\t<\/a>\n\t\t\t\t<\/span>\n\t\t\t\t\t<\/div>\n\t\t\t\t\t\t<\/div>\n\t\t\t\t<\/div>\n\t\t\t\t<div class=\"elementor-element elementor-element-fde1b49 elementor-widget elementor-widget-text-editor\" data-id=\"fde1b49\" data-element_type=\"widget\" data-widget_type=\"text-editor.default\">\n\t\t\t\t<div class=\"elementor-widget-container\">\n\t\t\t\t\t\t\t\t\t<p><span class=\"has-inline-font\" style=\"color: #ffffff;\"><a style=\"color: #ffffff;\" href=\"https:\/\/www.instagram.com\/lesnocesdeflorent\/?hl=fr\" target=\"_self\">#lesnocesdeflorent<\/a><\/span><\/p>\n\t\t\t\t\t\t\t\t<\/div>\n\t\t\t\t<\/div>\n\t\t\t\t\t<\/div>\n\t\t\t\t<\/div>\n\t\t\t\t<\/div>\n\t\t","protected":false},"excerpt":{"rendered":"<p>photo gallery: capture your fondest memories As a wedding photographer working between Poitiers and La Rochelle, I make a point of meeting future brides and grooms, either face-to-face or by video, to get a clear idea of their expectations and make sure the feeling is right on both sides, before committing to a shoot. Indeed, [&hellip;]<\/p>\n","protected":false},"author":1,"featured_media":0,"parent":0,"menu_order":0,"comment_status":"closed","ping_status":"closed","template":"","meta":{"footnotes":""},"class_list":["post-6254","page","type-page","status-publish","hentry"],"yoast_head":"<!-- This site is optimized with the Yoast SEO plugin v24.4 - https:\/\/yoast.com\/wordpress\/plugins\/seo\/ -->\n<title>Wedding photographer Poitiers | Photo gallery<\/title>\n<meta name=\"description\" content=\"Wedding photographer between Poitiers and La Rochelle, Les Noces de Florent captures the most beautiful memories of your big day.\" \/>\n<meta name=\"robots\" content=\"index, follow, max-snippet:-1, max-image-preview:large, max-video-preview:-1\" \/>\n<link rel=\"canonical\" href=\"https:\/\/lesnocesdeflorent.fr\/en\/photo\/\" \/>\n<meta property=\"og:locale\" content=\"en_US\" \/>\n<meta property=\"og:type\" content=\"article\" \/>\n<meta property=\"og:title\" content=\"Wedding photographer Poitiers | Photo gallery\" \/>\n<meta property=\"og:description\" content=\"Wedding photographer between Poitiers and La Rochelle, Les Noces de Florent captures the most beautiful memories of your big day.\" \/>\n<meta property=\"og:url\" content=\"https:\/\/lesnocesdeflorent.fr\/en\/photo\/\" \/>\n<meta property=\"og:site_name\" content=\"Les noces de Florent\" \/>\n<meta property=\"article:modified_time\" content=\"2025-02-05T21:13:49+00:00\" \/>\n<meta property=\"og:image\" content=\"https:\/\/lesnocesdeflorent.fr\/wp-content\/uploads\/2024\/08\/Karen-Maurits-wedding-520.jpg\" \/>\n\t<meta property=\"og:image:width\" content=\"1100\" \/>\n\t<meta property=\"og:image:height\" content=\"734\" \/>\n\t<meta property=\"og:image:type\" content=\"image\/jpeg\" \/>\n<meta name=\"twitter:card\" content=\"summary_large_image\" \/>\n<meta name=\"twitter:label1\" content=\"Est. reading time\" \/>\n\t<meta name=\"twitter:data1\" content=\"1 minute\" \/>\n<script type=\"application\/ld+json\" class=\"yoast-schema-graph\">{\"@context\":\"https:\/\/schema.org\",\"@graph\":[{\"@type\":\"WebPage\",\"@id\":\"https:\/\/lesnocesdeflorent.fr\/en\/photo\/\",\"url\":\"https:\/\/lesnocesdeflorent.fr\/en\/photo\/\",\"name\":\"Wedding photographer Poitiers | Photo gallery\",\"isPartOf\":{\"@id\":\"https:\/\/lesnocesdeflorent.fr\/en\/#website\"},\"primaryImageOfPage\":{\"@id\":\"https:\/\/lesnocesdeflorent.fr\/en\/photo\/#primaryimage\"},\"image\":{\"@id\":\"https:\/\/lesnocesdeflorent.fr\/en\/photo\/#primaryimage\"},\"thumbnailUrl\":\"https:\/\/lesnocesdeflorent.fr\/wp-content\/uploads\/2024\/08\/Karen-Maurits-wedding-520.jpg\",\"datePublished\":\"2025-01-07T13:54:24+00:00\",\"dateModified\":\"2025-02-05T21:13:49+00:00\",\"description\":\"Wedding photographer between Poitiers and La Rochelle, Les Noces de Florent captures the most beautiful memories of your big day.\",\"breadcrumb\":{\"@id\":\"https:\/\/lesnocesdeflorent.fr\/en\/photo\/#breadcrumb\"},\"inLanguage\":\"en-US\",\"potentialAction\":[{\"@type\":\"ReadAction\",\"target\":[\"https:\/\/lesnocesdeflorent.fr\/en\/photo\/\"]}]},{\"@type\":\"ImageObject\",\"inLanguage\":\"en-US\",\"@id\":\"https:\/\/lesnocesdeflorent.fr\/en\/photo\/#primaryimage\",\"url\":\"https:\/\/lesnocesdeflorent.fr\/wp-content\/uploads\/2024\/08\/Karen-Maurits-wedding-520.jpg\",\"contentUrl\":\"https:\/\/lesnocesdeflorent.fr\/wp-content\/uploads\/2024\/08\/Karen-Maurits-wedding-520.jpg\"},{\"@type\":\"BreadcrumbList\",\"@id\":\"https:\/\/lesnocesdeflorent.fr\/en\/photo\/#breadcrumb\",\"itemListElement\":[{\"@type\":\"ListItem\",\"position\":1,\"name\":\"Accueil\",\"item\":\"https:\/\/lesnocesdeflorent.fr\/en\/home\/\"},{\"@type\":\"ListItem\",\"position\":2,\"name\":\"Photo\"}]},{\"@type\":\"WebSite\",\"@id\":\"https:\/\/lesnocesdeflorent.fr\/en\/#website\",\"url\":\"https:\/\/lesnocesdeflorent.fr\/en\/\",\"name\":\"Les noces de Florent\",\"description\":\"Photographe bas\u00e9 \u00e0 Poitiers, je vous accompagne en toute discr\u00e9tion  pour capturer vos instants de joie, saisis sur le vif.\",\"publisher\":{\"@id\":\"https:\/\/lesnocesdeflorent.fr\/en\/#organization\"},\"potentialAction\":[{\"@type\":\"SearchAction\",\"target\":{\"@type\":\"EntryPoint\",\"urlTemplate\":\"https:\/\/lesnocesdeflorent.fr\/en\/?s={search_term_string}\"},\"query-input\":{\"@type\":\"PropertyValueSpecification\",\"valueRequired\":true,\"valueName\":\"search_term_string\"}}],\"inLanguage\":\"en-US\"},{\"@type\":\"Organization\",\"@id\":\"https:\/\/lesnocesdeflorent.fr\/en\/#organization\",\"name\":\"Les noces de Florent\",\"url\":\"https:\/\/lesnocesdeflorent.fr\/en\/\",\"logo\":{\"@type\":\"ImageObject\",\"inLanguage\":\"en-US\",\"@id\":\"https:\/\/lesnocesdeflorent.fr\/en\/#\/schema\/logo\/image\/\",\"url\":\"https:\/\/lesnocesdeflorent.fr\/wp-content\/uploads\/2022\/09\/Logo_1.png\",\"contentUrl\":\"https:\/\/lesnocesdeflorent.fr\/wp-content\/uploads\/2022\/09\/Logo_1.png\",\"width\":231,\"height\":88,\"caption\":\"Les noces de Florent\"},\"image\":{\"@id\":\"https:\/\/lesnocesdeflorent.fr\/en\/#\/schema\/logo\/image\/\"}}]}<\/script>\n<!-- \/ Yoast SEO plugin. -->","yoast_head_json":{"title":"Wedding photographer Poitiers | Photo gallery","description":"Wedding photographer between Poitiers and La Rochelle, Les Noces de Florent captures the most beautiful memories of your big day.","robots":{"index":"index","follow":"follow","max-snippet":"max-snippet:-1","max-image-preview":"max-image-preview:large","max-video-preview":"max-video-preview:-1"},"canonical":"https:\/\/lesnocesdeflorent.fr\/en\/photo\/","og_locale":"en_US","og_type":"article","og_title":"Wedding photographer Poitiers | Photo gallery","og_description":"Wedding photographer between Poitiers and La Rochelle, Les Noces de Florent captures the most beautiful memories of your big day.","og_url":"https:\/\/lesnocesdeflorent.fr\/en\/photo\/","og_site_name":"Les noces de Florent","article_modified_time":"2025-02-05T21:13:49+00:00","og_image":[{"width":1100,"height":734,"url":"https:\/\/lesnocesdeflorent.fr\/wp-content\/uploads\/2024\/08\/Karen-Maurits-wedding-520.jpg","type":"image\/jpeg"}],"twitter_card":"summary_large_image","twitter_misc":{"Est. reading time":"1 minute"},"schema":{"@context":"https:\/\/schema.org","@graph":[{"@type":"WebPage","@id":"https:\/\/lesnocesdeflorent.fr\/en\/photo\/","url":"https:\/\/lesnocesdeflorent.fr\/en\/photo\/","name":"Wedding photographer Poitiers | Photo gallery","isPartOf":{"@id":"https:\/\/lesnocesdeflorent.fr\/en\/#website"},"primaryImageOfPage":{"@id":"https:\/\/lesnocesdeflorent.fr\/en\/photo\/#primaryimage"},"image":{"@id":"https:\/\/lesnocesdeflorent.fr\/en\/photo\/#primaryimage"},"thumbnailUrl":"https:\/\/lesnocesdeflorent.fr\/wp-content\/uploads\/2024\/08\/Karen-Maurits-wedding-520.jpg","datePublished":"2025-01-07T13:54:24+00:00","dateModified":"2025-02-05T21:13:49+00:00","description":"Wedding photographer between Poitiers and La Rochelle, Les Noces de Florent captures the most beautiful memories of your big day.","breadcrumb":{"@id":"https:\/\/lesnocesdeflorent.fr\/en\/photo\/#breadcrumb"},"inLanguage":"en-US","potentialAction":[{"@type":"ReadAction","target":["https:\/\/lesnocesdeflorent.fr\/en\/photo\/"]}]},{"@type":"ImageObject","inLanguage":"en-US","@id":"https:\/\/lesnocesdeflorent.fr\/en\/photo\/#primaryimage","url":"https:\/\/lesnocesdeflorent.fr\/wp-content\/uploads\/2024\/08\/Karen-Maurits-wedding-520.jpg","contentUrl":"https:\/\/lesnocesdeflorent.fr\/wp-content\/uploads\/2024\/08\/Karen-Maurits-wedding-520.jpg"},{"@type":"BreadcrumbList","@id":"https:\/\/lesnocesdeflorent.fr\/en\/photo\/#breadcrumb","itemListElement":[{"@type":"ListItem","position":1,"name":"Accueil","item":"https:\/\/lesnocesdeflorent.fr\/en\/home\/"},{"@type":"ListItem","position":2,"name":"Photo"}]},{"@type":"WebSite","@id":"https:\/\/lesnocesdeflorent.fr\/en\/#website","url":"https:\/\/lesnocesdeflorent.fr\/en\/","name":"Les noces de Florent","description":"Photographe bas\u00e9 \u00e0 Poitiers, je vous accompagne en toute discr\u00e9tion  pour capturer vos instants de joie, saisis sur le vif.","publisher":{"@id":"https:\/\/lesnocesdeflorent.fr\/en\/#organization"},"potentialAction":[{"@type":"SearchAction","target":{"@type":"EntryPoint","urlTemplate":"https:\/\/lesnocesdeflorent.fr\/en\/?s={search_term_string}"},"query-input":{"@type":"PropertyValueSpecification","valueRequired":true,"valueName":"search_term_string"}}],"inLanguage":"en-US"},{"@type":"Organization","@id":"https:\/\/lesnocesdeflorent.fr\/en\/#organization","name":"Les noces de Florent","url":"https:\/\/lesnocesdeflorent.fr\/en\/","logo":{"@type":"ImageObject","inLanguage":"en-US","@id":"https:\/\/lesnocesdeflorent.fr\/en\/#\/schema\/logo\/image\/","url":"https:\/\/lesnocesdeflorent.fr\/wp-content\/uploads\/2022\/09\/Logo_1.png","contentUrl":"https:\/\/lesnocesdeflorent.fr\/wp-content\/uploads\/2022\/09\/Logo_1.png","width":231,"height":88,"caption":"Les noces de Florent"},"image":{"@id":"https:\/\/lesnocesdeflorent.fr\/en\/#\/schema\/logo\/image\/"}}]}},"_links":{"self":[{"href":"https:\/\/lesnocesdeflorent.fr\/en\/wp-json\/wp\/v2\/pages\/6254","targetHints":{"allow":["GET"]}}],"collection":[{"href":"https:\/\/lesnocesdeflorent.fr\/en\/wp-json\/wp\/v2\/pages"}],"about":[{"href":"https:\/\/lesnocesdeflorent.fr\/en\/wp-json\/wp\/v2\/types\/page"}],"author":[{"embeddable":true,"href":"https:\/\/lesnocesdeflorent.fr\/en\/wp-json\/wp\/v2\/users\/1"}],"replies":[{"embeddable":true,"href":"https:\/\/lesnocesdeflorent.fr\/en\/wp-json\/wp\/v2\/comments?post=6254"}],"version-history":[{"count":12,"href":"https:\/\/lesnocesdeflorent.fr\/en\/wp-json\/wp\/v2\/pages\/6254\/revisions"}],"predecessor-version":[{"id":6422,"href":"https:\/\/lesnocesdeflorent.fr\/en\/wp-json\/wp\/v2\/pages\/6254\/revisions\/6422"}],"wp:attachment":[{"href":"https:\/\/lesnocesdeflorent.fr\/en\/wp-json\/wp\/v2\/media?parent=6254"}],"curies":[{"name":"wp","href":"https:\/\/api.w.org\/{rel}","templated":true}]}}